{"id":50340,"date":"2026-04-27T13:28:55","date_gmt":"2026-04-27T11:28:55","guid":{"rendered":"https:\/\/nockultury.pl\/?post_type=mec-events&#038;p=50340"},"modified":"2026-05-14T11:02:10","modified_gmt":"2026-05-14T09:02:10","slug":"perlanocy-freestyle","status":"publish","type":"mec-events","link":"https:\/\/nockultury.pl\/pl\/events\/perlanocy-freestyle\/","title":{"rendered":"Noc w Browarze | Per\u0142a Nocy &#8211; Bitwa Freestyle  | Per\u0142a &#8211; Browary Lubelskie S.A."},"content":{"rendered":"<h2 data-path-to-node=\"34\">Opis<\/h2>\n<p>Tutaj zmierzy\u0107 si\u0119 mog\u0105 ju\u017c tylko wybrani i wybrane. W sz\u00f3st\u0105 noc sz\u00f3stego miesi\u0105ca, sze\u015bcioro nawijaczy i nawijaczek rozp\u0119ta istne piek\u0142o na scenie. Dw\u00f3jka zdobywc\u00f3w lub zdobywczy\u0144 dzikich kart i cztery pere\u0142ki odszukane w Ba\u0142aganie ostatecznie rozstrzygn\u0105, kto zas\u0142uguje na tytu\u0142 prawdziwej per\u0142y freestyle rapu. Nawijacze i nawijaczki utworz\u0105 dwie trzyosobowe grupy. Nast\u0119pnie najlepsz\u0105 czw\u00f3rk\u0119 zobaczymy w p\u00f3\u0142fina\u0142ach, kt\u00f3rych zwyci\u0119zcy i zwyci\u0119\u017cczynie zawalcz\u0105 mi\u0119dzy sob\u0105 o mistrzostwo, tytu\u0142 \u201ePer\u0142y Nocy\u201d i specjaln\u0105 nagrod\u0119 ufundowan\u0105 przez sponsora tytularnego bitwy, Per\u0142\u0119 \u2013 Browary Lubelskie S.A.: 3 tys. z\u0142otych.<\/p>\n<p data-path-to-node=\"35\">Organizatorzy \/ Organizatorki: Zesp\u00f3\u0142 Nocy Kultury<\/p>\n<h2 data-path-to-node=\"36\">Informacje praktyczne<\/h2>\n<p data-path-to-node=\"37\"><b data-path-to-node=\"37\" data-index-in-node=\"0\">Kiedy:<\/b> 6\/7 czerwca 2026, 21.00-22:30<\/p>\n<p data-path-to-node=\"38\"><b data-path-to-node=\"38\" data-index-in-node=\"0\">Gdzie:<\/b> Per\u0142a \u2013 Browary Lubelskie S.A., Bernardy\u0144ska 15<\/p>\n<p data-path-to-node=\"39\">Wst\u0119p wolny<\/p>\n<h2 data-path-to-node=\"6\">Dost\u0119pno\u015b\u0107<\/h2>\n<p data-path-to-node=\"6\"><strong><img decoding=\"async\" class=\"lazyload size-full wp-image-49286 alignleft\" src=\"data:image\/svg+xml,%3Csvg%20xmlns%3D%27http%3A%2F%2Fwww.w3.org%2F2000%2Fsvg%27%20width%3D%2727%27%20height%3D%2732%27%20viewBox%3D%270%200%2027%2032%27%3E%3Crect%20width%3D%2727%27%20height%3D%2732%27%20fill-opacity%3D%220%22%2F%3E%3C%2Fsvg%3E\" data-orig-src=\"https:\/\/nockultury.pl\/wp-content\/uploads\/2025\/05\/B_ikonki_wozek_32.png\" alt=\"logo\" width=\"27\" height=\"32\">architektoniczna:<\/strong>&nbsp;Na wydarzenia odbywaj\u0105ce si\u0119 na otwartym terenie Browaru Per\u0142a prowadz\u0105 strome drogi wy\u0142o\u017cone r\u00f3wn\u0105 kostk\u0105. Seanse kinowe s\u0105 w miejscu dost\u0119pnym dla os\u00f3b o utrudnionym poruszaniu si\u0105. Wydarzenia odbywaj\u0105ce si\u0119 w budynkach Browaru s\u0105 niedost\u0119pne poniewa\u017c prowadz\u0105 do nich schody.<\/p>\n<p data-path-to-node=\"6\">mo\u017cliwy odbi\u00f3r bez widzenia<\/p>\n<h2 data-path-to-node=\"6\">SPONSOR TYTULARNY<br \/>\n<img decoding=\"async\" class=\"lazyload aligncenter size-full wp-image-50107\" src=\"https:\/\/nockultury.pl\/wp-content\/uploads\/2026\/04\/perla-1.png\" data-orig-src=\"https:\/\/nockultury.pl\/wp-content\/uploads\/2026\/04\/perla-1.png\" alt=\"\" width=\"400\" height=\"233\" srcset=\"data:image\/svg+xml,%3Csvg%20xmlns%3D%27http%3A%2F%2Fwww.w3.org%2F2000%2Fsvg%27%20width%3D%27400%27%20height%3D%27233%27%20viewBox%3D%270%200%20400%20233%27%3E%3Crect%20width%3D%27400%27%20height%3D%27233%27%20fill-opacity%3D%220%22%2F%3E%3C%2Fsvg%3E\" data-srcset=\"https:\/\/nockultury.pl\/wp-content\/uploads\/2026\/04\/perla-1-200x117.png 200w, https:\/\/nockultury.pl\/wp-content\/uploads\/2026\/04\/perla-1-300x175.png 300w, https:\/\/nockultury.pl\/wp-content\/uploads\/2026\/04\/perla-1.png 400w\" data-sizes=\"auto\" data-orig-sizes=\"(max-width: 400px) 100vw, 400px\" \/><\/h2>\n","protected":false},"excerpt":{"rendered":"<p>Opis Tutaj zmierzy\u0107 si\u0119 mog\u0105 ju\u017c tylko wybrani i wybrane.  [&#8230;]<\/p>\n","protected":false},"author":1,"featured_media":0,"comment_status":"closed","ping_status":"closed","template":"","meta":{"_acf_changed":false,"ngg_post_thumbnail":0},"tags":[],"miejsce_nk":[594],"godzina_startu_nk":[12],"dostepnosc_nk":[961],"kategoria_nk":[85],"edycja_nk":[1266],"mec_category":[84],"class_list":["post-50340","mec-events","type-mec-events","status-publish","hentry","miejsce_nk-srodmiescie","godzina_startu_nk-12","dostepnosc_nk-osoby-z-niepelnosprawnosciami-wzroku","kategoria_nk-muzyka","edycja_nk-1266","mec_category-muzyka"],"acf":[],"yoast_head":"<!-- This site is optimized with the Yoast SEO plugin v26.1.1 - https:\/\/yoast.com\/wordpress\/plugins\/seo\/ -->\n<title>Bitwa o Per\u0142\u0119 Nocy - Fina\u0142owa potyczka! | Per\u0142a - Browary Lubelskie S.A.<\/title>\n<meta name=\"description\" content=\"Dw\u00f3jka zdobywc\u00f3w lub zdobywczy\u0144 dzikich kart i cztery pere\u0142ki odszukane w Ba\u0142aganie ostatecznie rozstrzygn\u0105, kto zas\u0142uguje na tytu\u0142 prawdziwej per\u0142y freestyle rapu\" \/>\n<meta name=\"robots\" content=\"index, follow, max-snippet:-1, max-image-preview:large, max-video-preview:-1\" \/>\n<link rel=\"canonical\" href=\"https:\/\/nockultury.pl\/pl\/events\/perlanocy-freestyle\/\" \/>\n<meta property=\"og:locale\" content=\"pl_PL\" \/>\n<meta property=\"og:type\" content=\"article\" \/>\n<meta property=\"og:title\" content=\"Bitwa o Per\u0142\u0119 Nocy - Fina\u0142owa potyczka! | Per\u0142a - Browary Lubelskie S.A.\" \/>\n<meta property=\"og:description\" content=\"Dw\u00f3jka zdobywc\u00f3w lub zdobywczy\u0144 dzikich kart i cztery pere\u0142ki odszukane w Ba\u0142aganie ostatecznie rozstrzygn\u0105, kto zas\u0142uguje na tytu\u0142 prawdziwej per\u0142y freestyle rapu\" \/>\n<meta property=\"og:url\" content=\"https:\/\/nockultury.pl\/pl\/events\/perlanocy-freestyle\/\" \/>\n<meta property=\"og:site_name\" content=\"Noc Kultury\" \/>\n<meta property=\"article:publisher\" content=\"https:\/\/www.facebook.com\/NocKultury\/\" \/>\n<meta property=\"article:modified_time\" content=\"2026-05-14T09:02:10+00:00\" \/>\n<meta property=\"og:image\" content=\"https:\/\/nockultury.pl\/wp-content\/uploads\/2025\/05\/B_ikonki_wozek_32.png\" \/>\n\t<meta property=\"og:image:width\" content=\"27\" \/>\n\t<meta property=\"og:image:height\" content=\"32\" \/>\n\t<meta property=\"og:image:type\" content=\"image\/png\" \/>\n<meta name=\"twitter:card\" content=\"summary_large_image\" \/>\n<meta name=\"twitter:label1\" content=\"Szacowany czas czytania\" \/>\n\t<meta name=\"twitter:data1\" content=\"2 minuty\" \/>\n<script type=\"application\/ld+json\" class=\"yoast-schema-graph\">{\"@context\":\"https:\/\/schema.org\",\"@graph\":[{\"@type\":\"WebPage\",\"@id\":\"https:\/\/nockultury.pl\/pl\/events\/perlanocy-freestyle\/\",\"url\":\"https:\/\/nockultury.pl\/pl\/events\/perlanocy-freestyle\/\",\"name\":\"Bitwa o Per\u0142\u0119 Nocy - Fina\u0142owa potyczka! | Per\u0142a - Browary Lubelskie S.A.\",\"isPartOf\":{\"@id\":\"https:\/\/nockultury.pl\/pl\/#website\"},\"primaryImageOfPage\":{\"@id\":\"https:\/\/nockultury.pl\/pl\/events\/perlanocy-freestyle\/#primaryimage\"},\"image\":{\"@id\":\"https:\/\/nockultury.pl\/pl\/events\/perlanocy-freestyle\/#primaryimage\"},\"thumbnailUrl\":\"https:\/\/nockultury.pl\/wp-content\/uploads\/2025\/05\/B_ikonki_wozek_32.png\",\"datePublished\":\"2026-04-27T11:28:55+00:00\",\"dateModified\":\"2026-05-14T09:02:10+00:00\",\"description\":\"Dw\u00f3jka zdobywc\u00f3w lub zdobywczy\u0144 dzikich kart i cztery pere\u0142ki odszukane w Ba\u0142aganie ostatecznie rozstrzygn\u0105, kto zas\u0142uguje na tytu\u0142 prawdziwej per\u0142y freestyle rapu\",\"breadcrumb\":{\"@id\":\"https:\/\/nockultury.pl\/pl\/events\/perlanocy-freestyle\/#breadcrumb\"},\"inLanguage\":\"pl-PL\",\"potentialAction\":[{\"@type\":\"ReadAction\",\"target\":[\"https:\/\/nockultury.pl\/pl\/events\/perlanocy-freestyle\/\"]}]},{\"@type\":\"ImageObject\",\"inLanguage\":\"pl-PL\",\"@id\":\"https:\/\/nockultury.pl\/pl\/events\/perlanocy-freestyle\/#primaryimage\",\"url\":\"https:\/\/nockultury.pl\/wp-content\/uploads\/2025\/05\/B_ikonki_wozek_32.png\",\"contentUrl\":\"https:\/\/nockultury.pl\/wp-content\/uploads\/2025\/05\/B_ikonki_wozek_32.png\"},{\"@type\":\"BreadcrumbList\",\"@id\":\"https:\/\/nockultury.pl\/pl\/events\/perlanocy-freestyle\/#breadcrumb\",\"itemListElement\":[{\"@type\":\"ListItem\",\"position\":1,\"name\":\"Strona g\u0142\u00f3wna\",\"item\":\"https:\/\/nockultury.pl\/pl\/\"},{\"@type\":\"ListItem\",\"position\":2,\"name\":\"Wydarzenia\",\"item\":\"https:\/\/nockultury.pl\/pl\/events\/\"},{\"@type\":\"ListItem\",\"position\":3,\"name\":\"Noc w Browarze | Per\u0142a Nocy &#8211; Bitwa Freestyle | Per\u0142a &#8211; Browary Lubelskie S.A.\"}]},{\"@type\":\"WebSite\",\"@id\":\"https:\/\/nockultury.pl\/pl\/#website\",\"url\":\"https:\/\/nockultury.pl\/pl\/\",\"name\":\"Noc Kultury\",\"description\":\"Lublin, Stare Miasto | wst\u0119p wolny\",\"publisher\":{\"@id\":\"https:\/\/nockultury.pl\/pl\/#organization\"},\"potentialAction\":[{\"@type\":\"SearchAction\",\"target\":{\"@type\":\"EntryPoint\",\"urlTemplate\":\"https:\/\/nockultury.pl\/pl\/?s={search_term_string}\"},\"query-input\":{\"@type\":\"PropertyValueSpecification\",\"valueRequired\":true,\"valueName\":\"search_term_string\"}}],\"inLanguage\":\"pl-PL\"},{\"@type\":\"Organization\",\"@id\":\"https:\/\/nockultury.pl\/pl\/#organization\",\"name\":\"Warsztaty Kultury w Lublinie\",\"url\":\"https:\/\/nockultury.pl\/pl\/\",\"logo\":{\"@type\":\"ImageObject\",\"inLanguage\":\"pl-PL\",\"@id\":\"https:\/\/nockultury.pl\/pl\/#\/schema\/logo\/image\/\",\"url\":\"https:\/\/nockultury.pl\/wp-content\/uploads\/2020\/03\/NOC-KULTURY-LOGO-170.jpg\",\"contentUrl\":\"https:\/\/nockultury.pl\/wp-content\/uploads\/2020\/03\/NOC-KULTURY-LOGO-170.jpg\",\"width\":170,\"height\":79,\"caption\":\"Warsztaty Kultury w Lublinie\"},\"image\":{\"@id\":\"https:\/\/nockultury.pl\/pl\/#\/schema\/logo\/image\/\"},\"sameAs\":[\"https:\/\/www.facebook.com\/NocKultury\/\",\"https:\/\/www.instagram.com\/nockultury\/\",\"https:\/\/www.youtube.com\/@videonockultury\"]}]}<\/script>\n<!-- \/ Yoast SEO plugin. -->","yoast_head_json":{"title":"Bitwa o Per\u0142\u0119 Nocy - Fina\u0142owa potyczka! | Per\u0142a - Browary Lubelskie S.A.","description":"Dw\u00f3jka zdobywc\u00f3w lub zdobywczy\u0144 dzikich kart i cztery pere\u0142ki odszukane w Ba\u0142aganie ostatecznie rozstrzygn\u0105, kto zas\u0142uguje na tytu\u0142 prawdziwej per\u0142y freestyle rapu","robots":{"index":"index","follow":"follow","max-snippet":"max-snippet:-1","max-image-preview":"max-image-preview:large","max-video-preview":"max-video-preview:-1"},"canonical":"https:\/\/nockultury.pl\/pl\/events\/perlanocy-freestyle\/","og_locale":"pl_PL","og_type":"article","og_title":"Bitwa o Per\u0142\u0119 Nocy - Fina\u0142owa potyczka! | Per\u0142a - Browary Lubelskie S.A.","og_description":"Dw\u00f3jka zdobywc\u00f3w lub zdobywczy\u0144 dzikich kart i cztery pere\u0142ki odszukane w Ba\u0142aganie ostatecznie rozstrzygn\u0105, kto zas\u0142uguje na tytu\u0142 prawdziwej per\u0142y freestyle rapu","og_url":"https:\/\/nockultury.pl\/pl\/events\/perlanocy-freestyle\/","og_site_name":"Noc Kultury","article_publisher":"https:\/\/www.facebook.com\/NocKultury\/","article_modified_time":"2026-05-14T09:02:10+00:00","og_image":[{"width":27,"height":32,"url":"https:\/\/nockultury.pl\/wp-content\/uploads\/2025\/05\/B_ikonki_wozek_32.png","type":"image\/png"}],"twitter_card":"summary_large_image","twitter_misc":{"Szacowany czas czytania":"2 minuty"},"schema":{"@context":"https:\/\/schema.org","@graph":[{"@type":"WebPage","@id":"https:\/\/nockultury.pl\/pl\/events\/perlanocy-freestyle\/","url":"https:\/\/nockultury.pl\/pl\/events\/perlanocy-freestyle\/","name":"Bitwa o Per\u0142\u0119 Nocy - Fina\u0142owa potyczka! | Per\u0142a - Browary Lubelskie S.A.","isPartOf":{"@id":"https:\/\/nockultury.pl\/pl\/#website"},"primaryImageOfPage":{"@id":"https:\/\/nockultury.pl\/pl\/events\/perlanocy-freestyle\/#primaryimage"},"image":{"@id":"https:\/\/nockultury.pl\/pl\/events\/perlanocy-freestyle\/#primaryimage"},"thumbnailUrl":"https:\/\/nockultury.pl\/wp-content\/uploads\/2025\/05\/B_ikonki_wozek_32.png","datePublished":"2026-04-27T11:28:55+00:00","dateModified":"2026-05-14T09:02:10+00:00","description":"Dw\u00f3jka zdobywc\u00f3w lub zdobywczy\u0144 dzikich kart i cztery pere\u0142ki odszukane w Ba\u0142aganie ostatecznie rozstrzygn\u0105, kto zas\u0142uguje na tytu\u0142 prawdziwej per\u0142y freestyle rapu","breadcrumb":{"@id":"https:\/\/nockultury.pl\/pl\/events\/perlanocy-freestyle\/#breadcrumb"},"inLanguage":"pl-PL","potentialAction":[{"@type":"ReadAction","target":["https:\/\/nockultury.pl\/pl\/events\/perlanocy-freestyle\/"]}]},{"@type":"ImageObject","inLanguage":"pl-PL","@id":"https:\/\/nockultury.pl\/pl\/events\/perlanocy-freestyle\/#primaryimage","url":"https:\/\/nockultury.pl\/wp-content\/uploads\/2025\/05\/B_ikonki_wozek_32.png","contentUrl":"https:\/\/nockultury.pl\/wp-content\/uploads\/2025\/05\/B_ikonki_wozek_32.png"},{"@type":"BreadcrumbList","@id":"https:\/\/nockultury.pl\/pl\/events\/perlanocy-freestyle\/#breadcrumb","itemListElement":[{"@type":"ListItem","position":1,"name":"Strona g\u0142\u00f3wna","item":"https:\/\/nockultury.pl\/pl\/"},{"@type":"ListItem","position":2,"name":"Wydarzenia","item":"https:\/\/nockultury.pl\/pl\/events\/"},{"@type":"ListItem","position":3,"name":"Noc w Browarze | Per\u0142a Nocy &#8211; Bitwa Freestyle | Per\u0142a &#8211; Browary Lubelskie S.A."}]},{"@type":"WebSite","@id":"https:\/\/nockultury.pl\/pl\/#website","url":"https:\/\/nockultury.pl\/pl\/","name":"Noc Kultury","description":"Lublin, Stare Miasto | wst\u0119p wolny","publisher":{"@id":"https:\/\/nockultury.pl\/pl\/#organization"},"potentialAction":[{"@type":"SearchAction","target":{"@type":"EntryPoint","urlTemplate":"https:\/\/nockultury.pl\/pl\/?s={search_term_string}"},"query-input":{"@type":"PropertyValueSpecification","valueRequired":true,"valueName":"search_term_string"}}],"inLanguage":"pl-PL"},{"@type":"Organization","@id":"https:\/\/nockultury.pl\/pl\/#organization","name":"Warsztaty Kultury w Lublinie","url":"https:\/\/nockultury.pl\/pl\/","logo":{"@type":"ImageObject","inLanguage":"pl-PL","@id":"https:\/\/nockultury.pl\/pl\/#\/schema\/logo\/image\/","url":"https:\/\/nockultury.pl\/wp-content\/uploads\/2020\/03\/NOC-KULTURY-LOGO-170.jpg","contentUrl":"https:\/\/nockultury.pl\/wp-content\/uploads\/2020\/03\/NOC-KULTURY-LOGO-170.jpg","width":170,"height":79,"caption":"Warsztaty Kultury w Lublinie"},"image":{"@id":"https:\/\/nockultury.pl\/pl\/#\/schema\/logo\/image\/"},"sameAs":["https:\/\/www.facebook.com\/NocKultury\/","https:\/\/www.instagram.com\/nockultury\/","https:\/\/www.youtube.com\/@videonockultury"]}]}},"_links":{"self":[{"href":"https:\/\/nockultury.pl\/pl\/wp-json\/wp\/v2\/mec-events\/50340","targetHints":{"allow":["GET"]}}],"collection":[{"href":"https:\/\/nockultury.pl\/pl\/wp-json\/wp\/v2\/mec-events"}],"about":[{"href":"https:\/\/nockultury.pl\/pl\/wp-json\/wp\/v2\/types\/mec-events"}],"author":[{"embeddable":true,"href":"https:\/\/nockultury.pl\/pl\/wp-json\/wp\/v2\/users\/1"}],"replies":[{"embeddable":true,"href":"https:\/\/nockultury.pl\/pl\/wp-json\/wp\/v2\/comments?post=50340"}],"wp:attachment":[{"href":"https:\/\/nockultury.pl\/pl\/wp-json\/wp\/v2\/media?parent=50340"}],"wp:term":[{"taxonomy":"post_tag","embeddable":true,"href":"https:\/\/nockultury.pl\/pl\/wp-json\/wp\/v2\/tags?post=50340"},{"taxonomy":"miejsce_nk","embeddable":true,"href":"https:\/\/nockultury.pl\/pl\/wp-json\/wp\/v2\/miejsce_nk?post=50340"},{"taxonomy":"godzina_startu_nk","embeddable":true,"href":"https:\/\/nockultury.pl\/pl\/wp-json\/wp\/v2\/godzina_startu_nk?post=50340"},{"taxonomy":"dostepnosc_nk","embeddable":true,"href":"https:\/\/nockultury.pl\/pl\/wp-json\/wp\/v2\/dostepnosc_nk?post=50340"},{"taxonomy":"kategoria_nk","embeddable":true,"href":"https:\/\/nockultury.pl\/pl\/wp-json\/wp\/v2\/kategoria_nk?post=50340"},{"taxonomy":"edycja_nk","embeddable":true,"href":"https:\/\/nockultury.pl\/pl\/wp-json\/wp\/v2\/edycja_nk?post=50340"},{"taxonomy":"mec_category","embeddable":true,"href":"https:\/\/nockultury.pl\/pl\/wp-json\/wp\/v2\/mec_category?post=50340"}],"curies":[{"name":"wp","href":"https:\/\/api.w.org\/{rel}","templated":true}]}}