{"id":50575,"date":"2026-04-28T17:52:27","date_gmt":"2026-04-28T15:52:27","guid":{"rendered":"https:\/\/nockultury.pl\/?post_type=mec-events&#038;p=50575"},"modified":"2026-05-26T15:56:26","modified_gmt":"2026-05-26T13:56:26","slug":"wyobrazony-swiat-glebin","status":"publish","type":"mec-events","link":"https:\/\/nockultury.pl\/pl\/events\/wyobrazony-swiat-glebin\/","title":{"rendered":"Wyobra\u017cony \u015bwiat g\u0142\u0119bin | instalacja studentek i student\u00f3w | Wydzia\u0142 Artystyczny UMCS, pod kier. dr hab. Barbary Ni\u015bcior"},"content":{"rendered":"<h2>Opis<\/h2>\n<p>Wyobra\u017cony \u015bwiat g\u0142\u0119bin, w kt\u00f3rym granice mi\u0119dzy l\u0105dem a wod\u0105 ulegaj\u0105 zatarciu. Tu ryby p\u0142ywaj\u0105 mi\u0119dzy drzewami, w trawie chowaj\u0105 si\u0119 je\u017cowce, a na drzewach i murach wyrastaj\u0105 koralowce. Przyjd\u017a i zanurz si\u0119 w sennej rzeczywisto\u015bci!<\/p>\n<p>Koordynatorka: Kseniia Ozerianova<\/p>\n<p>Autorzy\/autorki:\u00a0 Agata Paj\u0105czek, Aleksandra Hryciuk, Anastasia Bogushevich, Anna Dubaj, Anna Karpi\u0144ska, Anna Kubicka, Antonina Tucker, Daiana Suproniuk, Dante Bomba, Daria Waszczuk, Daria Zi\u0119ba, Eugenia Kuliba, Ewa Wachowicz, Gabriel G\u0105sior, Hanna Janicka, Iga Zdrojewska, Izabela G\u00f3rnik, Julia Czach\u00f3r, Karolina Bronisz, Karolina Piasecka, Karolina Zwierzchowska, Katarzyna Kowalczyk, Krystian Kruk, Kseniia Ozerianova, Maciej Matyjaszek, Magdalena Baka, Magdalena Ciba, Magdalena Misztal, Maja Pyska, Maria Palak, Monika D\u0105bska, Natalia Gody\u0144ska, Natalia Kozak, Patrycja Gog\u0142oza, Paulina Jask\u00f3lska, Tomasz Wilk, Wera Durka, Weronika Wity\u0144ska, W\u0142adys\u0142aw Dzmitryienka | WA UMCS, pod kier. dr hab. B. Ni\u015bcior<\/p>\n<h2>Informacje praktyczne<\/h2>\n<p>Kiedy: 6\/7 czerwca 2026, 19.00-2.00<br \/>\nGdzie: Zau\u0142ek Hartwig\u00f3w<br \/>\nWst\u0119p wolny<\/p>\n<h2>Dost\u0119pno\u015b\u0107<\/h2>\n<p>wydarzenie w miejscu niedost\u0119pnym architektonicznie<br \/>\nbez bariery j\u0119zykowej<br \/>\nmo\u017cliwy odbi\u00f3r bez s\u0142yszenia<\/p>\n","protected":false},"excerpt":{"rendered":"<p>Opis Wyobra\u017cony \u015bwiat g\u0142\u0119bin, w kt\u00f3rym granice mi\u0119dzy l\u0105dem a  [&#8230;]<\/p>\n","protected":false},"author":1,"featured_media":0,"comment_status":"closed","ping_status":"closed","template":"","meta":{"_acf_changed":false,"ngg_post_thumbnail":0},"tags":[],"miejsce_nk":[11],"godzina_startu_nk":[6],"dostepnosc_nk":[120,954],"kategoria_nk":[74],"edycja_nk":[1266],"mec_category":[73],"class_list":["post-50575","mec-events","type-mec-events","status-publish","hentry","miejsce_nk-stare-miasto","godzina_startu_nk-6","dostepnosc_nk-bez-bariery-jezykowej","dostepnosc_nk-osoby-z-niepelnosprawnosciami-sluchu","kategoria_nk-sztuki-wizualne","edycja_nk-1266","mec_category-sztuki-wizualne"],"acf":[],"yoast_head":"<!-- This site is optimized with the Yoast SEO plugin v26.1.1 - https:\/\/yoast.com\/wordpress\/plugins\/seo\/ -->\n<title>Wyobra\u017cony \u015bwiat g\u0142\u0119bin | instalacja student\u00f3w i studentek I WA UMCS<\/title>\n<meta name=\"description\" content=\"Wyobra\u017cony \u015bwiat g\u0142\u0119bin, w kt\u00f3rym granice mi\u0119dzy l\u0105dem a wod\u0105 ulegaj\u0105 zatarciu.\" \/>\n<meta name=\"robots\" content=\"index, follow, max-snippet:-1, max-image-preview:large, max-video-preview:-1\" \/>\n<link rel=\"canonical\" href=\"https:\/\/nockultury.pl\/pl\/events\/wyobrazony-swiat-glebin\/\" \/>\n<meta property=\"og:locale\" content=\"pl_PL\" \/>\n<meta property=\"og:type\" content=\"article\" \/>\n<meta property=\"og:title\" content=\"Wyobra\u017cony \u015bwiat g\u0142\u0119bin | instalacja student\u00f3w i studentek I WA UMCS\" \/>\n<meta property=\"og:description\" content=\"Wyobra\u017cony \u015bwiat g\u0142\u0119bin, w kt\u00f3rym granice mi\u0119dzy l\u0105dem a wod\u0105 ulegaj\u0105 zatarciu.\" \/>\n<meta property=\"og:url\" content=\"https:\/\/nockultury.pl\/pl\/events\/wyobrazony-swiat-glebin\/\" \/>\n<meta property=\"og:site_name\" content=\"Noc Kultury\" \/>\n<meta property=\"article:publisher\" content=\"https:\/\/www.facebook.com\/NocKultury\/\" \/>\n<meta property=\"article:modified_time\" content=\"2026-05-26T13:56:26+00:00\" \/>\n<meta property=\"og:image\" content=\"https:\/\/nockultury.pl\/wp-content\/uploads\/2026\/04\/666909448_952682540483720_5385792266393922546_n-1.jpg\" \/>\n\t<meta property=\"og:image:width\" content=\"2048\" \/>\n\t<meta property=\"og:image:height\" content=\"1072\" \/>\n\t<meta property=\"og:image:type\" content=\"image\/jpeg\" \/>\n<meta name=\"twitter:card\" content=\"summary_large_image\" \/>\n<meta name=\"twitter:label1\" content=\"Szacowany czas czytania\" \/>\n\t<meta name=\"twitter:data1\" content=\"1 minuta\" \/>\n<script type=\"application\/ld+json\" class=\"yoast-schema-graph\">{\"@context\":\"https:\/\/schema.org\",\"@graph\":[{\"@type\":\"WebPage\",\"@id\":\"https:\/\/nockultury.pl\/pl\/events\/wyobrazony-swiat-glebin\/\",\"url\":\"https:\/\/nockultury.pl\/pl\/events\/wyobrazony-swiat-glebin\/\",\"name\":\"Wyobra\u017cony \u015bwiat g\u0142\u0119bin | instalacja student\u00f3w i studentek I WA UMCS\",\"isPartOf\":{\"@id\":\"https:\/\/nockultury.pl\/pl\/#website\"},\"datePublished\":\"2026-04-28T15:52:27+00:00\",\"dateModified\":\"2026-05-26T13:56:26+00:00\",\"description\":\"Wyobra\u017cony \u015bwiat g\u0142\u0119bin, w kt\u00f3rym granice mi\u0119dzy l\u0105dem a wod\u0105 ulegaj\u0105 zatarciu.\",\"breadcrumb\":{\"@id\":\"https:\/\/nockultury.pl\/pl\/events\/wyobrazony-swiat-glebin\/#breadcrumb\"},\"inLanguage\":\"pl-PL\",\"potentialAction\":[{\"@type\":\"ReadAction\",\"target\":[\"https:\/\/nockultury.pl\/pl\/events\/wyobrazony-swiat-glebin\/\"]}]},{\"@type\":\"BreadcrumbList\",\"@id\":\"https:\/\/nockultury.pl\/pl\/events\/wyobrazony-swiat-glebin\/#breadcrumb\",\"itemListElement\":[{\"@type\":\"ListItem\",\"position\":1,\"name\":\"Strona g\u0142\u00f3wna\",\"item\":\"https:\/\/nockultury.pl\/pl\/\"},{\"@type\":\"ListItem\",\"position\":2,\"name\":\"Wydarzenia\",\"item\":\"https:\/\/nockultury.pl\/pl\/events\/\"},{\"@type\":\"ListItem\",\"position\":3,\"name\":\"Wyobra\u017cony \u015bwiat g\u0142\u0119bin | instalacja studentek i student\u00f3w | Wydzia\u0142 Artystyczny UMCS, pod kier. dr hab. Barbary Ni\u015bcior\"}]},{\"@type\":\"WebSite\",\"@id\":\"https:\/\/nockultury.pl\/pl\/#website\",\"url\":\"https:\/\/nockultury.pl\/pl\/\",\"name\":\"Noc Kultury\",\"description\":\"Lublin, Stare Miasto | wst\u0119p wolny\",\"publisher\":{\"@id\":\"https:\/\/nockultury.pl\/pl\/#organization\"},\"potentialAction\":[{\"@type\":\"SearchAction\",\"target\":{\"@type\":\"EntryPoint\",\"urlTemplate\":\"https:\/\/nockultury.pl\/pl\/?s={search_term_string}\"},\"query-input\":{\"@type\":\"PropertyValueSpecification\",\"valueRequired\":true,\"valueName\":\"search_term_string\"}}],\"inLanguage\":\"pl-PL\"},{\"@type\":\"Organization\",\"@id\":\"https:\/\/nockultury.pl\/pl\/#organization\",\"name\":\"Warsztaty Kultury w Lublinie\",\"url\":\"https:\/\/nockultury.pl\/pl\/\",\"logo\":{\"@type\":\"ImageObject\",\"inLanguage\":\"pl-PL\",\"@id\":\"https:\/\/nockultury.pl\/pl\/#\/schema\/logo\/image\/\",\"url\":\"https:\/\/nockultury.pl\/wp-content\/uploads\/2020\/03\/NOC-KULTURY-LOGO-170.jpg\",\"contentUrl\":\"https:\/\/nockultury.pl\/wp-content\/uploads\/2020\/03\/NOC-KULTURY-LOGO-170.jpg\",\"width\":170,\"height\":79,\"caption\":\"Warsztaty Kultury w Lublinie\"},\"image\":{\"@id\":\"https:\/\/nockultury.pl\/pl\/#\/schema\/logo\/image\/\"},\"sameAs\":[\"https:\/\/www.facebook.com\/NocKultury\/\",\"https:\/\/www.instagram.com\/nockultury\/\",\"https:\/\/www.youtube.com\/@videonockultury\"]}]}<\/script>\n<!-- \/ Yoast SEO plugin. -->","yoast_head_json":{"title":"Wyobra\u017cony \u015bwiat g\u0142\u0119bin | instalacja student\u00f3w i studentek I WA UMCS","description":"Wyobra\u017cony \u015bwiat g\u0142\u0119bin, w kt\u00f3rym granice mi\u0119dzy l\u0105dem a wod\u0105 ulegaj\u0105 zatarciu.","robots":{"index":"index","follow":"follow","max-snippet":"max-snippet:-1","max-image-preview":"max-image-preview:large","max-video-preview":"max-video-preview:-1"},"canonical":"https:\/\/nockultury.pl\/pl\/events\/wyobrazony-swiat-glebin\/","og_locale":"pl_PL","og_type":"article","og_title":"Wyobra\u017cony \u015bwiat g\u0142\u0119bin | instalacja student\u00f3w i studentek I WA UMCS","og_description":"Wyobra\u017cony \u015bwiat g\u0142\u0119bin, w kt\u00f3rym granice mi\u0119dzy l\u0105dem a wod\u0105 ulegaj\u0105 zatarciu.","og_url":"https:\/\/nockultury.pl\/pl\/events\/wyobrazony-swiat-glebin\/","og_site_name":"Noc Kultury","article_publisher":"https:\/\/www.facebook.com\/NocKultury\/","article_modified_time":"2026-05-26T13:56:26+00:00","og_image":[{"width":2048,"height":1072,"url":"https:\/\/nockultury.pl\/wp-content\/uploads\/2026\/04\/666909448_952682540483720_5385792266393922546_n-1.jpg","type":"image\/jpeg"}],"twitter_card":"summary_large_image","twitter_misc":{"Szacowany czas czytania":"1 minuta"},"schema":{"@context":"https:\/\/schema.org","@graph":[{"@type":"WebPage","@id":"https:\/\/nockultury.pl\/pl\/events\/wyobrazony-swiat-glebin\/","url":"https:\/\/nockultury.pl\/pl\/events\/wyobrazony-swiat-glebin\/","name":"Wyobra\u017cony \u015bwiat g\u0142\u0119bin | instalacja student\u00f3w i studentek I WA UMCS","isPartOf":{"@id":"https:\/\/nockultury.pl\/pl\/#website"},"datePublished":"2026-04-28T15:52:27+00:00","dateModified":"2026-05-26T13:56:26+00:00","description":"Wyobra\u017cony \u015bwiat g\u0142\u0119bin, w kt\u00f3rym granice mi\u0119dzy l\u0105dem a wod\u0105 ulegaj\u0105 zatarciu.","breadcrumb":{"@id":"https:\/\/nockultury.pl\/pl\/events\/wyobrazony-swiat-glebin\/#breadcrumb"},"inLanguage":"pl-PL","potentialAction":[{"@type":"ReadAction","target":["https:\/\/nockultury.pl\/pl\/events\/wyobrazony-swiat-glebin\/"]}]},{"@type":"BreadcrumbList","@id":"https:\/\/nockultury.pl\/pl\/events\/wyobrazony-swiat-glebin\/#breadcrumb","itemListElement":[{"@type":"ListItem","position":1,"name":"Strona g\u0142\u00f3wna","item":"https:\/\/nockultury.pl\/pl\/"},{"@type":"ListItem","position":2,"name":"Wydarzenia","item":"https:\/\/nockultury.pl\/pl\/events\/"},{"@type":"ListItem","position":3,"name":"Wyobra\u017cony \u015bwiat g\u0142\u0119bin | instalacja studentek i student\u00f3w | Wydzia\u0142 Artystyczny UMCS, pod kier. dr hab. Barbary Ni\u015bcior"}]},{"@type":"WebSite","@id":"https:\/\/nockultury.pl\/pl\/#website","url":"https:\/\/nockultury.pl\/pl\/","name":"Noc Kultury","description":"Lublin, Stare Miasto | wst\u0119p wolny","publisher":{"@id":"https:\/\/nockultury.pl\/pl\/#organization"},"potentialAction":[{"@type":"SearchAction","target":{"@type":"EntryPoint","urlTemplate":"https:\/\/nockultury.pl\/pl\/?s={search_term_string}"},"query-input":{"@type":"PropertyValueSpecification","valueRequired":true,"valueName":"search_term_string"}}],"inLanguage":"pl-PL"},{"@type":"Organization","@id":"https:\/\/nockultury.pl\/pl\/#organization","name":"Warsztaty Kultury w Lublinie","url":"https:\/\/nockultury.pl\/pl\/","logo":{"@type":"ImageObject","inLanguage":"pl-PL","@id":"https:\/\/nockultury.pl\/pl\/#\/schema\/logo\/image\/","url":"https:\/\/nockultury.pl\/wp-content\/uploads\/2020\/03\/NOC-KULTURY-LOGO-170.jpg","contentUrl":"https:\/\/nockultury.pl\/wp-content\/uploads\/2020\/03\/NOC-KULTURY-LOGO-170.jpg","width":170,"height":79,"caption":"Warsztaty Kultury w Lublinie"},"image":{"@id":"https:\/\/nockultury.pl\/pl\/#\/schema\/logo\/image\/"},"sameAs":["https:\/\/www.facebook.com\/NocKultury\/","https:\/\/www.instagram.com\/nockultury\/","https:\/\/www.youtube.com\/@videonockultury"]}]}},"_links":{"self":[{"href":"https:\/\/nockultury.pl\/pl\/wp-json\/wp\/v2\/mec-events\/50575","targetHints":{"allow":["GET"]}}],"collection":[{"href":"https:\/\/nockultury.pl\/pl\/wp-json\/wp\/v2\/mec-events"}],"about":[{"href":"https:\/\/nockultury.pl\/pl\/wp-json\/wp\/v2\/types\/mec-events"}],"author":[{"embeddable":true,"href":"https:\/\/nockultury.pl\/pl\/wp-json\/wp\/v2\/users\/1"}],"replies":[{"embeddable":true,"href":"https:\/\/nockultury.pl\/pl\/wp-json\/wp\/v2\/comments?post=50575"}],"wp:attachment":[{"href":"https:\/\/nockultury.pl\/pl\/wp-json\/wp\/v2\/media?parent=50575"}],"wp:term":[{"taxonomy":"post_tag","embeddable":true,"href":"https:\/\/nockultury.pl\/pl\/wp-json\/wp\/v2\/tags?post=50575"},{"taxonomy":"miejsce_nk","embeddable":true,"href":"https:\/\/nockultury.pl\/pl\/wp-json\/wp\/v2\/miejsce_nk?post=50575"},{"taxonomy":"godzina_startu_nk","embeddable":true,"href":"https:\/\/nockultury.pl\/pl\/wp-json\/wp\/v2\/godzina_startu_nk?post=50575"},{"taxonomy":"dostepnosc_nk","embeddable":true,"href":"https:\/\/nockultury.pl\/pl\/wp-json\/wp\/v2\/dostepnosc_nk?post=50575"},{"taxonomy":"kategoria_nk","embeddable":true,"href":"https:\/\/nockultury.pl\/pl\/wp-json\/wp\/v2\/kategoria_nk?post=50575"},{"taxonomy":"edycja_nk","embeddable":true,"href":"https:\/\/nockultury.pl\/pl\/wp-json\/wp\/v2\/edycja_nk?post=50575"},{"taxonomy":"mec_category","embeddable":true,"href":"https:\/\/nockultury.pl\/pl\/wp-json\/wp\/v2\/mec_category?post=50575"}],"curies":[{"name":"wp","href":"https:\/\/api.w.org\/{rel}","templated":true}]}}