{"id":40781,"date":"2021-05-21T15:58:31","date_gmt":"2021-05-21T13:58:31","guid":{"rendered":"https:\/\/nockultury.pl\/?page_id=40781"},"modified":"2021-07-16T13:17:50","modified_gmt":"2021-07-16T11:17:50","slug":"program-nk","status":"publish","type":"page","link":"https:\/\/nockultury.pl\/pl\/program-nk\/","title":{"rendered":"Program Nocy Kultury"},"content":{"rendered":"<p><div class=\"fusion-fullwidth fullwidth-box fusion-builder-row-1 fusion-flex-container nonhundred-percent-fullwidth non-hundred-percent-height-scrolling fusion-no-small-visibility fusion-no-medium-visibility\" style=\"--awb-border-radius-top-left:0px;--awb-border-radius-top-right:0px;--awb-border-radius-bottom-right:0px;--awb-border-radius-bottom-left:0px;--awb-padding-top:60px;--awb-padding-right:4%;--awb-padding-left:4%;--awb-margin-top:13%;--awb-margin-bottom:3%;--awb-background-color:rgba(255,255,255,0);--awb-flex-wrap:wrap;\" ><div class=\"fusion-builder-row fusion-row fusion-flex-align-items-flex-start fusion-flex-content-wrap\" style=\"max-width:1996.8px;margin-left: calc(-4% \/ 2 );margin-right: calc(-4% \/ 2 );\"><div class=\"fusion-layout-column fusion_builder_column fusion-builder-column-0 fusion_builder_column_3_5 3_5 fusion-flex-column link\" style=\"--awb-padding-right:62px;--awb-padding-bottom:5%;--awb-padding-left:87px;--awb-overflow:hidden;--awb-bg-color:rgba(0,0,0,0.75);--awb-bg-color-hover:rgba(0,0,0,0.75);--awb-bg-size:cover;--awb-box-shadow:2px 2px 10px 0px rgba(0,0,0,0.88);;--awb-border-radius:10px 10px 10px 10px;--awb-width-large:60%;--awb-margin-top-large:0px;--awb-spacing-right-large:3.2%;--awb-margin-bottom-large:0px;--awb-spacing-left-large:0%;--awb-width-medium:60%;--awb-order-medium:0;--awb-spacing-right-medium:3.2%;--awb-spacing-left-medium:0%;--awb-width-small:100%;--awb-order-small:0;--awb-spacing-right-small:1.92%;--awb-margin-bottom-small:3%;--awb-spacing-left-small:1.92%;\"><div class=\"fusion-column-wrapper fusion-column-has-shadow fusion-flex-justify-content-flex-start fusion-content-layout-block\"><div class=\"fusion-text fusion-text-1\"><h1>Program Nocy Kultury &#8211; VII tydzie\u0144<\/h1>\n<div><\/div>\n<\/div><div class=\"fusion-text fusion-text-2\"><p><strong>\u00a0Mapa aktualnie dost\u0119pnych atrakcji b\u0119dzie dost\u0119pna na stronie nockultury.pl w zak\u0142adce <a href=\"https:\/\/nockultury.pl\/pl\/mapa-festiwalu\/\">MAPA<\/a>. To tam na kolorowo zaznaczone b\u0119d\u0105 miejsca, kt\u00f3re aktualnie mo\u017cna zobaczy\u0107. Mapa b\u0119dzie aktualizowana co tydzie\u0144. Wszystkie wydarzenia s\u0105 dost\u0119pne w przestrzeni publicznej i wst\u0119p na nie jest wolny. Nie trzeba si\u0119 zapisywa\u0107 ani rejestrowa\u0107, wystarczy wyj\u015b\u0107 na spacer na Stare Miasto.<\/strong><\/p>\n<h2 class=\"fusion-responsive-typography-calculated\" style=\"--fontsize: 30.8; line-height: 1.2;\" data-fontsize=\"30.8\" data-lineheight=\"36.96px\"><\/h2>\n<h2 class=\"fusion-responsive-typography-calculated\" style=\"--fontsize: 30.8; line-height: 1.2;\" data-fontsize=\"30.8\" data-lineheight=\"36.96px\">Od 15 lipca mo\u017cna zobaczy\u0107:<\/h2>\n<hr \/>\n<p><strong>Ogrody feng shui<\/strong> (8-21.07, Pr\u00f3ba Cafe, patio, ul. Grodzka 5A)<\/p>\n<p>Niewielkie formy ogrodowe z elementami \u017cywej ro\u015blinno\u015bci b\u0119d\u0105 nie\u015b\u0107 ukojenie i pozwol\u0105 si\u0119 zrelaksowa\u0107. Ka\u017cda z prac stanowi otoczenie dla niewielkiej fontanny, kt\u00f3rej szmer pozwoli odpocz\u0105\u0107. Autorzy: Studenci architektury krajobrazu KUL pod kierunkiem Agnieszki Ku\u0142ak<u>.<\/u><\/p>\n<p><strong>GMO <\/strong>(8-21.07, ul. Grodzka 7, brama)<\/p>\n<p>To zbi\u00f3r fantasmagorycznych istot stworzonych przez cz\u0142onk\u00f3w Ko\u0142a Naukowego Ceramiki Unikatowej i Form Przestrzennych UMCS. Formy powsta\u0142y z gliny, ognia i wyobra\u017ani. Ka\u017cdy obiekt prezentuje, jak bardzo ludzka wyobra\u017ania wp\u0142ywa na \u015bwiat przedstawiony i w jaki spos\u00f3b r\u00f3\u017cne osoby mog\u0105 spostrzega\u0107 jedn\u0105 form\u0119 bazow\u0105. Odciskaj\u0105c z jednej formy powtarzalny kszta\u0142t, ka\u017cdy m\u0142ody artysta odkrywa w nim inspiracje i \u201emutuje\u201d glin\u0119 w postaci rodem ze sn\u00f3w, mit\u00f3w&#8230; Spotykaj\u0105c si\u0119 z niezwyk\u0142ymi istotami w znajomych przestrzeniach miejskich, publiczno\u015b\u0107 b\u0119dzie mog\u0142a zobaczy\u0107 w jakim stopniu ca\u0142a otaczaj\u0105ca nas rzeczywisto\u015b\u0107 sk\u0142ada si\u0119 z twor\u00f3w r\u0105k ludzkich i jak bardzo ka\u017cdy z nas mo\u017ce na ni\u0105 wp\u0142yn\u0105\u0107. Dziewicze krajobrazy to dzisiaj rzadko\u015b\u0107. Moc\u0105 ludzkiego rozumu, troski i wyobra\u017ani mo\u017cemy wzbogaca\u0107 lub niszczy\u0107 otaczaj\u0105cy nas \u015bwiat. Sztuka ma moc kreacyjn\u0105. Autorzy: Studenci Wydzia\u0142u Artystycznego UMCS w Lublinie pod kierunkiem Oliwii Beszczy\u0144skiej.<\/p>\n<hr \/>\n<p><strong>Podw\u00f3rko tysi\u0105ca balonik\u00f3w<\/strong> (1-21.07, Brama, ul. Grodzka 3)<\/p>\n<p>Zapraszamy go\u015bci na urocze podw\u00f3rko w zupe\u0142nie nowej ods\u0142onie. Tysi\u0105c pi\u0119\u0107set kolorowych szklanych balonik\u00f3w zamieni to miejsce w niezwykle magiczn\u0105 przestrze\u0144. Autorzy: Agata Zwierzy\u0144ska oraz zesp\u00f3\u0142 Warsztat\u00f3w Kultury.<\/p>\n<hr \/>\n<p><strong>W krzywym Zwierciadle<\/strong> (1-14.07., Zau\u0142ek Hartwig\u00f3w)<\/p>\n<p>Przedmioty codziennego u\u017cytku pokryte mozaik\u0105 z kawa\u0142k\u00f3w luster rzuc\u0105 zupe\u0142nie nowe \u015bwiat\u0142o na jeden z bardziej uroczych zau\u0142k\u00f3w Starego Miasta. Autorzy: zesp\u00f3\u0142 Warsztat\u00f3w Kultury.<\/p>\n<hr \/>\n<p><strong>Ziemny pies <\/strong>(1-21.07., B\u0142onia pod Zamkiem)<\/p>\n<p>Chomik europejski dawniej wyst\u0119powa\u0142 na terenie ca\u0142ej Polski. By\u0142 zwalczany przez rolnik\u00f3w, bo wyrz\u0105dza\u0142 szkody na polach uprawnych. Obecnie zwierz\u0119 to wyst\u0119puje bardzo rzadko i podlega ochronie. Instalacja obrazuj\u0105ca przeskalowan\u0105 czaszk\u0119 chomika, wykonana przez student\u00f3w architektury krajobrazu KUL, ma zwr\u00f3ci\u0107 uwag\u0119 na ten silnie zwi\u0105zany z Lublinem, wymieraj\u0105cy gatunek, kt\u00f3ry mo\u017cna jeszcze spotka\u0107 na G\u00f3rkach Czechowskich. Pytanie tylko, jak d\u0142ugo tam przetrwa?<\/p>\n<hr \/>\n<p><strong>Domki Liliput\u00f3w<\/strong> (1-14.07., ul. Ku Farze)<\/p>\n<p>Zapraszamy na uliczk\u0119 Liliput\u00f3w. Poczujmy si\u0119 jak Guliwer mijaj\u0105c ma\u0142e, ba\u015bniowe, wielobarwne kamieniczki inspirowane fasadami z lubelskiego Starego Miasta. Kamieniczki wykona\u0142y dzieci z MDK \u201ePod Akacj\u0105\u201d pod okiem Katarzyny Nied\u017awiadek.<\/p>\n<hr \/>\n<p><strong>O \u015bwiecie opowiem ci bez s\u0142\u00f3w <\/strong>(1-21.07., ul. Grodzka 7, patio)<\/p>\n<p>Autyzm nie jest niebieski, jest kolorowy. Poznajmy tw\u00f3rczo\u015b\u0107 18-letniej Oli Le\u015bnik, kt\u00f3ra ze \u015bwiatem porozumiewa si\u0119 za pomoc\u0105 wielobarwnych obraz\u00f3w. Ola rysuje kiedy czuje tak\u0105 potrzeb\u0119 i kiedy sama wybierze odpowiedni moment. Mia\u0142a kilka wa\u017cnych wystaw, jej prace zdobi\u0105 teksty znanych autor\u00f3w, a dzi\u0119ki rodzicom, kt\u00f3rzy wspieraj\u0105 jej pasj\u0119, jej dom w Gliwicach zaczyna przypomina\u0107 galeri\u0119 sztuki.<\/p>\n<hr \/>\n<p><strong>Szalona herbatka<\/strong> (1-21.07., ul. Grodzka 7, patio)<\/p>\n<p>Imbryczek z trzema dziubkami, fili\u017canka z uszkiem w \u015brodku, babeczki posypane wskaz\u00f3wkami od zegara \u2013 ceramiczne cude\u0144ka, kt\u00f3re oddaj\u0105 atmosfer\u0119 szalonego podwieczorku. Do tak nakrytego sto\u0142u z pewno\u015bci\u0105 przysiedliby si\u0119 Alicja, Kapelusznik i Suse\u0142. Autorka: Joanna Kowalska-Wolszczak\/ \u017bywio\u0142y Ziemi.<\/p>\n<hr \/>\n<p><strong>Rybne wspomnienia z Nocy Kultury<\/strong> (do 21.07., ul. Z\u0142ota)<br \/>\nOd pewnego czasu kolekcjonujemy pami\u0105tki z minionych edycji festiwalu, w tym roku postanowili\u015bmy wyj\u0105\u0107 z szafy cz\u0119\u015b\u0107 naszej mena\u017cerii. W ka\u017cdy pi\u0119kny wolny dzie\u0144 na ryby\u2026 \u2013 nad g\u0142owami przechodni\u00f3w zawis\u0142y dwie niezwyk\u0142e ryby. Pe\u0142na energii i kolorowa lataj\u0105ca ryba Jaros\u0142awa Koziary i monochromatyczna Francoisa Monneta.<\/p>\n<hr \/>\n<p><strong>Miastoczu\u0142o\u015b\u0107: klon i robinia<\/strong> (do 21.07., ul. Wr\u00f3blewskiego, ul. Radziwi\u0142\u0142owska)<br \/>\nJednym z najpi\u0119kniejszych sposob\u00f3w okazania czu\u0142o\u015bci miastu jest posadzenie nowego drzewa. Przedstawiamy: Klon zwyczajny i Robinia akacjowa. Autorzy: zesp\u00f3\u0142 Warsztat\u00f3w Kultury.<\/p>\n<hr \/>\n<p><strong>Nietoperze z Dominika\u0144skiej<\/strong> (do 21.07., ul. Dominika\u0144ska)<\/p>\n<p>\u201eCzy to mysz? Nie, to perz. Nietoperz? Nie, to mysz\u201d. \u2013 zastanawiano si\u0119 w \u201eAlicji w Kranie Czar\u00f3w\u201d. Odpowied\u017a przyjdzie sama, gdy spojrzymy w g\u00f3r\u0119 na ulicy Dominika\u0144skiej. Autor: Jaros\u0142aw Koziara.<\/p>\n<hr \/>\n<p><strong>Koty na dachu<\/strong> (do 21.07., Plac Zamkowy \/ dachy kamienic)<\/p>\n<p>Na dachach kamienic zobaczy\u0107 mo\u017cna kilkana\u015bcie czarno-bia\u0142ych flag, przedstawiaj\u0105cych koty. Uszyte z tkaniny kocie kszta\u0142ty, wykonane zosta\u0142y na podstawie projekt\u00f3w wybitnego lubelskiego grafika, kaligrafa i ilustratora \u2013 Andrzeja Kota. Autor: Jaros\u0142aw Koziara.<\/p>\n<hr \/>\n<p><strong>Intro <\/strong>(do 21.07., ul. Z\u0142ota 1)<\/p>\n<p>Zapraszamy do nieoczywistego wn\u0119trza, z jednej strony schowanego i ukrytego przed ludzkim wzrokiem, z drugiej wr\u0119cz zapraszaj\u0105cego do podgl\u0105dania. Autor: Jaros\u0142aw Koziara.<\/p>\n<hr \/>\n<p><strong>Przedmiot M\u00f3wie<\/strong> (do 21.07., Plac Dominika\u0144ski)<\/p>\n<p>Podczas pandemii cz\u0142owiek musi si\u0119 zmierzy\u0107 z wieloma wyzwaniami. Czas izolacji by\u0142 pretekstem do spojrzenia inaczej na rzeczy codziennego u\u017cytku. Ka\u017cdy przedmiot ma przecie\u017c swoj\u0105 histori\u0119, wystarczy si\u0119 w niego ws\u0142ucha\u0107 a mo\u017cna us\u0142ysze\u0107 opowie\u015b\u0107 pozornie niemego przedmiotu.<br \/>\nWystawa Przedmiot M\u00f3wie sk\u0142ada si\u0119 ze statycznych grafik, kt\u00f3re dzi\u0119ki aplikacji Artivive o\u017cywaj\u0105 i ukazuj\u0105 film animowany prezentuj\u0105cy przemy\u015blenia i rozwa\u017cania os\u00f3b zmuszonych do nauki zdalnej podczas swojego najbardziej tw\u00f3rczego okresu \u017cycia.<br \/>\nNie jest to jednak zwyk\u0142a wystawa, b\u0105d\u017a czujny i szukaj statycznych grafik rozwieszonych na terenie Starego Miasta. Swoj\u0105 w\u0119dr\u00f3wk\u0119 rozpocznij na Placu Dominika\u0144skim i koniecznie pobierz aplikacj\u0119 Artivive. Autorzy: Studenci Wydzia\u0142u Artystycznego UMCS w Lublinie oraz Wydzia\u0142u Sztuki Nowych Medi\u00f3w Polsko-Japo\u0144skiej Szko\u0142y Akademii Technik Komputerowych w Warszawie pod kierunkiem dr Joanny Polak.<\/p>\n<\/div><\/div><\/div><div class=\"fusion-layout-column fusion_builder_column fusion-builder-column-1 fusion_builder_column_2_5 2_5 fusion-flex-column\" style=\"--awb-bg-size:cover;--awb-width-large:40%;--awb-margin-top-large:0px;--awb-spacing-right-large:4.8%;--awb-margin-bottom-large:0px;--awb-spacing-left-large:4.8%;--awb-width-medium:40%;--awb-order-medium:0;--awb-spacing-right-medium:4.8%;--awb-spacing-left-medium:4.8%;--awb-width-small:100%;--awb-order-small:0;--awb-spacing-right-small:1.92%;--awb-spacing-left-small:1.92%;\"><div class=\"fusion-column-wrapper fusion-column-has-shadow fusion-flex-justify-content-flex-start fusion-content-layout-column\"><div class=\"fusion-image-element \" style=\"--awb-caption-title-font-family:var(--h2_typography-font-family);--awb-caption-title-font-weight:var(--h2_typography-font-weight);--awb-caption-title-font-style:var(--h2_typography-font-style);--awb-caption-title-size:var(--h2_typography-font-size);--awb-caption-title-transform:var(--h2_typography-text-transform);--awb-caption-title-line-height:var(--h2_typography-line-height);--awb-caption-title-letter-spacing:var(--h2_typography-letter-spacing);\"><span class=\" fusion-imageframe imageframe-none imageframe-1 hover-type-none\"><img decoding=\"async\" width=\"1338\" height=\"1897\" alt=\"Grafika przedstawia plakat Nocy Kultury. Niebieska plansza z k\u00f3\u0142kami w \u017c\u00f3\u0142tych oraz r\u00f3\u017cowych kolorach. W dolnej cz\u0119\u015bci logo Nocy Kultyry oraz napis: &quot;Noc Kultury - Moc Kultury Lublin - Stare Miasto 4 czerwca - 21 lipca 2021&quot;.\" title=\"plakat net\" src=\"https:\/\/nockultury.pl\/wp-content\/uploads\/2021\/05\/plakat-net.jpg\" data-orig-src=\"https:\/\/nockultury.pl\/wp-content\/uploads\/2021\/05\/plakat-net.jpg\" class=\"lazyload img-responsive wp-image-40798\" srcset=\"data:image\/svg+xml,%3Csvg%20xmlns%3D%27http%3A%2F%2Fwww.w3.org%2F2000%2Fsvg%27%20width%3D%271338%27%20height%3D%271897%27%20viewBox%3D%270%200%201338%201897%27%3E%3Crect%20width%3D%271338%27%20height%3D%271897%27%20fill-opacity%3D%220%22%2F%3E%3C%2Fsvg%3E\" data-srcset=\"https:\/\/nockultury.pl\/wp-content\/uploads\/2021\/05\/plakat-net-200x284.jpg 200w, https:\/\/nockultury.pl\/wp-content\/uploads\/2021\/05\/plakat-net-400x567.jpg 400w, https:\/\/nockultury.pl\/wp-content\/uploads\/2021\/05\/plakat-net-600x851.jpg 600w, https:\/\/nockultury.pl\/wp-content\/uploads\/2021\/05\/plakat-net-800x1134.jpg 800w, https:\/\/nockultury.pl\/wp-content\/uploads\/2021\/05\/plakat-net-1200x1701.jpg 1200w, https:\/\/nockultury.pl\/wp-content\/uploads\/2021\/05\/plakat-net.jpg 1338w\" data-sizes=\"auto\" data-orig-sizes=\"(max-width: 640px) 100vw, 800px\" \/><\/span><\/div><\/div><\/div><\/div><\/div><div class=\"fusion-fullwidth fullwidth-box fusion-builder-row-2 fusion-flex-container nonhundred-percent-fullwidth non-hundred-percent-height-scrolling fusion-no-large-visibility\" style=\"--awb-border-radius-top-left:0px;--awb-border-radius-top-right:0px;--awb-border-radius-bottom-right:0px;--awb-border-radius-bottom-left:0px;--awb-padding-top:60px;--awb-padding-right:4%;--awb-padding-left:4%;--awb-margin-top:13%;--awb-margin-bottom:3%;--awb-margin-top-small:60%;--awb-background-color:rgba(255,255,255,0);--awb-flex-wrap:wrap;\" ><div class=\"fusion-builder-row fusion-row fusion-flex-align-items-flex-start fusion-flex-content-wrap\" style=\"max-width:1996.8px;margin-left: calc(-4% \/ 2 );margin-right: calc(-4% \/ 2 );\"><div class=\"fusion-layout-column fusion_builder_column fusion-builder-column-2 fusion_builder_column_3_5 3_5 fusion-flex-column link\" style=\"--awb-padding-right:62px;--awb-padding-bottom:5%;--awb-padding-left:87px;--awb-overflow:hidden;--awb-bg-color:rgba(0,0,0,0.75);--awb-bg-color-hover:rgba(0,0,0,0.75);--awb-bg-size:cover;--awb-box-shadow:2px 2px 10px 0px rgba(0,0,0,0.88);;--awb-border-radius:10px 10px 10px 10px;--awb-width-large:60%;--awb-margin-top-large:0px;--awb-spacing-right-large:3.2%;--awb-margin-bottom-large:0px;--awb-spacing-left-large:0%;--awb-width-medium:60%;--awb-order-medium:0;--awb-spacing-right-medium:3.2%;--awb-spacing-left-medium:0%;--awb-width-small:100%;--awb-order-small:0;--awb-spacing-right-small:1.92%;--awb-margin-bottom-small:3%;--awb-spacing-left-small:1.92%;\"><div class=\"fusion-column-wrapper fusion-column-has-shadow fusion-flex-justify-content-flex-start fusion-content-layout-block\"><div class=\"fusion-text fusion-text-3\"><h1>Program Nocy Kultury &#8211; VI tydzie\u0144<\/h1>\n<div><\/div>\n<div><\/div>\n<\/div><div class=\"fusion-text fusion-text-4\"><p><strong>To tylko cz\u0119\u015b\u0107 instalacji, kt\u00f3re b\u0119dzie mo\u017cna zobaczy\u0107 w trakcie najd\u0142u\u017cszej na \u015bwiecie Nocy Kultury 2021. Co tydzie\u0144 nowe instalacje b\u0119d\u0105 zaskakiwa\u0107 mieszka\u0144c\u00f3w Lublina i go\u015bci. Mapa aktualnie dost\u0119pnych atrakcji b\u0119dzie dost\u0119pna na stronie nockultury.pl w zak\u0142adce <a href=\"https:\/\/nockultury.pl\/pl\/mapa-festiwalu\/\">MAPA<\/a>. To tam na kolorowo zaznaczone b\u0119d\u0105 miejsca, kt\u00f3re aktualnie mo\u017cna zobaczy\u0107. Mapa b\u0119dzie aktualizowana co tydzie\u0144. Wszystkie wydarzenia s\u0105 dost\u0119pne w przestrzeni publicznej i wst\u0119p na nie jest wolny. Nie trzeba si\u0119 zapisywa\u0107 ani rejestrowa\u0107, wystarczy wyj\u015b\u0107 na spacer na Stare Miasto.<\/strong><\/p>\n<h2 class=\"fusion-responsive-typography-calculated\" style=\"--fontsize: 30.8; line-height: 1.2;\" data-fontsize=\"30.8\" data-lineheight=\"36.96px\"><\/h2>\n<h2 class=\"fusion-responsive-typography-calculated\" style=\"--fontsize: 30.8; line-height: 1.2;\" data-fontsize=\"30.8\" data-lineheight=\"36.96px\">Od 8 lipca b\u0119dzie mo\u017cna zobaczy\u0107:<\/h2>\n<hr \/>\n<h3 data-fontsize=\"16.8\" data-lineheight=\"20.16px\">Nowo\u015bci:<\/h3>\n<p><strong>Ogrody feng shui<\/strong> (8-21.07, Pr\u00f3ba Cafe, patio, ul. Grodzka 5A)<\/p>\n<p>Niewielkie formy ogrodowe z elementami \u017cywej ro\u015blinno\u015bci b\u0119d\u0105 nie\u015b\u0107 ukojenie i pozwol\u0105 si\u0119 zrelaksowa\u0107. Ka\u017cda z prac stanowi otoczenie dla niewielkiej fontanny, kt\u00f3rej szmer pozwoli odpocz\u0105\u0107. Autorzy: Studenci architektury krajobrazu KUL pod kierunkiem Agnieszki Ku\u0142ak<u>.<\/u><\/p>\n<p><strong>GMO <\/strong>(8-21.07, ul. Grodzka 7, brama)<\/p>\n<p>To zbi\u00f3r fantasmagorycznych istot stworzonych przez cz\u0142onk\u00f3w Ko\u0142a Naukowego Ceramiki Unikatowej i Form Przestrzennych UMCS. Formy powsta\u0142y z gliny, ognia i wyobra\u017ani. Ka\u017cdy obiekt prezentuje, jak bardzo ludzka wyobra\u017ania wp\u0142ywa na \u015bwiat przedstawiony i w jaki spos\u00f3b r\u00f3\u017cne osoby mog\u0105 spostrzega\u0107 jedn\u0105 form\u0119 bazow\u0105. Odciskaj\u0105c z jednej formy powtarzalny kszta\u0142t, ka\u017cdy m\u0142ody artysta odkrywa w nim inspiracje i \u201emutuje\u201d glin\u0119 w postaci rodem ze sn\u00f3w, mit\u00f3w&#8230; Spotykaj\u0105c si\u0119 z niezwyk\u0142ymi istotami w znajomych przestrzeniach miejskich, publiczno\u015b\u0107 b\u0119dzie mog\u0142a zobaczy\u0107 w jakim stopniu ca\u0142a otaczaj\u0105ca nas rzeczywisto\u015b\u0107 sk\u0142ada si\u0119 z twor\u00f3w r\u0105k ludzkich i jak bardzo ka\u017cdy z nas mo\u017ce na ni\u0105 wp\u0142yn\u0105\u0107. Dziewicze krajobrazy to dzisiaj rzadko\u015b\u0107. Moc\u0105 ludzkiego rozumu, troski i wyobra\u017ani mo\u017cemy wzbogaca\u0107 lub niszczy\u0107 otaczaj\u0105cy nas \u015bwiat. Sztuka ma moc kreacyjn\u0105. Autorzy: Studenci Wydzia\u0142u Artystycznego UMCS w Lublinie pod kierunkiem Oliwii Beszczy\u0144skiej.<\/p>\n<p><strong>Wieczorny spacer szlakiem Nocy Kultury \u2013 16.07.2021 r.<\/strong><\/p>\n<p>Zapraszamy na magiczny spacer szlakiem Nocy Kultury, kt\u00f3ry odb\u0119dzie si\u0119 16 lipca o godz. 20.30. O instalacjach i idei najd\u0142u\u017cszej nocy na \u015bwiecie opowie Joanna Wawi\u00f3rka-Kamieniecka, dyrektorka Nocy Kultury. Zapisy ruszaj\u0105 8 lipca (czwartek), przez <b>formularz online.<\/b><\/p>\n<p><strong><a href=\"https:\/\/forms.gle\/M6m2g55uBqXqaez88\">ZAPISY NA SPACER<\/a><\/strong><\/p>\n<hr \/>\n<p><u>Co nadal mo\u017cna zobaczy\u0107?<\/u><\/p>\n<p><strong>Podw\u00f3rko tysi\u0105ca balonik\u00f3w<\/strong> (1-21.07, Brama, ul. Grodzka 3)<\/p>\n<p>Zapraszamy go\u015bci na urocze podw\u00f3rko w zupe\u0142nie nowej ods\u0142onie. Tysi\u0105c pi\u0119\u0107set kolorowych szklanych balonik\u00f3w zamieni to miejsce w niezwykle magiczn\u0105 przestrze\u0144. Autorzy: Agata Zwierzy\u0144ska oraz zesp\u00f3\u0142 Warsztat\u00f3w Kultury.<\/p>\n<hr \/>\n<p><strong>W krzywym Zwierciadle<\/strong> (1-14.07., Zau\u0142ek Hartwig\u00f3w)<\/p>\n<p>Przedmioty codziennego u\u017cytku pokryte mozaik\u0105 z kawa\u0142k\u00f3w luster rzuc\u0105 zupe\u0142nie nowe \u015bwiat\u0142o na jeden z bardziej uroczych zau\u0142k\u00f3w Starego Miasta. Autorzy: zesp\u00f3\u0142 Warsztat\u00f3w Kultury.<\/p>\n<hr \/>\n<p><strong>Ziemny pies <\/strong>(1-21.07., B\u0142onia pod Zamkiem)<\/p>\n<p>Chomik europejski dawniej wyst\u0119powa\u0142 na terenie ca\u0142ej Polski. By\u0142 zwalczany przez rolnik\u00f3w, bo wyrz\u0105dza\u0142 szkody na polach uprawnych. Obecnie zwierz\u0119 to wyst\u0119puje bardzo rzadko i podlega ochronie. Instalacja obrazuj\u0105ca przeskalowan\u0105 czaszk\u0119 chomika, wykonana przez student\u00f3w architektury krajobrazu KUL, ma zwr\u00f3ci\u0107 uwag\u0119 na ten silnie zwi\u0105zany z Lublinem, wymieraj\u0105cy gatunek, kt\u00f3ry mo\u017cna jeszcze spotka\u0107 na G\u00f3rkach Czechowskich. Pytanie tylko, jak d\u0142ugo tam przetrwa?<\/p>\n<hr \/>\n<p><strong>Domki Liliput\u00f3w<\/strong> (1-14.07., ul. Ku Farze)<\/p>\n<p>Zapraszamy na uliczk\u0119 Liliput\u00f3w. Poczujmy si\u0119 jak Guliwer mijaj\u0105c ma\u0142e, ba\u015bniowe, wielobarwne kamieniczki inspirowane fasadami z lubelskiego Starego Miasta. Kamieniczki wykona\u0142y dzieci z MDK \u201ePod Akacj\u0105\u201d pod okiem Katarzyny Nied\u017awiadek.<\/p>\n<hr \/>\n<p><strong>O \u015bwiecie opowiem ci bez s\u0142\u00f3w <\/strong>(1-21.07., ul. Grodzka 7, patio)<\/p>\n<p>Autyzm nie jest niebieski, jest kolorowy. Poznajmy tw\u00f3rczo\u015b\u0107 18-letniej Oli Le\u015bnik, kt\u00f3ra ze \u015bwiatem porozumiewa si\u0119 za pomoc\u0105 wielobarwnych obraz\u00f3w. Ola rysuje kiedy czuje tak\u0105 potrzeb\u0119 i kiedy sama wybierze odpowiedni moment. Mia\u0142a kilka wa\u017cnych wystaw, jej prace zdobi\u0105 teksty znanych autor\u00f3w, a dzi\u0119ki rodzicom, kt\u00f3rzy wspieraj\u0105 jej pasj\u0119, jej dom w Gliwicach zaczyna przypomina\u0107 galeri\u0119 sztuki.<\/p>\n<hr \/>\n<p><strong>Szalona herbatka<\/strong> (1-21.07., ul. Grodzka 7, patio)<\/p>\n<p>Imbryczek z trzema dziubkami, fili\u017canka z uszkiem w \u015brodku, babeczki posypane wskaz\u00f3wkami od zegara \u2013 ceramiczne cude\u0144ka, kt\u00f3re oddaj\u0105 atmosfer\u0119 szalonego podwieczorku. Do tak nakrytego sto\u0142u z pewno\u015bci\u0105 przysiedliby si\u0119 Alicja, Kapelusznik i Suse\u0142. Autorka: Joanna Kowalska-Wolszczak\/ \u017bywio\u0142y Ziemi.<\/p>\n<hr \/>\n<p><strong>Rybne wspomnienia z Nocy Kultury<\/strong> (do 21.07., ul. Z\u0142ota)<br \/>\nOd pewnego czasu kolekcjonujemy pami\u0105tki z minionych edycji festiwalu, w tym roku postanowili\u015bmy wyj\u0105\u0107 z szafy cz\u0119\u015b\u0107 naszej mena\u017cerii. W ka\u017cdy pi\u0119kny wolny dzie\u0144 na ryby\u2026 \u2013 nad g\u0142owami przechodni\u00f3w zawis\u0142y dwie niezwyk\u0142e ryby. Pe\u0142na energii i kolorowa lataj\u0105ca ryba Jaros\u0142awa Koziary i monochromatyczna Francoisa Monneta.<\/p>\n<hr \/>\n<p><strong>Miastoczu\u0142o\u015b\u0107: klon i robinia<\/strong> (do 21.07., ul. Wr\u00f3blewskiego, ul. Radziwi\u0142\u0142owska)<br \/>\nJednym z najpi\u0119kniejszych sposob\u00f3w okazania czu\u0142o\u015bci miastu jest posadzenie nowego drzewa. Przedstawiamy: Klon zwyczajny i Robinia akacjowa. Autorzy: zesp\u00f3\u0142 Warsztat\u00f3w Kultury.<\/p>\n<hr \/>\n<p><strong>Nietoperze z Dominika\u0144skiej<\/strong> (do 21.07., ul. Dominika\u0144ska)<\/p>\n<p>\u201eCzy to mysz? Nie, to perz. Nietoperz? Nie, to mysz\u201d. \u2013 zastanawiano si\u0119 w \u201eAlicji w Kranie Czar\u00f3w\u201d. Odpowied\u017a przyjdzie sama, gdy spojrzymy w g\u00f3r\u0119 na ulicy Dominika\u0144skiej. Autor: Jaros\u0142aw Koziara.<\/p>\n<hr \/>\n<p><strong>Koty na dachu<\/strong> (do 21.07., Plac Zamkowy \/ dachy kamienic)<\/p>\n<p>Na dachach kamienic zobaczy\u0107 mo\u017cna kilkana\u015bcie czarno-bia\u0142ych flag, przedstawiaj\u0105cych koty. Uszyte z tkaniny kocie kszta\u0142ty, wykonane zosta\u0142y na podstawie projekt\u00f3w wybitnego lubelskiego grafika, kaligrafa i ilustratora \u2013 Andrzeja Kota. Autor: Jaros\u0142aw Koziara.<\/p>\n<hr \/>\n<p><strong>Intro <\/strong>(do 21.07., ul. Z\u0142ota 1)<\/p>\n<p>Zapraszamy do nieoczywistego wn\u0119trza, z jednej strony schowanego i ukrytego przed ludzkim wzrokiem, z drugiej wr\u0119cz zapraszaj\u0105cego do podgl\u0105dania. Autor: Jaros\u0142aw Koziara.<\/p>\n<hr \/>\n<p><strong>Przedmiot M\u00f3wie<\/strong> (do 21.07., Plac Dominika\u0144ski)<\/p>\n<p>Podczas pandemii cz\u0142owiek musi si\u0119 zmierzy\u0107 z wieloma wyzwaniami. Czas izolacji by\u0142 pretekstem do spojrzenia inaczej na rzeczy codziennego u\u017cytku. Ka\u017cdy przedmiot ma przecie\u017c swoj\u0105 histori\u0119, wystarczy si\u0119 w niego ws\u0142ucha\u0107 a mo\u017cna us\u0142ysze\u0107 opowie\u015b\u0107 pozornie niemego przedmiotu.<br \/>\nWystawa Przedmiot M\u00f3wie sk\u0142ada si\u0119 ze statycznych grafik, kt\u00f3re dzi\u0119ki aplikacji Artivive o\u017cywaj\u0105 i ukazuj\u0105 film animowany prezentuj\u0105cy przemy\u015blenia i rozwa\u017cania os\u00f3b zmuszonych do nauki zdalnej podczas swojego najbardziej tw\u00f3rczego okresu \u017cycia.<br \/>\nNie jest to jednak zwyk\u0142a wystawa, b\u0105d\u017a czujny i szukaj statycznych grafik rozwieszonych na terenie Starego Miasta. Swoj\u0105 w\u0119dr\u00f3wk\u0119 rozpocznij na Placu Dominika\u0144skim i koniecznie pobierz aplikacj\u0119 Artivive. Autorzy: Studenci Wydzia\u0142u Artystycznego UMCS w Lublinie oraz Wydzia\u0142u Sztuki Nowych Medi\u00f3w Polsko-Japo\u0144skiej Szko\u0142y Akademii Technik Komputerowych w Warszawie pod kierunkiem dr Joanny Polak.<\/p>\n<\/div><\/div><\/div><div class=\"fusion-layout-column fusion_builder_column fusion-builder-column-3 fusion_builder_column_2_5 2_5 fusion-flex-column\" style=\"--awb-bg-size:cover;--awb-width-large:40%;--awb-margin-top-large:0px;--awb-spacing-right-large:4.8%;--awb-margin-bottom-large:0px;--awb-spacing-left-large:4.8%;--awb-width-medium:40%;--awb-order-medium:0;--awb-spacing-right-medium:4.8%;--awb-spacing-left-medium:4.8%;--awb-width-small:100%;--awb-order-small:0;--awb-spacing-right-small:1.92%;--awb-spacing-left-small:1.92%;\"><div class=\"fusion-column-wrapper fusion-column-has-shadow fusion-flex-justify-content-flex-start fusion-content-layout-column\"><div class=\"fusion-image-element \" style=\"--awb-caption-title-font-family:var(--h2_typography-font-family);--awb-caption-title-font-weight:var(--h2_typography-font-weight);--awb-caption-title-font-style:var(--h2_typography-font-style);--awb-caption-title-size:var(--h2_typography-font-size);--awb-caption-title-transform:var(--h2_typography-text-transform);--awb-caption-title-line-height:var(--h2_typography-line-height);--awb-caption-title-letter-spacing:var(--h2_typography-letter-spacing);\"><span class=\" fusion-imageframe imageframe-none imageframe-2 hover-type-none\"><img decoding=\"async\" width=\"1338\" height=\"1897\" alt=\"Grafika przedstawia plakat Nocy Kultury. Niebieska plansza z k\u00f3\u0142kami w \u017c\u00f3\u0142tych oraz r\u00f3\u017cowych kolorach. W dolnej cz\u0119\u015bci logo Nocy Kultyry oraz napis: &quot;Noc Kultury - Moc Kultury Lublin - Stare Miasto 4 czerwca - 21 lipca 2021&quot;.\" title=\"plakat net\" src=\"https:\/\/nockultury.pl\/wp-content\/uploads\/2021\/05\/plakat-net.jpg\" data-orig-src=\"https:\/\/nockultury.pl\/wp-content\/uploads\/2021\/05\/plakat-net.jpg\" class=\"lazyload img-responsive wp-image-40798\" srcset=\"data:image\/svg+xml,%3Csvg%20xmlns%3D%27http%3A%2F%2Fwww.w3.org%2F2000%2Fsvg%27%20width%3D%271338%27%20height%3D%271897%27%20viewBox%3D%270%200%201338%201897%27%3E%3Crect%20width%3D%271338%27%20height%3D%271897%27%20fill-opacity%3D%220%22%2F%3E%3C%2Fsvg%3E\" data-srcset=\"https:\/\/nockultury.pl\/wp-content\/uploads\/2021\/05\/plakat-net-200x284.jpg 200w, https:\/\/nockultury.pl\/wp-content\/uploads\/2021\/05\/plakat-net-400x567.jpg 400w, https:\/\/nockultury.pl\/wp-content\/uploads\/2021\/05\/plakat-net-600x851.jpg 600w, https:\/\/nockultury.pl\/wp-content\/uploads\/2021\/05\/plakat-net-800x1134.jpg 800w, https:\/\/nockultury.pl\/wp-content\/uploads\/2021\/05\/plakat-net-1200x1701.jpg 1200w, https:\/\/nockultury.pl\/wp-content\/uploads\/2021\/05\/plakat-net.jpg 1338w\" data-sizes=\"auto\" data-orig-sizes=\"(max-width: 640px) 100vw, 800px\" \/><\/span><\/div><\/div><\/div><\/div><\/div><\/p>\n","protected":false},"excerpt":{"rendered":"","protected":false},"author":1,"featured_media":0,"parent":0,"menu_order":0,"comment_status":"closed","ping_status":"closed","template":"","meta":{"_acf_changed":false,"ngg_post_thumbnail":0,"footnotes":""},"class_list":["post-40781","page","type-page","status-publish","hentry"],"acf":[],"yoast_head":"<!-- This site is optimized with the Yoast SEO plugin v26.1.1 - https:\/\/yoast.com\/wordpress\/plugins\/seo\/ -->\n<title>Program Nocy Kultury - Noc Kultury<\/title>\n<meta name=\"robots\" content=\"index, follow, max-snippet:-1, max-image-preview:large, max-video-preview:-1\" \/>\n<link rel=\"canonical\" href=\"https:\/\/nockultury.pl\/pl\/program-nk\/\" \/>\n<meta property=\"og:locale\" content=\"pl_PL\" \/>\n<meta property=\"og:type\" content=\"article\" \/>\n<meta property=\"og:title\" content=\"Program Nocy Kultury - Noc Kultury\" \/>\n<meta property=\"og:url\" content=\"https:\/\/nockultury.pl\/pl\/program-nk\/\" \/>\n<meta property=\"og:site_name\" content=\"Noc Kultury\" \/>\n<meta property=\"article:publisher\" content=\"https:\/\/www.facebook.com\/NocKultury\/\" \/>\n<meta property=\"article:modified_time\" content=\"2021-07-16T11:17:50+00:00\" \/>\n<meta property=\"og:image\" content=\"https:\/\/nockultury.pl\/wp-content\/uploads\/2026\/04\/666909448_952682540483720_5385792266393922546_n-1.jpg\" \/>\n\t<meta property=\"og:image:width\" content=\"2048\" \/>\n\t<meta property=\"og:image:height\" content=\"1072\" \/>\n\t<meta property=\"og:image:type\" content=\"image\/jpeg\" \/>\n<meta name=\"twitter:card\" content=\"summary_large_image\" \/>\n<meta name=\"twitter:label1\" content=\"Szacowany czas czytania\" \/>\n\t<meta name=\"twitter:data1\" content=\"20 minut\" \/>\n<script type=\"application\/ld+json\" class=\"yoast-schema-graph\">{\"@context\":\"https:\/\/schema.org\",\"@graph\":[{\"@type\":\"WebPage\",\"@id\":\"https:\/\/nockultury.pl\/pl\/program-nk\/\",\"url\":\"https:\/\/nockultury.pl\/pl\/program-nk\/\",\"name\":\"Program Nocy Kultury - Noc Kultury\",\"isPartOf\":{\"@id\":\"https:\/\/nockultury.pl\/pl\/#website\"},\"datePublished\":\"2021-05-21T13:58:31+00:00\",\"dateModified\":\"2021-07-16T11:17:50+00:00\",\"breadcrumb\":{\"@id\":\"https:\/\/nockultury.pl\/pl\/program-nk\/#breadcrumb\"},\"inLanguage\":\"pl-PL\",\"potentialAction\":[{\"@type\":\"ReadAction\",\"target\":[\"https:\/\/nockultury.pl\/pl\/program-nk\/\"]}]},{\"@type\":\"BreadcrumbList\",\"@id\":\"https:\/\/nockultury.pl\/pl\/program-nk\/#breadcrumb\",\"itemListElement\":[{\"@type\":\"ListItem\",\"position\":1,\"name\":\"Strona g\u0142\u00f3wna\",\"item\":\"https:\/\/nockultury.pl\/pl\/\"},{\"@type\":\"ListItem\",\"position\":2,\"name\":\"Program Nocy Kultury\"}]},{\"@type\":\"WebSite\",\"@id\":\"https:\/\/nockultury.pl\/pl\/#website\",\"url\":\"https:\/\/nockultury.pl\/pl\/\",\"name\":\"Noc Kultury\",\"description\":\"Lublin, Stare Miasto | wst\u0119p wolny\",\"publisher\":{\"@id\":\"https:\/\/nockultury.pl\/pl\/#organization\"},\"potentialAction\":[{\"@type\":\"SearchAction\",\"target\":{\"@type\":\"EntryPoint\",\"urlTemplate\":\"https:\/\/nockultury.pl\/pl\/?s={search_term_string}\"},\"query-input\":{\"@type\":\"PropertyValueSpecification\",\"valueRequired\":true,\"valueName\":\"search_term_string\"}}],\"inLanguage\":\"pl-PL\"},{\"@type\":\"Organization\",\"@id\":\"https:\/\/nockultury.pl\/pl\/#organization\",\"name\":\"Warsztaty Kultury w Lublinie\",\"url\":\"https:\/\/nockultury.pl\/pl\/\",\"logo\":{\"@type\":\"ImageObject\",\"inLanguage\":\"pl-PL\",\"@id\":\"https:\/\/nockultury.pl\/pl\/#\/schema\/logo\/image\/\",\"url\":\"https:\/\/nockultury.pl\/wp-content\/uploads\/2020\/03\/NOC-KULTURY-LOGO-170.jpg\",\"contentUrl\":\"https:\/\/nockultury.pl\/wp-content\/uploads\/2020\/03\/NOC-KULTURY-LOGO-170.jpg\",\"width\":170,\"height\":79,\"caption\":\"Warsztaty Kultury w Lublinie\"},\"image\":{\"@id\":\"https:\/\/nockultury.pl\/pl\/#\/schema\/logo\/image\/\"},\"sameAs\":[\"https:\/\/www.facebook.com\/NocKultury\/\",\"https:\/\/www.instagram.com\/nockultury\/\",\"https:\/\/www.youtube.com\/@videonockultury\"]}]}<\/script>\n<!-- \/ Yoast SEO plugin. -->","yoast_head_json":{"title":"Program Nocy Kultury - Noc Kultury","robots":{"index":"index","follow":"follow","max-snippet":"max-snippet:-1","max-image-preview":"max-image-preview:large","max-video-preview":"max-video-preview:-1"},"canonical":"https:\/\/nockultury.pl\/pl\/program-nk\/","og_locale":"pl_PL","og_type":"article","og_title":"Program Nocy Kultury - Noc Kultury","og_url":"https:\/\/nockultury.pl\/pl\/program-nk\/","og_site_name":"Noc Kultury","article_publisher":"https:\/\/www.facebook.com\/NocKultury\/","article_modified_time":"2021-07-16T11:17:50+00:00","og_image":[{"width":2048,"height":1072,"url":"https:\/\/nockultury.pl\/wp-content\/uploads\/2026\/04\/666909448_952682540483720_5385792266393922546_n-1.jpg","type":"image\/jpeg"}],"twitter_card":"summary_large_image","twitter_misc":{"Szacowany czas czytania":"20 minut"},"schema":{"@context":"https:\/\/schema.org","@graph":[{"@type":"WebPage","@id":"https:\/\/nockultury.pl\/pl\/program-nk\/","url":"https:\/\/nockultury.pl\/pl\/program-nk\/","name":"Program Nocy Kultury - Noc Kultury","isPartOf":{"@id":"https:\/\/nockultury.pl\/pl\/#website"},"datePublished":"2021-05-21T13:58:31+00:00","dateModified":"2021-07-16T11:17:50+00:00","breadcrumb":{"@id":"https:\/\/nockultury.pl\/pl\/program-nk\/#breadcrumb"},"inLanguage":"pl-PL","potentialAction":[{"@type":"ReadAction","target":["https:\/\/nockultury.pl\/pl\/program-nk\/"]}]},{"@type":"BreadcrumbList","@id":"https:\/\/nockultury.pl\/pl\/program-nk\/#breadcrumb","itemListElement":[{"@type":"ListItem","position":1,"name":"Strona g\u0142\u00f3wna","item":"https:\/\/nockultury.pl\/pl\/"},{"@type":"ListItem","position":2,"name":"Program Nocy Kultury"}]},{"@type":"WebSite","@id":"https:\/\/nockultury.pl\/pl\/#website","url":"https:\/\/nockultury.pl\/pl\/","name":"Noc Kultury","description":"Lublin, Stare Miasto | wst\u0119p wolny","publisher":{"@id":"https:\/\/nockultury.pl\/pl\/#organization"},"potentialAction":[{"@type":"SearchAction","target":{"@type":"EntryPoint","urlTemplate":"https:\/\/nockultury.pl\/pl\/?s={search_term_string}"},"query-input":{"@type":"PropertyValueSpecification","valueRequired":true,"valueName":"search_term_string"}}],"inLanguage":"pl-PL"},{"@type":"Organization","@id":"https:\/\/nockultury.pl\/pl\/#organization","name":"Warsztaty Kultury w Lublinie","url":"https:\/\/nockultury.pl\/pl\/","logo":{"@type":"ImageObject","inLanguage":"pl-PL","@id":"https:\/\/nockultury.pl\/pl\/#\/schema\/logo\/image\/","url":"https:\/\/nockultury.pl\/wp-content\/uploads\/2020\/03\/NOC-KULTURY-LOGO-170.jpg","contentUrl":"https:\/\/nockultury.pl\/wp-content\/uploads\/2020\/03\/NOC-KULTURY-LOGO-170.jpg","width":170,"height":79,"caption":"Warsztaty Kultury w Lublinie"},"image":{"@id":"https:\/\/nockultury.pl\/pl\/#\/schema\/logo\/image\/"},"sameAs":["https:\/\/www.facebook.com\/NocKultury\/","https:\/\/www.instagram.com\/nockultury\/","https:\/\/www.youtube.com\/@videonockultury"]}]}},"_links":{"self":[{"href":"https:\/\/nockultury.pl\/pl\/wp-json\/wp\/v2\/pages\/40781","targetHints":{"allow":["GET"]}}],"collection":[{"href":"https:\/\/nockultury.pl\/pl\/wp-json\/wp\/v2\/pages"}],"about":[{"href":"https:\/\/nockultury.pl\/pl\/wp-json\/wp\/v2\/types\/page"}],"author":[{"embeddable":true,"href":"https:\/\/nockultury.pl\/pl\/wp-json\/wp\/v2\/users\/1"}],"replies":[{"embeddable":true,"href":"https:\/\/nockultury.pl\/pl\/wp-json\/wp\/v2\/comments?post=40781"}],"version-history":[{"count":0,"href":"https:\/\/nockultury.pl\/pl\/wp-json\/wp\/v2\/pages\/40781\/revisions"}],"wp:attachment":[{"href":"https:\/\/nockultury.pl\/pl\/wp-json\/wp\/v2\/media?parent=40781"}],"curies":[{"name":"wp","href":"https:\/\/api.w.org\/{rel}","templated":true}]}}