{"id":49070,"date":"2025-05-23T19:13:36","date_gmt":"2025-05-23T17:13:36","guid":{"rendered":"https:\/\/nockultury.pl\/?page_id=49070"},"modified":"2025-05-23T20:42:52","modified_gmt":"2025-05-23T18:42:52","slug":"sceny-nocy-kultury-202","status":"publish","type":"page","link":"https:\/\/nockultury.pl\/pl\/sceny-nocy-kultury-202\/","title":{"rendered":"Sceny Nocy Kultury 2025"},"content":{"rendered":"<p><div class=\"fusion-fullwidth fullwidth-box fusion-builder-row-1 fusion-flex-container has-pattern-background has-mask-background nonhundred-percent-fullwidth non-hundred-percent-height-scrolling fusion-no-small-visibility\" style=\"--awb-border-radius-top-left:0px;--awb-border-radius-top-right:0px;--awb-border-radius-bottom-right:0px;--awb-border-radius-bottom-left:0px;--awb-padding-right:4%;--awb-padding-left:4%;--awb-margin-top:13%;--awb-margin-bottom:3%;--awb-background-color:rgba(255,255,255,0);--awb-flex-wrap:wrap;\" ><div class=\"fusion-builder-row fusion-row fusion-flex-align-items-flex-start fusion-flex-content-wrap\" style=\"max-width:1996.8px;margin-left: calc(-4% \/ 2 );margin-right: calc(-4% \/ 2 );\"><div class=\"fusion-layout-column fusion_builder_column fusion-builder-column-0 fusion_builder_column_1_2 1_2 fusion-flex-column\" style=\"--awb-padding-right:62px;--awb-padding-bottom:5%;--awb-padding-left:87px;--awb-overflow:hidden;--awb-bg-color:rgba(0,0,0,0.75);--awb-bg-color-hover:rgba(0,0,0,0.75);--awb-bg-size:cover;--awb-box-shadow:2px 2px 10px 0px rgba(0,0,0,0.88);;--awb-border-radius:10px 10px 10px 10px;--awb-width-large:50%;--awb-margin-top-large:0px;--awb-spacing-right-large:3.84%;--awb-margin-bottom-large:0px;--awb-spacing-left-large:0%;--awb-width-medium:50%;--awb-spacing-right-medium:3.84%;--awb-spacing-left-medium:0%;--awb-width-small:100%;--awb-margin-top-small:334px;--awb-spacing-right-small:1.92%;--awb-margin-bottom-small:0%;--awb-spacing-left-small:1.92%;\"><div class=\"fusion-column-wrapper fusion-column-has-shadow fusion-flex-justify-content-flex-start fusion-content-layout-block\"><div class=\"fusion-text fusion-text-1\"><h1>Nasze Sceny&nbsp;<\/h1>\n<div>&nbsp;<\/div>\n<\/div><div class=\"fusion-builder-row fusion-builder-row-inner fusion-row fusion-flex-align-items-flex-start fusion-flex-content-wrap\" style=\"width:104% !important;max-width:104% !important;margin-left: calc(-4% \/ 2 );margin-right: calc(-4% \/ 2 );\"><div class=\"fusion-layout-column fusion_builder_column_inner fusion-builder-nested-column-0 fusion_builder_column_inner_1_2 1_2 fusion-flex-column\" style=\"--awb-bg-size:cover;--awb-width-large:50%;--awb-margin-top-large:0px;--awb-spacing-right-large:3.84%;--awb-margin-bottom-large:0px;--awb-spacing-left-large:3.84%;--awb-width-medium:50%;--awb-order-medium:0;--awb-spacing-right-medium:3.84%;--awb-spacing-left-medium:3.84%;--awb-width-small:100%;--awb-order-small:0;--awb-spacing-right-small:1.92%;--awb-spacing-left-small:1.92%;\"><div class=\"fusion-column-wrapper fusion-column-has-shadow fusion-flex-justify-content-flex-start fusion-content-layout-column\"><div class=\"fusion-text fusion-text-2\"><h2>Scena Nieoczywista<\/h2>\n<h3>przy Wojew\u00f3dzkiej Bibliotece Publicznej im. Hieronima \u0141opaci\u0144skiego w Lublinie<\/h3>\n<p>&nbsp;<\/p>\n<p><strong>To miejsce spotka\u0144 r\u00f3\u017cnych muzycznych \u015bwiat\u00f3w \u2013 od filmowych aran\u017cacji, przez dzieci\u0119c\u0105 energi\u0119, po latynoskie rytmy i m\u0142od\u0105 scen\u0119 lokaln\u0105. To przestrze\u0144 pe\u0142na autentyczno\u015bci, eksperyment\u00f3w i zaskocze\u0144 \u2013 bez gatunkowych ogranicze\u0144, dla tych, kt\u00f3rzy chc\u0105 odkrywa\u0107 muzyk\u0119 na nowo.<\/strong><\/p>\n<\/div><\/div><\/div><div class=\"fusion-layout-column fusion_builder_column_inner fusion-builder-nested-column-1 fusion_builder_column_inner_1_2 1_2 fusion-flex-column\" style=\"--awb-bg-size:cover;--awb-width-large:50%;--awb-margin-top-large:0px;--awb-spacing-right-large:3.84%;--awb-margin-bottom-large:0px;--awb-spacing-left-large:3.84%;--awb-width-medium:50%;--awb-order-medium:0;--awb-spacing-right-medium:3.84%;--awb-spacing-left-medium:3.84%;--awb-width-small:100%;--awb-order-small:0;--awb-spacing-right-small:1.92%;--awb-spacing-left-small:1.92%;\"><div class=\"fusion-column-wrapper fusion-column-has-shadow fusion-flex-justify-content-flex-start fusion-content-layout-column\"><div class=\"fusion-text fusion-text-3\"><h2><strong>Co tu us\u0142yszysz i zobaczysz?<\/strong><\/h2>\n<p><strong><br \/>\n19.00-20.00 |<\/strong> <a href=\"https:\/\/nockultury.pl\/pl\/events\/koncert-mauricio-diaz-alvarez-gitara\/\"><strong>Koncert muzyki filmowej \u2013 Orkiestra Wojskowa w Lublinie pod batut\u0105 kapitana Piotra Ko\u0142odzieja<\/strong><\/a><br \/>\n<strong>20.00-20.30 |<\/strong> <a href=\"https:\/\/nockultury.pl\/pl\/events\/jam-session-stypendystow-programu-stypendiow-rozwoju-stowarzyszenia-homo-faber\/\"><strong>Jam Session stypendyst\u00f3w Programu Stypendi\u00f3w Rozwoju Stowarzyszenia Homo Faber<\/strong><\/a><br \/>\n<strong>20.30\u201321.00 |<\/strong> <strong>Wyst\u0119p Oliwii Ko\u0142buk<\/strong><br \/>\nOliwia Ko\u0142buk \u2013 p\u00f3\u0142finalistka 6 edycji The Voice Kids z dru\u017cyny Dawida Kwiatkowskiego. Sw\u00f3j wokal kszta\u0142ci w Studio Muzyki Rozrywkowej w Lublinie u Pani Anety D\u0105bskiej. Oliwia jest wielokrotn\u0105 laureatk\u0105 konkurs\u00f3w i festiwali wokalnych na szczeblach wojew\u00f3dzkich, og\u00f3lnopolskich i mi\u0119dzynarodowych. W ostatnim czasie Oliwia zosta\u0142a stypendystk\u0105 Urz\u0119du Marsza\u0142kowskiego w Lublinie z projektu \u201eLubelskie wspiera uzdolnionych 2024-2025.<br \/>\n<strong>21.00 \u2013 21.30<\/strong> <strong>|<\/strong><a href=\"https:\/\/nockultury.pl\/pl\/events\/koncert-mauricio-diaz-alvarez-gitara\/\"><strong> Koncert \u2013 Mauricio D\u00edaz \u00c1lvarez (gitara)<\/strong><\/a><br \/>\n<strong>21.30 \u2013 01.00 |&nbsp;<\/strong><a href=\"https:\/\/nockultury.pl\/pl\/events\/scena-ad-hoc-ackim-umcs-chatka-zaka\/\"><strong> Scena AD HOC<\/strong><\/a><\/p>\n<\/div><\/div><\/div><\/div><\/div><\/div><div class=\"fusion-layout-column fusion_builder_column fusion-builder-column-1 fusion_builder_column_1_2 1_2 fusion-flex-column fusion-no-small-visibility fusion-no-medium-visibility\" style=\"--awb-padding-bottom:2%;--awb-overflow:hidden;--awb-bg-color:rgba(0,0,0,0.83);--awb-bg-color-hover:rgba(0,0,0,0.83);--awb-bg-size:cover;--awb-box-shadow:2px 2px 6px 1px rgba(0,0,0,0.36);;--awb-border-radius:10px 10px 10px 10px;--awb-width-large:50%;--awb-margin-top-large:0px;--awb-spacing-right-large:0.576%;--awb-margin-bottom-large:0px;--awb-spacing-left-large:2.56%;--awb-width-medium:50%;--awb-order-medium:0;--awb-spacing-right-medium:0.576%;--awb-spacing-left-medium:2.56%;--awb-width-small:100%;--awb-order-small:0;--awb-spacing-right-small:1.92%;--awb-margin-bottom-small:3%;--awb-spacing-left-small:1.92%;\"><div class=\"fusion-column-wrapper fusion-column-has-shadow fusion-flex-justify-content-flex-start fusion-content-layout-block\"><div class=\"fusion-slider-sc fusion-flexslider-loading flexslider flexslider-hover-type-none\" data-slideshow_autoplay=\"1\" data-slideshow_smooth_height=\"0\" data-slideshow_speed=\"7000\" style=\"max-width:100%;height:100%;\"><ul class=\"slides\"><li class=\"image\"><span class=\"lazyload fusion-image-hover-element hover-type-none\"><img decoding=\"async\" src=\"https:\/\/nockultury.pl\/wp-content\/uploads\/2025\/05\/Katarzyna-Szawloga-22.webp\" data-orig-src=\"https:\/\/nockultury.pl\/wp-content\/uploads\/2025\/05\/Katarzyna-Szawloga-22.webp\" alt=\"M\u0119\u017cczyzna gra na gitarze.\" width=\"1920\" height=\"1280\" class=\"lazyload wp-image-49128\" srcset=\"data:image\/svg+xml,%3Csvg%20xmlns%3D%27http%3A%2F%2Fwww.w3.org%2F2000%2Fsvg%27%20width%3D%271920%27%20height%3D%271280%27%20viewBox%3D%270%200%201920%201280%27%3E%3Crect%20width%3D%271920%27%20height%3D%271280%27%20fill-opacity%3D%220%22%2F%3E%3C%2Fsvg%3E\" data-srcset=\"https:\/\/nockultury.pl\/wp-content\/uploads\/2025\/05\/Katarzyna-Szawloga-22-200x133.webp 200w, https:\/\/nockultury.pl\/wp-content\/uploads\/2025\/05\/Katarzyna-Szawloga-22-300x200.webp 300w, https:\/\/nockultury.pl\/wp-content\/uploads\/2025\/05\/Katarzyna-Szawloga-22-391x260.webp 391w, https:\/\/nockultury.pl\/wp-content\/uploads\/2025\/05\/Katarzyna-Szawloga-22-400x267.webp 400w, https:\/\/nockultury.pl\/wp-content\/uploads\/2025\/05\/Katarzyna-Szawloga-22-600x400.webp 600w, https:\/\/nockultury.pl\/wp-content\/uploads\/2025\/05\/Katarzyna-Szawloga-22-768x512.webp 768w, https:\/\/nockultury.pl\/wp-content\/uploads\/2025\/05\/Katarzyna-Szawloga-22-800x533.webp 800w, https:\/\/nockultury.pl\/wp-content\/uploads\/2025\/05\/Katarzyna-Szawloga-22-1024x683.webp 1024w, https:\/\/nockultury.pl\/wp-content\/uploads\/2025\/05\/Katarzyna-Szawloga-22-1200x800.webp 1200w, https:\/\/nockultury.pl\/wp-content\/uploads\/2025\/05\/Katarzyna-Szawloga-22-1536x1024.webp 1536w, https:\/\/nockultury.pl\/wp-content\/uploads\/2025\/05\/Katarzyna-Szawloga-22.webp 1920w\" data-sizes=\"auto\" data-orig-sizes=\"(max-width: 640px) 100vw, 1200px\" \/><\/span><\/li><li class=\"image\"><span class=\"lazyload fusion-image-hover-element hover-type-none\"><img decoding=\"async\" src=\"https:\/\/nockultury.pl\/wp-content\/uploads\/2025\/05\/hhhhhhhhhhmmmmm.jpg\" data-orig-src=\"https:\/\/nockultury.pl\/wp-content\/uploads\/2025\/05\/hhhhhhhhhhmmmmm.jpg\" alt=\"Koncert. Na scenie wokalistka, a dooko\u0142a t\u0142um ludzi.\" width=\"2000\" height=\"1335\" class=\"lazyload wp-image-49136\" srcset=\"data:image\/svg+xml,%3Csvg%20xmlns%3D%27http%3A%2F%2Fwww.w3.org%2F2000%2Fsvg%27%20width%3D%272000%27%20height%3D%271335%27%20viewBox%3D%270%200%202000%201335%27%3E%3Crect%20width%3D%272000%27%20height%3D%271335%27%20fill-opacity%3D%220%22%2F%3E%3C%2Fsvg%3E\" data-srcset=\"https:\/\/nockultury.pl\/wp-content\/uploads\/2025\/05\/hhhhhhhhhhmmmmm-200x134.jpg 200w, https:\/\/nockultury.pl\/wp-content\/uploads\/2025\/05\/hhhhhhhhhhmmmmm-400x267.jpg 400w, https:\/\/nockultury.pl\/wp-content\/uploads\/2025\/05\/hhhhhhhhhhmmmmm-600x401.jpg 600w, https:\/\/nockultury.pl\/wp-content\/uploads\/2025\/05\/hhhhhhhhhhmmmmm-800x534.jpg 800w, https:\/\/nockultury.pl\/wp-content\/uploads\/2025\/05\/hhhhhhhhhhmmmmm-1200x801.jpg 1200w, https:\/\/nockultury.pl\/wp-content\/uploads\/2025\/05\/hhhhhhhhhhmmmmm.jpg 2000w\" data-sizes=\"auto\" data-orig-sizes=\"(max-width: 640px) 100vw, 1200px\" \/><\/span><\/li><\/ul><\/div><\/div><\/div><\/div><\/div><div class=\"fusion-fullwidth fullwidth-box fusion-builder-row-2 fusion-flex-container has-pattern-background has-mask-background nonhundred-percent-fullwidth non-hundred-percent-height-scrolling fusion-no-small-visibility\" style=\"--awb-border-radius-top-left:0px;--awb-border-radius-top-right:0px;--awb-border-radius-bottom-right:0px;--awb-border-radius-bottom-left:0px;--awb-padding-right:4%;--awb-padding-left:4%;--awb-margin-top:0%;--awb-margin-bottom:0%;--awb-background-color:rgba(255,255,255,0);--awb-flex-wrap:wrap;\" ><div class=\"fusion-builder-row fusion-row fusion-flex-align-items-flex-start fusion-flex-content-wrap\" style=\"max-width:1996.8px;margin-left: calc(-4% \/ 2 );margin-right: calc(-4% \/ 2 );\"><div class=\"fusion-layout-column fusion_builder_column fusion-builder-column-2 fusion_builder_column_1_2 1_2 fusion-flex-column\" style=\"--awb-padding-right:62px;--awb-padding-bottom:5%;--awb-padding-left:87px;--awb-overflow:hidden;--awb-bg-color:rgba(0,0,0,0.75);--awb-bg-color-hover:rgba(0,0,0,0.75);--awb-bg-size:cover;--awb-box-shadow:2px 2px 10px 0px rgba(0,0,0,0.88);;--awb-border-radius:10px 10px 10px 10px;--awb-width-large:50%;--awb-margin-top-large:0px;--awb-spacing-right-large:3.84%;--awb-margin-bottom-large:0px;--awb-spacing-left-large:0%;--awb-width-medium:50%;--awb-spacing-right-medium:3.84%;--awb-spacing-left-medium:0%;--awb-width-small:100%;--awb-spacing-right-small:1.92%;--awb-margin-bottom-small:3%;--awb-spacing-left-small:1.92%;\"><div class=\"fusion-column-wrapper fusion-column-has-shadow fusion-flex-justify-content-flex-start fusion-content-layout-block\"><div class=\"fusion-builder-row fusion-builder-row-inner fusion-row fusion-flex-align-items-flex-start fusion-flex-content-wrap\" style=\"width:104% !important;max-width:104% !important;margin-left: calc(-4% \/ 2 );margin-right: calc(-4% \/ 2 );\"><div class=\"fusion-layout-column fusion_builder_column_inner fusion-builder-nested-column-2 fusion_builder_column_inner_1_2 1_2 fusion-flex-column\" style=\"--awb-bg-size:cover;--awb-width-large:50%;--awb-margin-top-large:0px;--awb-spacing-right-large:3.84%;--awb-margin-bottom-large:0px;--awb-spacing-left-large:3.84%;--awb-width-medium:50%;--awb-order-medium:0;--awb-spacing-right-medium:3.84%;--awb-spacing-left-medium:3.84%;--awb-width-small:100%;--awb-order-small:0;--awb-spacing-right-small:1.92%;--awb-spacing-left-small:1.92%;\"><div class=\"fusion-column-wrapper fusion-column-has-shadow fusion-flex-justify-content-flex-start fusion-content-layout-column\"><div class=\"fusion-text fusion-text-4\"><h2>Korzenie i Improwizacje<\/h2>\n<h3>scena przy Ratuszu<\/h3>\n<p><strong>Scena, gdzie tradycja spotyka nowoczesno\u015b\u0107. Folk, jazz i alternatywa przeplataj\u0105 si\u0119 w wykonaniach legend, m\u0142odych talent\u00f3w i autorskich projekt\u00f3w. To wiecz\u00f3r pe\u0142en emocji, improwizacji i muzycznej r\u00f3\u017cnorodno\u015bci.<\/strong><\/p>\n<\/div><\/div><\/div><div class=\"fusion-layout-column fusion_builder_column_inner fusion-builder-nested-column-3 fusion_builder_column_inner_1_2 1_2 fusion-flex-column\" style=\"--awb-bg-size:cover;--awb-width-large:50%;--awb-margin-top-large:0px;--awb-spacing-right-large:3.84%;--awb-margin-bottom-large:0px;--awb-spacing-left-large:3.84%;--awb-width-medium:50%;--awb-order-medium:0;--awb-spacing-right-medium:3.84%;--awb-spacing-left-medium:3.84%;--awb-width-small:100%;--awb-order-small:0;--awb-spacing-right-small:1.92%;--awb-spacing-left-small:1.92%;\"><div class=\"fusion-column-wrapper fusion-column-has-shadow fusion-flex-justify-content-flex-start fusion-content-layout-column\"><div class=\"fusion-text fusion-text-5\"><h2>Co tu us\u0142yszysz i zobaczysz?<\/h2>\n<p><strong>19.00-20.00 | <a href=\"https:\/\/nockultury.pl\/pl\/events\/korzenie-i-improwizacje-scena-przy-ratuszu-orkiestra-sw-mikolaja\/\">Orkiestra \u015aw. Miko\u0142aja<\/a><br \/>\n<\/strong><strong>20.00-21.00 | <a href=\"https:\/\/nockultury.pl\/pl\/events\/jazz-na-starym-miescie-uczniowie-i-uczennice-lubelskiej-szkoly-jazzu-i-muzyki-rozrywkowej-ii-stopnia\/\">Jazz na Starym Mie\u015bcie &#8211; Lubelska Szko\u0142a Jazzu i Muzyki Rozrywkowej II stopnia<\/a><\/strong><br \/>\n<strong>21.00-22.00 | <a href=\"https:\/\/nockultury.pl\/pl\/events\/jazz-noca-koncert-mlodych-wokalistow-w-towarzystwie-trio-jazzowego\/\">Jazz noc\u0105 | Koncert m\u0142odych wokalist\u00f3w w towarzystwie trio jazzowego &#8211; Rytm i Melodia Szko\u0142a Muzyczna<\/a><br \/>\n<\/strong><strong>22.00-23.00 | <a href=\"https:\/\/nockultury.pl\/pl\/events\/koncert-jazzowy-anny-banas\/\">Koncert jazzowy Anny Bana\u015b<\/a><br \/>\n<\/strong><strong>23.00-00.00 | <a href=\"https:\/\/nockultury.pl\/pl\/events\/koncert-zespolu-mohipisian\/\">Koncert zespo\u0142u Mohipisian<\/a><br \/>\n<\/strong><strong>00.00-01.00 | <a href=\"https:\/\/nockultury.pl\/pl\/events\/koncert-zespolu-milion-limonow-2025\/\">koncert zespo\u0142u Milion Limon\u00f3w <\/a><\/strong><\/p>\n<\/div><\/div><\/div><\/div><\/div><\/div><div class=\"fusion-layout-column fusion_builder_column fusion-builder-column-3 fusion_builder_column_1_2 1_2 fusion-flex-column fusion-no-small-visibility fusion-no-medium-visibility\" style=\"--awb-padding-bottom:2%;--awb-overflow:hidden;--awb-bg-color:rgba(0,0,0,0.83);--awb-bg-color-hover:rgba(0,0,0,0.83);--awb-bg-size:cover;--awb-box-shadow:2px 2px 6px 1px rgba(0,0,0,0.36);;--awb-border-radius:10px 10px 10px 10px;--awb-width-large:50%;--awb-margin-top-large:0px;--awb-spacing-right-large:0.576%;--awb-margin-bottom-large:0px;--awb-spacing-left-large:2.56%;--awb-width-medium:50%;--awb-order-medium:0;--awb-spacing-right-medium:0.576%;--awb-spacing-left-medium:2.56%;--awb-width-small:100%;--awb-order-small:0;--awb-spacing-right-small:1.92%;--awb-margin-bottom-small:3%;--awb-spacing-left-small:1.92%;\"><div class=\"fusion-column-wrapper fusion-column-has-shadow fusion-flex-justify-content-flex-start fusion-content-layout-block\"><div class=\"fusion-slider-sc fusion-flexslider-loading flexslider flexslider-hover-type-none\" data-slideshow_autoplay=\"1\" data-slideshow_smooth_height=\"0\" data-slideshow_speed=\"7000\" style=\"max-width:100%;height:100%;\"><ul class=\"slides\"><li class=\"image\"><span class=\"lazyload fusion-image-hover-element hover-type-none\"><img decoding=\"async\" src=\"https:\/\/nockultury.pl\/wp-content\/uploads\/2025\/05\/fot.-Alicja-Miekina.webp\" data-orig-src=\"https:\/\/nockultury.pl\/wp-content\/uploads\/2025\/05\/fot.-Alicja-Miekina.webp\" alt=\"M\u0119\u017cczyzna gra na wiolonczeli.\" width=\"1920\" height=\"1275\" class=\"lazyload wp-image-49124\" srcset=\"data:image\/svg+xml,%3Csvg%20xmlns%3D%27http%3A%2F%2Fwww.w3.org%2F2000%2Fsvg%27%20width%3D%271920%27%20height%3D%271275%27%20viewBox%3D%270%200%201920%201275%27%3E%3Crect%20width%3D%271920%27%20height%3D%271275%27%20fill-opacity%3D%220%22%2F%3E%3C%2Fsvg%3E\" data-srcset=\"https:\/\/nockultury.pl\/wp-content\/uploads\/2025\/05\/fot.-Alicja-Miekina-200x133.webp 200w, https:\/\/nockultury.pl\/wp-content\/uploads\/2025\/05\/fot.-Alicja-Miekina-300x199.webp 300w, https:\/\/nockultury.pl\/wp-content\/uploads\/2025\/05\/fot.-Alicja-Miekina-391x260.webp 391w, https:\/\/nockultury.pl\/wp-content\/uploads\/2025\/05\/fot.-Alicja-Miekina-400x266.webp 400w, https:\/\/nockultury.pl\/wp-content\/uploads\/2025\/05\/fot.-Alicja-Miekina-600x398.webp 600w, https:\/\/nockultury.pl\/wp-content\/uploads\/2025\/05\/fot.-Alicja-Miekina-768x510.webp 768w, https:\/\/nockultury.pl\/wp-content\/uploads\/2025\/05\/fot.-Alicja-Miekina-800x531.webp 800w, https:\/\/nockultury.pl\/wp-content\/uploads\/2025\/05\/fot.-Alicja-Miekina-1024x680.webp 1024w, https:\/\/nockultury.pl\/wp-content\/uploads\/2025\/05\/fot.-Alicja-Miekina-1200x797.webp 1200w, https:\/\/nockultury.pl\/wp-content\/uploads\/2025\/05\/fot.-Alicja-Miekina-1536x1020.webp 1536w, https:\/\/nockultury.pl\/wp-content\/uploads\/2025\/05\/fot.-Alicja-Miekina.webp 1920w\" data-sizes=\"auto\" data-orig-sizes=\"(max-width: 640px) 100vw, 1200px\" \/><\/span><\/li><li class=\"image\"><span class=\"lazyload fusion-image-hover-element hover-type-none\"><img decoding=\"async\" src=\"https:\/\/nockultury.pl\/wp-content\/uploads\/2025\/05\/fot.-Katarzyna-Anna-Kubiak-2.webp\" data-orig-src=\"https:\/\/nockultury.pl\/wp-content\/uploads\/2025\/05\/fot.-Katarzyna-Anna-Kubiak-2.webp\" alt=\"Na scenie akordeonista i skrzypaczka.\" width=\"1920\" height=\"1282\" class=\"lazyload wp-image-49126\" srcset=\"data:image\/svg+xml,%3Csvg%20xmlns%3D%27http%3A%2F%2Fwww.w3.org%2F2000%2Fsvg%27%20width%3D%271920%27%20height%3D%271282%27%20viewBox%3D%270%200%201920%201282%27%3E%3Crect%20width%3D%271920%27%20height%3D%271282%27%20fill-opacity%3D%220%22%2F%3E%3C%2Fsvg%3E\" data-srcset=\"https:\/\/nockultury.pl\/wp-content\/uploads\/2025\/05\/fot.-Katarzyna-Anna-Kubiak-2-200x134.webp 200w, https:\/\/nockultury.pl\/wp-content\/uploads\/2025\/05\/fot.-Katarzyna-Anna-Kubiak-2-300x200.webp 300w, https:\/\/nockultury.pl\/wp-content\/uploads\/2025\/05\/fot.-Katarzyna-Anna-Kubiak-2-391x260.webp 391w, https:\/\/nockultury.pl\/wp-content\/uploads\/2025\/05\/fot.-Katarzyna-Anna-Kubiak-2-400x267.webp 400w, https:\/\/nockultury.pl\/wp-content\/uploads\/2025\/05\/fot.-Katarzyna-Anna-Kubiak-2-600x401.webp 600w, https:\/\/nockultury.pl\/wp-content\/uploads\/2025\/05\/fot.-Katarzyna-Anna-Kubiak-2-768x513.webp 768w, https:\/\/nockultury.pl\/wp-content\/uploads\/2025\/05\/fot.-Katarzyna-Anna-Kubiak-2-800x534.webp 800w, https:\/\/nockultury.pl\/wp-content\/uploads\/2025\/05\/fot.-Katarzyna-Anna-Kubiak-2-1024x684.webp 1024w, https:\/\/nockultury.pl\/wp-content\/uploads\/2025\/05\/fot.-Katarzyna-Anna-Kubiak-2-1200x801.webp 1200w, https:\/\/nockultury.pl\/wp-content\/uploads\/2025\/05\/fot.-Katarzyna-Anna-Kubiak-2-1536x1026.webp 1536w, https:\/\/nockultury.pl\/wp-content\/uploads\/2025\/05\/fot.-Katarzyna-Anna-Kubiak-2.webp 1920w\" data-sizes=\"auto\" data-orig-sizes=\"(max-width: 640px) 100vw, 1200px\" \/><\/span><\/li><\/ul><\/div><\/div><\/div><\/div><\/div><div class=\"fusion-fullwidth fullwidth-box fusion-builder-row-3 fusion-flex-container has-pattern-background has-mask-background nonhundred-percent-fullwidth non-hundred-percent-height-scrolling fusion-no-small-visibility\" style=\"--awb-border-radius-top-left:0px;--awb-border-radius-top-right:0px;--awb-border-radius-bottom-right:0px;--awb-border-radius-bottom-left:0px;--awb-padding-right:4%;--awb-padding-left:4%;--awb-margin-top:3%;--awb-margin-bottom:0%;--awb-background-color:rgba(255,255,255,0);--awb-flex-wrap:wrap;\" ><div class=\"fusion-builder-row fusion-row fusion-flex-align-items-flex-start fusion-flex-content-wrap\" style=\"max-width:1996.8px;margin-left: calc(-4% \/ 2 );margin-right: calc(-4% \/ 2 );\"><div class=\"fusion-layout-column fusion_builder_column fusion-builder-column-4 fusion_builder_column_1_2 1_2 fusion-flex-column\" style=\"--awb-padding-right:62px;--awb-padding-bottom:5%;--awb-padding-left:87px;--awb-overflow:hidden;--awb-bg-color:rgba(0,0,0,0.75);--awb-bg-color-hover:rgba(0,0,0,0.75);--awb-bg-size:cover;--awb-box-shadow:2px 2px 10px 0px rgba(0,0,0,0.88);;--awb-border-radius:10px 10px 10px 10px;--awb-width-large:50%;--awb-margin-top-large:0px;--awb-spacing-right-large:3.84%;--awb-margin-bottom-large:0px;--awb-spacing-left-large:0%;--awb-width-medium:50%;--awb-spacing-right-medium:3.84%;--awb-spacing-left-medium:0%;--awb-width-small:100%;--awb-spacing-right-small:1.92%;--awb-margin-bottom-small:3%;--awb-spacing-left-small:1.92%;\"><div class=\"fusion-column-wrapper fusion-column-has-shadow fusion-flex-justify-content-flex-start fusion-content-layout-block\"><div class=\"fusion-builder-row fusion-builder-row-inner fusion-row fusion-flex-align-items-flex-start fusion-flex-content-wrap\" style=\"width:104% !important;max-width:104% !important;margin-left: calc(-4% \/ 2 );margin-right: calc(-4% \/ 2 );\"><div class=\"fusion-layout-column fusion_builder_column_inner fusion-builder-nested-column-4 fusion_builder_column_inner_1_2 1_2 fusion-flex-column\" style=\"--awb-bg-size:cover;--awb-width-large:50%;--awb-margin-top-large:0px;--awb-spacing-right-large:3.84%;--awb-margin-bottom-large:0px;--awb-spacing-left-large:3.84%;--awb-width-medium:50%;--awb-order-medium:0;--awb-spacing-right-medium:3.84%;--awb-spacing-left-medium:3.84%;--awb-width-small:100%;--awb-order-small:0;--awb-spacing-right-small:1.92%;--awb-spacing-left-small:1.92%;\"><div class=\"fusion-column-wrapper fusion-column-has-shadow fusion-flex-justify-content-flex-start fusion-content-layout-column\"><div class=\"fusion-text fusion-text-6\"><h2>Akustyczny Zak\u0105tek<\/h2>\n<h3>scena na dziedzi\u0144cu Archiwum Pa\u0144stwowego<\/h3>\n<p><strong>kameralna scena pe\u0142na emocji, opowie\u015bci i magii. Us\u0142yszysz tu akustyczne brzmienia, jazzowe improwizacje, poetyckie piosenki i niezwyk\u0142e historie. To wiecz\u00f3r blisko\u015bci \u2013 z muzyk\u0105, s\u0142owem i drugim cz\u0142owiekiem.<\/strong><\/p>\n<\/div><\/div><\/div><div class=\"fusion-layout-column fusion_builder_column_inner fusion-builder-nested-column-5 fusion_builder_column_inner_1_2 1_2 fusion-flex-column\" style=\"--awb-bg-size:cover;--awb-width-large:50%;--awb-margin-top-large:0px;--awb-spacing-right-large:3.84%;--awb-margin-bottom-large:0px;--awb-spacing-left-large:3.84%;--awb-width-medium:50%;--awb-order-medium:0;--awb-spacing-right-medium:3.84%;--awb-spacing-left-medium:3.84%;--awb-width-small:100%;--awb-order-small:0;--awb-spacing-right-small:1.92%;--awb-spacing-left-small:1.92%;\"><div class=\"fusion-column-wrapper fusion-column-has-shadow fusion-flex-justify-content-flex-start fusion-content-layout-column\"><div class=\"fusion-text fusion-text-7\"><h2><strong>co tu us\u0142yszysz i zobaczysz?<\/strong><\/h2>\n<p><strong><br \/>\n19.00-20.00 | <a href=\"https:\/\/nockultury.pl\/pl\/events\/tu-twoje-radio-muzyczna-historia-lublina-ale-muzyka-studio\/\">Tu Twoje radio &#8211; muzyczna historia Lublina, kt\u00f3ra \u0142\u0105czy ludzi. &#8211; Ale muzyka! Studio<\/a><\/strong><br \/>\n<strong>20.00-21.00 | <a href=\"https:\/\/nockultury.pl\/pl\/events\/akustyczny-zakatek-scena-na-dziedzincu-archiwum-panstwowego-cycle-of-culture-koncert\/\">Koncert zespo\u0142u Cycle of Culture<\/a><\/strong><br \/>\n<strong>21.00-22.00 | <a href=\"https:\/\/nockultury.pl\/pl\/events\/koncert-pt-pamietajcie-o-ogrodach-stowarzyszenie-choralne-continuum\/\">Pami\u0119tajcie o ogrodach &#8211; Stowarzyszenie Ch\u00f3ralne &#8222;CONTINUUM&#8221;<\/a><\/strong><br \/>\n<strong>22.00-23.00 |&nbsp;<a href=\"https:\/\/nockultury.pl\/pl\/events\/karolina-szatkowska-koncert-piosenek-autorskich\/\"> Koncert piosenek autorskich &#8211; Karolina Szatkowska<\/a><\/strong><br \/>\n<strong>23.00-00.00 | <a href=\"https:\/\/nockultury.pl\/pl\/events\/milewska-julia-michal-czech-akustyczny-koncert\/\">Julia Milewska &amp; Micha\u0142 Czech &#8211; akustyczny koncert<\/a><br \/>\n<\/strong><strong>00.00-01.00 | <a href=\"https:\/\/nockultury.pl\/pl\/events\/magiczne-i-magiczna-noc-boguslaw-byrski\/\">Magiczne i &#8211; magiczna noc &#8211; Byrski \/ Magiczne i<\/a><\/strong><\/p>\n<\/div><\/div><\/div><\/div><\/div><\/div><div class=\"fusion-layout-column fusion_builder_column fusion-builder-column-5 fusion_builder_column_1_2 1_2 fusion-flex-column fusion-no-small-visibility fusion-no-medium-visibility\" style=\"--awb-padding-bottom:2%;--awb-overflow:hidden;--awb-bg-color:rgba(0,0,0,0.83);--awb-bg-color-hover:rgba(0,0,0,0.83);--awb-bg-size:cover;--awb-box-shadow:2px 2px 6px 1px rgba(0,0,0,0.36);;--awb-border-radius:10px 10px 10px 10px;--awb-width-large:50%;--awb-margin-top-large:0px;--awb-spacing-right-large:0.576%;--awb-margin-bottom-large:0px;--awb-spacing-left-large:2.56%;--awb-width-medium:50%;--awb-order-medium:0;--awb-spacing-right-medium:0.576%;--awb-spacing-left-medium:2.56%;--awb-width-small:100%;--awb-order-small:0;--awb-spacing-right-small:1.92%;--awb-margin-bottom-small:3%;--awb-spacing-left-small:1.92%;\"><div class=\"fusion-column-wrapper fusion-column-has-shadow fusion-flex-justify-content-flex-start fusion-content-layout-block\"><div class=\"fusion-slider-sc fusion-flexslider-loading flexslider flexslider-hover-type-none\" data-slideshow_autoplay=\"1\" data-slideshow_smooth_height=\"0\" data-slideshow_speed=\"7000\" style=\"max-width:100%;height:100%;\"><ul class=\"slides\"><li class=\"image\"><span class=\"lazyload fusion-image-hover-element hover-type-none\"><img decoding=\"async\" src=\"https:\/\/nockultury.pl\/wp-content\/uploads\/2025\/05\/Karolina_Pietron_15.webp\" data-orig-src=\"https:\/\/nockultury.pl\/wp-content\/uploads\/2025\/05\/Karolina_Pietron_15.webp\" alt=\"Ludzie stoj\u0105 pod scen\u0105 w czasie koncertu.\" width=\"1920\" height=\"1272\" class=\"lazyload wp-image-49134\" srcset=\"data:image\/svg+xml,%3Csvg%20xmlns%3D%27http%3A%2F%2Fwww.w3.org%2F2000%2Fsvg%27%20width%3D%271920%27%20height%3D%271272%27%20viewBox%3D%270%200%201920%201272%27%3E%3Crect%20width%3D%271920%27%20height%3D%271272%27%20fill-opacity%3D%220%22%2F%3E%3C%2Fsvg%3E\" data-srcset=\"https:\/\/nockultury.pl\/wp-content\/uploads\/2025\/05\/Karolina_Pietron_15-200x133.webp 200w, https:\/\/nockultury.pl\/wp-content\/uploads\/2025\/05\/Karolina_Pietron_15-300x199.webp 300w, https:\/\/nockultury.pl\/wp-content\/uploads\/2025\/05\/Karolina_Pietron_15-391x260.webp 391w, https:\/\/nockultury.pl\/wp-content\/uploads\/2025\/05\/Karolina_Pietron_15-400x265.webp 400w, https:\/\/nockultury.pl\/wp-content\/uploads\/2025\/05\/Karolina_Pietron_15-600x398.webp 600w, https:\/\/nockultury.pl\/wp-content\/uploads\/2025\/05\/Karolina_Pietron_15-768x509.webp 768w, https:\/\/nockultury.pl\/wp-content\/uploads\/2025\/05\/Karolina_Pietron_15-800x530.webp 800w, https:\/\/nockultury.pl\/wp-content\/uploads\/2025\/05\/Karolina_Pietron_15-1024x678.webp 1024w, https:\/\/nockultury.pl\/wp-content\/uploads\/2025\/05\/Karolina_Pietron_15-1200x795.webp 1200w, https:\/\/nockultury.pl\/wp-content\/uploads\/2025\/05\/Karolina_Pietron_15-1536x1018.webp 1536w, https:\/\/nockultury.pl\/wp-content\/uploads\/2025\/05\/Karolina_Pietron_15.webp 1920w\" data-sizes=\"auto\" data-orig-sizes=\"(max-width: 640px) 100vw, 1200px\" \/><\/span><\/li><li class=\"image\"><span class=\"lazyload fusion-image-hover-element hover-type-none\"><img decoding=\"async\" src=\"https:\/\/nockultury.pl\/wp-content\/uploads\/2025\/05\/ghghghghg.webp\" data-orig-src=\"https:\/\/nockultury.pl\/wp-content\/uploads\/2025\/05\/ghghghghg.webp\" alt=\"Od lewej wokalistka, a z prawej strony saksofonista.\" width=\"1920\" height=\"1282\" class=\"lazyload wp-image-49142\" srcset=\"data:image\/svg+xml,%3Csvg%20xmlns%3D%27http%3A%2F%2Fwww.w3.org%2F2000%2Fsvg%27%20width%3D%271920%27%20height%3D%271282%27%20viewBox%3D%270%200%201920%201282%27%3E%3Crect%20width%3D%271920%27%20height%3D%271282%27%20fill-opacity%3D%220%22%2F%3E%3C%2Fsvg%3E\" data-srcset=\"https:\/\/nockultury.pl\/wp-content\/uploads\/2025\/05\/ghghghghg-200x134.webp 200w, https:\/\/nockultury.pl\/wp-content\/uploads\/2025\/05\/ghghghghg-300x200.webp 300w, https:\/\/nockultury.pl\/wp-content\/uploads\/2025\/05\/ghghghghg-391x260.webp 391w, https:\/\/nockultury.pl\/wp-content\/uploads\/2025\/05\/ghghghghg-400x267.webp 400w, https:\/\/nockultury.pl\/wp-content\/uploads\/2025\/05\/ghghghghg-600x401.webp 600w, https:\/\/nockultury.pl\/wp-content\/uploads\/2025\/05\/ghghghghg-768x513.webp 768w, https:\/\/nockultury.pl\/wp-content\/uploads\/2025\/05\/ghghghghg-800x534.webp 800w, https:\/\/nockultury.pl\/wp-content\/uploads\/2025\/05\/ghghghghg-1024x684.webp 1024w, https:\/\/nockultury.pl\/wp-content\/uploads\/2025\/05\/ghghghghg-1200x801.webp 1200w, https:\/\/nockultury.pl\/wp-content\/uploads\/2025\/05\/ghghghghg-1536x1026.webp 1536w, https:\/\/nockultury.pl\/wp-content\/uploads\/2025\/05\/ghghghghg.webp 1920w\" data-sizes=\"auto\" data-orig-sizes=\"(max-width: 640px) 100vw, 1200px\" \/><\/span><\/li><li class=\"image\"><span class=\"lazyload fusion-image-hover-element hover-type-none\"><img decoding=\"async\" src=\"https:\/\/nockultury.pl\/wp-content\/uploads\/2025\/05\/Magdalena-Wojtas-Noc-Kultury-2024-206.webp\" data-orig-src=\"https:\/\/nockultury.pl\/wp-content\/uploads\/2025\/05\/Magdalena-Wojtas-Noc-Kultury-2024-206.webp\" alt=\"Koncert w Zau\u0142ku Hartwig\u00f3w.\" width=\"1920\" height=\"1280\" class=\"lazyload wp-image-49140\" srcset=\"data:image\/svg+xml,%3Csvg%20xmlns%3D%27http%3A%2F%2Fwww.w3.org%2F2000%2Fsvg%27%20width%3D%271920%27%20height%3D%271280%27%20viewBox%3D%270%200%201920%201280%27%3E%3Crect%20width%3D%271920%27%20height%3D%271280%27%20fill-opacity%3D%220%22%2F%3E%3C%2Fsvg%3E\" data-srcset=\"https:\/\/nockultury.pl\/wp-content\/uploads\/2025\/05\/Magdalena-Wojtas-Noc-Kultury-2024-206-200x133.webp 200w, https:\/\/nockultury.pl\/wp-content\/uploads\/2025\/05\/Magdalena-Wojtas-Noc-Kultury-2024-206-300x200.webp 300w, https:\/\/nockultury.pl\/wp-content\/uploads\/2025\/05\/Magdalena-Wojtas-Noc-Kultury-2024-206-391x260.webp 391w, https:\/\/nockultury.pl\/wp-content\/uploads\/2025\/05\/Magdalena-Wojtas-Noc-Kultury-2024-206-400x267.webp 400w, https:\/\/nockultury.pl\/wp-content\/uploads\/2025\/05\/Magdalena-Wojtas-Noc-Kultury-2024-206-600x400.webp 600w, https:\/\/nockultury.pl\/wp-content\/uploads\/2025\/05\/Magdalena-Wojtas-Noc-Kultury-2024-206-768x512.webp 768w, https:\/\/nockultury.pl\/wp-content\/uploads\/2025\/05\/Magdalena-Wojtas-Noc-Kultury-2024-206-800x533.webp 800w, https:\/\/nockultury.pl\/wp-content\/uploads\/2025\/05\/Magdalena-Wojtas-Noc-Kultury-2024-206-1024x683.webp 1024w, https:\/\/nockultury.pl\/wp-content\/uploads\/2025\/05\/Magdalena-Wojtas-Noc-Kultury-2024-206-1200x800.webp 1200w, https:\/\/nockultury.pl\/wp-content\/uploads\/2025\/05\/Magdalena-Wojtas-Noc-Kultury-2024-206-1536x1024.webp 1536w, https:\/\/nockultury.pl\/wp-content\/uploads\/2025\/05\/Magdalena-Wojtas-Noc-Kultury-2024-206.webp 1920w\" data-sizes=\"auto\" data-orig-sizes=\"(max-width: 640px) 100vw, 1200px\" \/><\/span><\/li><\/ul><\/div><\/div><\/div><\/div><\/div><div class=\"fusion-fullwidth fullwidth-box fusion-builder-row-4 fusion-flex-container has-pattern-background has-mask-background nonhundred-percent-fullwidth non-hundred-percent-height-scrolling fusion-no-small-visibility\" style=\"--awb-border-radius-top-left:0px;--awb-border-radius-top-right:0px;--awb-border-radius-bottom-right:0px;--awb-border-radius-bottom-left:0px;--awb-padding-right:4%;--awb-padding-left:4%;--awb-margin-top:3%;--awb-margin-bottom:0%;--awb-background-color:rgba(255,255,255,0);--awb-flex-wrap:wrap;\" ><div class=\"fusion-builder-row fusion-row fusion-flex-align-items-flex-start fusion-flex-content-wrap\" style=\"max-width:1996.8px;margin-left: calc(-4% \/ 2 );margin-right: calc(-4% \/ 2 );\"><div class=\"fusion-layout-column fusion_builder_column fusion-builder-column-6 fusion_builder_column_1_2 1_2 fusion-flex-column\" style=\"--awb-padding-right:62px;--awb-padding-bottom:5%;--awb-padding-left:87px;--awb-overflow:hidden;--awb-bg-color:rgba(0,0,0,0.75);--awb-bg-color-hover:rgba(0,0,0,0.75);--awb-bg-size:cover;--awb-box-shadow:2px 2px 10px 0px rgba(0,0,0,0.88);;--awb-border-radius:10px 10px 10px 10px;--awb-width-large:50%;--awb-margin-top-large:0px;--awb-spacing-right-large:3.84%;--awb-margin-bottom-large:0px;--awb-spacing-left-large:0%;--awb-width-medium:50%;--awb-spacing-right-medium:3.84%;--awb-spacing-left-medium:0%;--awb-width-small:100%;--awb-spacing-right-small:1.92%;--awb-margin-bottom-small:3%;--awb-spacing-left-small:1.92%;\"><div class=\"fusion-column-wrapper fusion-column-has-shadow fusion-flex-justify-content-flex-start fusion-content-layout-block\"><div class=\"fusion-text fusion-text-8\"><h2>Sceny na placu Litewskim<\/h2>\n<\/div><div class=\"fusion-builder-row fusion-builder-row-inner fusion-row fusion-flex-align-items-flex-start fusion-flex-content-wrap\" style=\"width:104% !important;max-width:104% !important;margin-left: calc(-4% \/ 2 );margin-right: calc(-4% \/ 2 );\"><div class=\"fusion-layout-column fusion_builder_column_inner fusion-builder-nested-column-6 fusion_builder_column_inner_1_2 1_2 fusion-flex-column\" style=\"--awb-bg-size:cover;--awb-width-large:50%;--awb-margin-top-large:0px;--awb-spacing-right-large:3.84%;--awb-margin-bottom-large:0px;--awb-spacing-left-large:3.84%;--awb-width-medium:50%;--awb-order-medium:0;--awb-spacing-right-medium:3.84%;--awb-spacing-left-medium:3.84%;--awb-width-small:100%;--awb-order-small:0;--awb-spacing-right-small:1.92%;--awb-spacing-left-small:1.92%;\"><div class=\"fusion-column-wrapper fusion-column-has-shadow fusion-flex-justify-content-flex-start fusion-content-layout-column\"><div class=\"fusion-text fusion-text-9\"><h2>Scena Lekko\u015bci&nbsp;<\/h2>\n<h3>obok IloveLublin, w kierunku Bramy Krakowskiej<\/h3>\n<p><strong>Tu delikatno\u015b\u0107 spotyka si\u0142\u0119, to przestrze\u0144 zmys\u0142owego ruchu i subtelnych wzrusze\u0144 na granicy ciszy i powietrza<\/strong><\/p>\n<\/div><\/div><\/div><div class=\"fusion-layout-column fusion_builder_column_inner fusion-builder-nested-column-7 fusion_builder_column_inner_1_2 1_2 fusion-flex-column\" style=\"--awb-bg-size:cover;--awb-width-large:50%;--awb-margin-top-large:0px;--awb-spacing-right-large:3.84%;--awb-margin-bottom-large:0px;--awb-spacing-left-large:3.84%;--awb-width-medium:50%;--awb-order-medium:0;--awb-spacing-right-medium:3.84%;--awb-spacing-left-medium:3.84%;--awb-width-small:100%;--awb-order-small:0;--awb-spacing-right-small:1.92%;--awb-spacing-left-small:1.92%;\"><div class=\"fusion-column-wrapper fusion-column-has-shadow fusion-flex-justify-content-flex-start fusion-content-layout-column\"><div class=\"fusion-text fusion-text-10\"><h2><strong>co tu zobaczysz i us\u0142yszysz?<\/strong><\/h2>\n<p><strong>19:00-20:00 | <a href=\"https:\/\/nockultury.pl\/pl\/events\/cheers-to-the-culture-cheerleaders-lublin\/\">Cheers to the culture &#8211; Cheerleaders Lublin <\/a><\/strong><br \/>\n<strong>20:00-20:15&nbsp; | <a href=\"https:\/\/nockultury.pl\/pl\/events\/pamietnik-nadwrazliwca-magdalena-kozik\/\">Magdalena Kozik &#8211; Pami\u0119tnik (nad)wra\u017cliwca<\/a><\/strong><br \/>\n<strong>20:15-20:50&nbsp; | <a href=\"https:\/\/nockultury.pl\/pl\/events\/spektakl-taneczny-male-kroki-spektakl-taneczny-weronika-wojtowicz-studio-tanca-balans\/\">Spektakl taneczny &#8222;&#8221;Ma\u0142e kroki&#8221;&#8221; &#8211; Studio Ta\u0144ca Balans<\/a><\/strong><br \/>\n<strong>20:50-21:05&nbsp; | <a href=\"https:\/\/nockultury.pl\/pl\/events\/pamietnik-nadwrazliwca-magdalena-kozikdwa\/\">Magdalena Kozik &#8211; Pami\u0119tnik (nad)wra\u017cliwca<\/a><\/strong><br \/>\n<strong>21:10-24:10&nbsp; | <a href=\"https:\/\/nockultury.pl\/pl\/events\/scena-lekkosci-obok-ilovelublin-aerial-hoop-na-placu-litewskim-domino-dance-studio-i-motion-studio-z-bilgoraja\/\">AERIAL HOOP NA PLACU LITEWSKIM &#8211; Domino Dance Studio i Motion Studio z Bi\u0142goraja <\/a><\/strong><\/p>\n<p>&nbsp;<\/p>\n<\/div><\/div><\/div><\/div><div class=\"fusion-builder-row fusion-builder-row-inner fusion-row fusion-flex-align-items-flex-start fusion-flex-content-wrap\" style=\"width:104% !important;max-width:104% !important;margin-left: calc(-4% \/ 2 );margin-right: calc(-4% \/ 2 );\"><div class=\"fusion-layout-column fusion_builder_column_inner fusion-builder-nested-column-8 fusion_builder_column_inner_1_2 1_2 fusion-flex-column\" style=\"--awb-bg-size:cover;--awb-width-large:50%;--awb-margin-top-large:0px;--awb-spacing-right-large:3.84%;--awb-margin-bottom-large:0px;--awb-spacing-left-large:3.84%;--awb-width-medium:50%;--awb-order-medium:0;--awb-spacing-right-medium:3.84%;--awb-spacing-left-medium:3.84%;--awb-width-small:100%;--awb-order-small:0;--awb-spacing-right-small:1.92%;--awb-spacing-left-small:1.92%;\"><div class=\"fusion-column-wrapper fusion-column-has-shadow fusion-flex-justify-content-flex-start fusion-content-layout-column\"><div class=\"fusion-text fusion-text-11\"><h2>Scena Wsp\u00f3lnego Rytmu&nbsp;<\/h2>\n<h3>obok pomnika Unii<\/h3>\n<p><strong>Tu ka\u017cdy ruch ma znaczenie \u2014 od najm\u0142odszych po seniorki, od ta\u0144ca ludowego po wsp\u00f3\u0142czesne choreografie. \u015awi\u0119to r\u00f3\u017cnorodno\u015bci, pokole\u0144 i wsp\u00f3lnoty w ruchu i pie\u015bni.<\/strong><\/p>\n<\/div><\/div><\/div><div class=\"fusion-layout-column fusion_builder_column_inner fusion-builder-nested-column-9 fusion_builder_column_inner_1_2 1_2 fusion-flex-column\" style=\"--awb-bg-size:cover;--awb-width-large:50%;--awb-margin-top-large:0px;--awb-spacing-right-large:3.84%;--awb-margin-bottom-large:0px;--awb-spacing-left-large:3.84%;--awb-width-medium:50%;--awb-order-medium:0;--awb-spacing-right-medium:3.84%;--awb-spacing-left-medium:3.84%;--awb-width-small:100%;--awb-order-small:0;--awb-spacing-right-small:1.92%;--awb-spacing-left-small:1.92%;\"><div class=\"fusion-column-wrapper fusion-column-has-shadow fusion-flex-justify-content-flex-start fusion-content-layout-column\"><div class=\"fusion-text fusion-text-12\"><h2>co tu us\u0142yszysz i zobaczysz?<\/h2>\n<p><strong>19:00-19:15 | <a href=\"https:\/\/nockultury.pl\/pl\/events\/flow-inspiracje-taneczne-gt-flow\/\">GT FLOW &#8211; FLOW INSPIRACJE TANECZNE<\/a><\/strong><br \/>\n<strong>19:15-20:35<\/strong> |&nbsp;<a href=\"https:\/\/nockultury.pl\/pl\/events\/oblicza-tanca-leszek-geca\/\"><strong>Oblicza ta\u0144ca &#8211; Leszek G\u0119ca<\/strong><\/a><br \/>\n<strong>20:35-21:20| <a href=\"https:\/\/nockultury.pl\/pl\/events\/familijne-tancowanie-zespol-piesni-i-tanca-lublin-im-wandy-kaniorowej\/\">Familijne ta\u0144cowanie &#8211; Zesp\u00f3\u0142 Pie\u015bni i Ta\u0144ca &#8222;&#8221;Lublin&#8221;&#8221; im. Wandy Kaniorowej<\/a><\/strong><br \/>\n<strong>23:00-23:30| <a href=\"https:\/\/nockultury.pl\/pl\/events\/miasto-wies-i-salony-w-tancu-splatane-zespol-powianki\/\">Miasto, Wie\u015b i Salony w Ta\u0144cu Spl\u0105tane &#8211; PoWianki w rytmie tradycji i nowoczesno\u015bci. &#8211; Zesp\u00f3\u0142 PoWianki<\/a><\/strong><br \/>\n<strong>23:40-0:40 |&nbsp; <a href=\"https:\/\/nockultury.pl\/pl\/events\/poczuj-folklor-z-zespolem-lubelacy\/\">Poczuj folklor z Zespo\u0142em &#8222;&#8221;Lubelacy&#8221;&#8221; &#8211; Zesp\u00f3\u0142 Muzyki Folkorystycznej &#8222;Lubelacy&#8221;<\/a><\/strong><\/p>\n<\/div><\/div><\/div><\/div><div class=\"fusion-builder-row fusion-builder-row-inner fusion-row fusion-flex-align-items-flex-start fusion-flex-content-wrap\" style=\"width:104% !important;max-width:104% !important;margin-left: calc(-4% \/ 2 );margin-right: calc(-4% \/ 2 );\"><div class=\"fusion-layout-column fusion_builder_column_inner fusion-builder-nested-column-10 fusion_builder_column_inner_1_2 1_2 fusion-flex-column\" style=\"--awb-bg-size:cover;--awb-width-large:50%;--awb-margin-top-large:0px;--awb-spacing-right-large:0%;--awb-margin-bottom-large:0px;--awb-spacing-left-large:3.84%;--awb-width-medium:50%;--awb-order-medium:0;--awb-spacing-right-medium:0%;--awb-spacing-left-medium:3.84%;--awb-width-small:100%;--awb-order-small:0;--awb-spacing-right-small:1.92%;--awb-spacing-left-small:1.92%;\"><div class=\"fusion-column-wrapper fusion-column-has-shadow fusion-flex-justify-content-flex-start fusion-content-layout-column\"><div class=\"fusion-text fusion-text-13\"><h2>Scena \u015awietlnego P\u0119du&nbsp;<\/h2>\n<h3>scena przy baobabie<\/h3>\n<p><strong>\u015awiat\u0142o, ruch i p\u0119d! Spektakularny pokaz jazdy na rolkach w rytmie muzyki i \u015bwietlnych efekt\u00f3w, kt\u00f3re pozostan\u0105 w Waszej pami\u0119ci.<\/strong><\/p>\n<\/div><div class=\"fusion-text fusion-text-14\"><h2>co tu zobaczysz?<\/h2>\n<p><strong>21:20-22:00 | <a href=\"https:\/\/nockultury.pl\/pl\/events\/figurowe\/\">Roz\u015bwietlamy Lublin: &#8211; Uczniowski Klub \u0141y\u017cwiarstwa Figurowego Salchow Lublin<\/a><\/strong><br \/>\n<strong>22:00-23:00&nbsp;<\/strong> | <a href=\"https:\/\/nockultury.pl\/pl\/events\/wyrusz-z-nami-w-podroz-pokazy-rolkarstwa-figurowego-as-lublin\/\"><strong>Wyrusz z nami w podr\u00f3\u017c &#8211; pokazy rolkarstwa figurowego AS Lublin<\/strong><\/a><\/p>\n<\/div><\/div><\/div><\/div><\/div><\/div><div class=\"fusion-layout-column fusion_builder_column fusion-builder-column-7 fusion_builder_column_1_2 1_2 fusion-flex-column fusion-no-small-visibility fusion-no-medium-visibility\" style=\"--awb-padding-bottom:2%;--awb-overflow:hidden;--awb-bg-color:rgba(0,0,0,0.83);--awb-bg-color-hover:rgba(0,0,0,0.83);--awb-bg-size:cover;--awb-box-shadow:2px 2px 6px 1px rgba(0,0,0,0.36);;--awb-border-radius:10px 10px 10px 10px;--awb-width-large:50%;--awb-margin-top-large:0px;--awb-spacing-right-large:0.576%;--awb-margin-bottom-large:0px;--awb-spacing-left-large:2.56%;--awb-width-medium:50%;--awb-order-medium:0;--awb-spacing-right-medium:0.576%;--awb-spacing-left-medium:2.56%;--awb-width-small:100%;--awb-order-small:0;--awb-spacing-right-small:1.92%;--awb-margin-bottom-small:3%;--awb-spacing-left-small:1.92%;\"><div class=\"fusion-column-wrapper fusion-column-has-shadow fusion-flex-justify-content-flex-start fusion-content-layout-block\"><div class=\"fusion-slider-sc fusion-flexslider-loading flexslider flexslider-hover-type-none\" data-slideshow_autoplay=\"1\" data-slideshow_smooth_height=\"0\" data-slideshow_speed=\"7000\" style=\"max-width:100%;height:100%;\"><ul class=\"slides\"><li class=\"image\"><span class=\"lazyload fusion-image-hover-element hover-type-none\"><img decoding=\"async\" src=\"https:\/\/nockultury.pl\/wp-content\/uploads\/2025\/05\/Magdalena-Michalew-taneczna-podroz-zmniejsz.-16.webp\" data-orig-src=\"https:\/\/nockultury.pl\/wp-content\/uploads\/2025\/05\/Magdalena-Michalew-taneczna-podroz-zmniejsz.-16.webp\" alt=\"Dziewczyny ubrane na czarno nios\u0105 kole\u017cank\u0119 ubran\u0105 na bia\u0142o.\" width=\"1920\" height=\"1280\" class=\"lazyload wp-image-49088\" srcset=\"data:image\/svg+xml,%3Csvg%20xmlns%3D%27http%3A%2F%2Fwww.w3.org%2F2000%2Fsvg%27%20width%3D%271920%27%20height%3D%271280%27%20viewBox%3D%270%200%201920%201280%27%3E%3Crect%20width%3D%271920%27%20height%3D%271280%27%20fill-opacity%3D%220%22%2F%3E%3C%2Fsvg%3E\" data-srcset=\"https:\/\/nockultury.pl\/wp-content\/uploads\/2025\/05\/Magdalena-Michalew-taneczna-podroz-zmniejsz.-16-200x133.webp 200w, https:\/\/nockultury.pl\/wp-content\/uploads\/2025\/05\/Magdalena-Michalew-taneczna-podroz-zmniejsz.-16-300x200.webp 300w, https:\/\/nockultury.pl\/wp-content\/uploads\/2025\/05\/Magdalena-Michalew-taneczna-podroz-zmniejsz.-16-391x260.webp 391w, https:\/\/nockultury.pl\/wp-content\/uploads\/2025\/05\/Magdalena-Michalew-taneczna-podroz-zmniejsz.-16-400x267.webp 400w, https:\/\/nockultury.pl\/wp-content\/uploads\/2025\/05\/Magdalena-Michalew-taneczna-podroz-zmniejsz.-16-600x400.webp 600w, https:\/\/nockultury.pl\/wp-content\/uploads\/2025\/05\/Magdalena-Michalew-taneczna-podroz-zmniejsz.-16-768x512.webp 768w, https:\/\/nockultury.pl\/wp-content\/uploads\/2025\/05\/Magdalena-Michalew-taneczna-podroz-zmniejsz.-16-800x533.webp 800w, https:\/\/nockultury.pl\/wp-content\/uploads\/2025\/05\/Magdalena-Michalew-taneczna-podroz-zmniejsz.-16-1024x683.webp 1024w, https:\/\/nockultury.pl\/wp-content\/uploads\/2025\/05\/Magdalena-Michalew-taneczna-podroz-zmniejsz.-16-1200x800.webp 1200w, https:\/\/nockultury.pl\/wp-content\/uploads\/2025\/05\/Magdalena-Michalew-taneczna-podroz-zmniejsz.-16-1536x1024.webp 1536w, https:\/\/nockultury.pl\/wp-content\/uploads\/2025\/05\/Magdalena-Michalew-taneczna-podroz-zmniejsz.-16.webp 1920w\" data-sizes=\"auto\" data-orig-sizes=\"(max-width: 640px) 100vw, 1200px\" \/><\/span><\/li><li class=\"image\"><span class=\"lazyload fusion-image-hover-element hover-type-none\"><img decoding=\"async\" src=\"https:\/\/nockultury.pl\/wp-content\/uploads\/2025\/05\/fot.-Katarzyna-Anna-Kubiak-13.webp\" data-orig-src=\"https:\/\/nockultury.pl\/wp-content\/uploads\/2025\/05\/fot.-Katarzyna-Anna-Kubiak-13.webp\" alt=\"Dziewczyna w sukience robi przewr\u00f3t.\" width=\"1920\" height=\"1282\" class=\"lazyload wp-image-49092\" srcset=\"data:image\/svg+xml,%3Csvg%20xmlns%3D%27http%3A%2F%2Fwww.w3.org%2F2000%2Fsvg%27%20width%3D%271920%27%20height%3D%271282%27%20viewBox%3D%270%200%201920%201282%27%3E%3Crect%20width%3D%271920%27%20height%3D%271282%27%20fill-opacity%3D%220%22%2F%3E%3C%2Fsvg%3E\" data-srcset=\"https:\/\/nockultury.pl\/wp-content\/uploads\/2025\/05\/fot.-Katarzyna-Anna-Kubiak-13-200x134.webp 200w, https:\/\/nockultury.pl\/wp-content\/uploads\/2025\/05\/fot.-Katarzyna-Anna-Kubiak-13-300x200.webp 300w, https:\/\/nockultury.pl\/wp-content\/uploads\/2025\/05\/fot.-Katarzyna-Anna-Kubiak-13-391x260.webp 391w, https:\/\/nockultury.pl\/wp-content\/uploads\/2025\/05\/fot.-Katarzyna-Anna-Kubiak-13-400x267.webp 400w, https:\/\/nockultury.pl\/wp-content\/uploads\/2025\/05\/fot.-Katarzyna-Anna-Kubiak-13-600x401.webp 600w, https:\/\/nockultury.pl\/wp-content\/uploads\/2025\/05\/fot.-Katarzyna-Anna-Kubiak-13-768x513.webp 768w, https:\/\/nockultury.pl\/wp-content\/uploads\/2025\/05\/fot.-Katarzyna-Anna-Kubiak-13-800x534.webp 800w, https:\/\/nockultury.pl\/wp-content\/uploads\/2025\/05\/fot.-Katarzyna-Anna-Kubiak-13-1024x684.webp 1024w, https:\/\/nockultury.pl\/wp-content\/uploads\/2025\/05\/fot.-Katarzyna-Anna-Kubiak-13-1200x801.webp 1200w, https:\/\/nockultury.pl\/wp-content\/uploads\/2025\/05\/fot.-Katarzyna-Anna-Kubiak-13-1536x1026.webp 1536w, https:\/\/nockultury.pl\/wp-content\/uploads\/2025\/05\/fot.-Katarzyna-Anna-Kubiak-13.webp 1920w\" data-sizes=\"auto\" data-orig-sizes=\"(max-width: 640px) 100vw, 1200px\" \/><\/span><\/li><li class=\"image\"><span class=\"lazyload fusion-image-hover-element hover-type-none\"><img decoding=\"async\" src=\"https:\/\/nockultury.pl\/wp-content\/uploads\/2025\/05\/fot.-Katarzyna-Anna-Kubiak-9.webp\" data-orig-src=\"https:\/\/nockultury.pl\/wp-content\/uploads\/2025\/05\/fot.-Katarzyna-Anna-Kubiak-9.webp\" alt=\"Baletnica ta\u0144czy na szarfach.\" width=\"1920\" height=\"1282\" class=\"lazyload wp-image-49096\" srcset=\"data:image\/svg+xml,%3Csvg%20xmlns%3D%27http%3A%2F%2Fwww.w3.org%2F2000%2Fsvg%27%20width%3D%271920%27%20height%3D%271282%27%20viewBox%3D%270%200%201920%201282%27%3E%3Crect%20width%3D%271920%27%20height%3D%271282%27%20fill-opacity%3D%220%22%2F%3E%3C%2Fsvg%3E\" data-srcset=\"https:\/\/nockultury.pl\/wp-content\/uploads\/2025\/05\/fot.-Katarzyna-Anna-Kubiak-9-200x134.webp 200w, https:\/\/nockultury.pl\/wp-content\/uploads\/2025\/05\/fot.-Katarzyna-Anna-Kubiak-9-300x200.webp 300w, https:\/\/nockultury.pl\/wp-content\/uploads\/2025\/05\/fot.-Katarzyna-Anna-Kubiak-9-391x260.webp 391w, https:\/\/nockultury.pl\/wp-content\/uploads\/2025\/05\/fot.-Katarzyna-Anna-Kubiak-9-400x267.webp 400w, https:\/\/nockultury.pl\/wp-content\/uploads\/2025\/05\/fot.-Katarzyna-Anna-Kubiak-9-600x401.webp 600w, https:\/\/nockultury.pl\/wp-content\/uploads\/2025\/05\/fot.-Katarzyna-Anna-Kubiak-9-768x513.webp 768w, https:\/\/nockultury.pl\/wp-content\/uploads\/2025\/05\/fot.-Katarzyna-Anna-Kubiak-9-800x534.webp 800w, https:\/\/nockultury.pl\/wp-content\/uploads\/2025\/05\/fot.-Katarzyna-Anna-Kubiak-9-1024x684.webp 1024w, https:\/\/nockultury.pl\/wp-content\/uploads\/2025\/05\/fot.-Katarzyna-Anna-Kubiak-9-1200x801.webp 1200w, https:\/\/nockultury.pl\/wp-content\/uploads\/2025\/05\/fot.-Katarzyna-Anna-Kubiak-9-1536x1026.webp 1536w, https:\/\/nockultury.pl\/wp-content\/uploads\/2025\/05\/fot.-Katarzyna-Anna-Kubiak-9.webp 1920w\" data-sizes=\"auto\" data-orig-sizes=\"(max-width: 640px) 100vw, 1200px\" \/><\/span><\/li><li class=\"image\"><span class=\"lazyload fusion-image-hover-element hover-type-none\"><img decoding=\"async\" src=\"https:\/\/nockultury.pl\/wp-content\/uploads\/2025\/05\/fot.-Katarzyna-Anna-Kubiak-16.webp\" data-orig-src=\"https:\/\/nockultury.pl\/wp-content\/uploads\/2025\/05\/fot.-Katarzyna-Anna-Kubiak-16.webp\" alt=\"Dziewczyna je\u017adzi na rolkach.\" width=\"1920\" height=\"1282\" class=\"lazyload wp-image-49100\" srcset=\"data:image\/svg+xml,%3Csvg%20xmlns%3D%27http%3A%2F%2Fwww.w3.org%2F2000%2Fsvg%27%20width%3D%271920%27%20height%3D%271282%27%20viewBox%3D%270%200%201920%201282%27%3E%3Crect%20width%3D%271920%27%20height%3D%271282%27%20fill-opacity%3D%220%22%2F%3E%3C%2Fsvg%3E\" data-srcset=\"https:\/\/nockultury.pl\/wp-content\/uploads\/2025\/05\/fot.-Katarzyna-Anna-Kubiak-16-200x134.webp 200w, https:\/\/nockultury.pl\/wp-content\/uploads\/2025\/05\/fot.-Katarzyna-Anna-Kubiak-16-300x200.webp 300w, https:\/\/nockultury.pl\/wp-content\/uploads\/2025\/05\/fot.-Katarzyna-Anna-Kubiak-16-391x260.webp 391w, https:\/\/nockultury.pl\/wp-content\/uploads\/2025\/05\/fot.-Katarzyna-Anna-Kubiak-16-400x267.webp 400w, https:\/\/nockultury.pl\/wp-content\/uploads\/2025\/05\/fot.-Katarzyna-Anna-Kubiak-16-600x401.webp 600w, https:\/\/nockultury.pl\/wp-content\/uploads\/2025\/05\/fot.-Katarzyna-Anna-Kubiak-16-768x513.webp 768w, https:\/\/nockultury.pl\/wp-content\/uploads\/2025\/05\/fot.-Katarzyna-Anna-Kubiak-16-800x534.webp 800w, https:\/\/nockultury.pl\/wp-content\/uploads\/2025\/05\/fot.-Katarzyna-Anna-Kubiak-16-1024x684.webp 1024w, https:\/\/nockultury.pl\/wp-content\/uploads\/2025\/05\/fot.-Katarzyna-Anna-Kubiak-16-1200x801.webp 1200w, https:\/\/nockultury.pl\/wp-content\/uploads\/2025\/05\/fot.-Katarzyna-Anna-Kubiak-16-1536x1026.webp 1536w, https:\/\/nockultury.pl\/wp-content\/uploads\/2025\/05\/fot.-Katarzyna-Anna-Kubiak-16.webp 1920w\" data-sizes=\"auto\" data-orig-sizes=\"(max-width: 640px) 100vw, 1200px\" \/><\/span><\/li><li class=\"image\"><span class=\"lazyload fusion-image-hover-element hover-type-none\"><img decoding=\"async\" src=\"https:\/\/nockultury.pl\/wp-content\/uploads\/2025\/05\/Sylwia-Prus-6.webp\" data-orig-src=\"https:\/\/nockultury.pl\/wp-content\/uploads\/2025\/05\/Sylwia-Prus-6.webp\" alt=\"Dwie dziewczynki rolkarki ta\u0144cz\u0105. Dooko\u0142a jest du\u017cy t\u0142um.\" width=\"1920\" height=\"1280\" class=\"lazyload wp-image-49102\" srcset=\"data:image\/svg+xml,%3Csvg%20xmlns%3D%27http%3A%2F%2Fwww.w3.org%2F2000%2Fsvg%27%20width%3D%271920%27%20height%3D%271280%27%20viewBox%3D%270%200%201920%201280%27%3E%3Crect%20width%3D%271920%27%20height%3D%271280%27%20fill-opacity%3D%220%22%2F%3E%3C%2Fsvg%3E\" data-srcset=\"https:\/\/nockultury.pl\/wp-content\/uploads\/2025\/05\/Sylwia-Prus-6-200x133.webp 200w, https:\/\/nockultury.pl\/wp-content\/uploads\/2025\/05\/Sylwia-Prus-6-300x200.webp 300w, https:\/\/nockultury.pl\/wp-content\/uploads\/2025\/05\/Sylwia-Prus-6-391x260.webp 391w, https:\/\/nockultury.pl\/wp-content\/uploads\/2025\/05\/Sylwia-Prus-6-400x267.webp 400w, https:\/\/nockultury.pl\/wp-content\/uploads\/2025\/05\/Sylwia-Prus-6-600x400.webp 600w, https:\/\/nockultury.pl\/wp-content\/uploads\/2025\/05\/Sylwia-Prus-6-768x512.webp 768w, https:\/\/nockultury.pl\/wp-content\/uploads\/2025\/05\/Sylwia-Prus-6-800x533.webp 800w, https:\/\/nockultury.pl\/wp-content\/uploads\/2025\/05\/Sylwia-Prus-6-1024x683.webp 1024w, https:\/\/nockultury.pl\/wp-content\/uploads\/2025\/05\/Sylwia-Prus-6-1200x800.webp 1200w, https:\/\/nockultury.pl\/wp-content\/uploads\/2025\/05\/Sylwia-Prus-6-1536x1024.webp 1536w, https:\/\/nockultury.pl\/wp-content\/uploads\/2025\/05\/Sylwia-Prus-6.webp 1920w\" data-sizes=\"auto\" data-orig-sizes=\"(max-width: 640px) 100vw, 1200px\" \/><\/span><\/li><li class=\"image\"><span class=\"lazyload fusion-image-hover-element hover-type-none\"><img decoding=\"async\" src=\"https:\/\/nockultury.pl\/wp-content\/uploads\/2025\/05\/fot.-Katarzyna-Anna-Kubiak-1-1.webp\" data-orig-src=\"https:\/\/nockultury.pl\/wp-content\/uploads\/2025\/05\/fot.-Katarzyna-Anna-Kubiak-1-1.webp\" alt=\"Nogi ludzi ta\u0144cz\u0105cych na parkiecie.\" width=\"1920\" height=\"1282\" class=\"lazyload wp-image-49108\" srcset=\"data:image\/svg+xml,%3Csvg%20xmlns%3D%27http%3A%2F%2Fwww.w3.org%2F2000%2Fsvg%27%20width%3D%271920%27%20height%3D%271282%27%20viewBox%3D%270%200%201920%201282%27%3E%3Crect%20width%3D%271920%27%20height%3D%271282%27%20fill-opacity%3D%220%22%2F%3E%3C%2Fsvg%3E\" data-srcset=\"https:\/\/nockultury.pl\/wp-content\/uploads\/2025\/05\/fot.-Katarzyna-Anna-Kubiak-1-1-200x134.webp 200w, https:\/\/nockultury.pl\/wp-content\/uploads\/2025\/05\/fot.-Katarzyna-Anna-Kubiak-1-1-300x200.webp 300w, https:\/\/nockultury.pl\/wp-content\/uploads\/2025\/05\/fot.-Katarzyna-Anna-Kubiak-1-1-391x260.webp 391w, https:\/\/nockultury.pl\/wp-content\/uploads\/2025\/05\/fot.-Katarzyna-Anna-Kubiak-1-1-400x267.webp 400w, https:\/\/nockultury.pl\/wp-content\/uploads\/2025\/05\/fot.-Katarzyna-Anna-Kubiak-1-1-600x401.webp 600w, https:\/\/nockultury.pl\/wp-content\/uploads\/2025\/05\/fot.-Katarzyna-Anna-Kubiak-1-1-768x513.webp 768w, https:\/\/nockultury.pl\/wp-content\/uploads\/2025\/05\/fot.-Katarzyna-Anna-Kubiak-1-1-800x534.webp 800w, https:\/\/nockultury.pl\/wp-content\/uploads\/2025\/05\/fot.-Katarzyna-Anna-Kubiak-1-1-1024x684.webp 1024w, https:\/\/nockultury.pl\/wp-content\/uploads\/2025\/05\/fot.-Katarzyna-Anna-Kubiak-1-1-1200x801.webp 1200w, https:\/\/nockultury.pl\/wp-content\/uploads\/2025\/05\/fot.-Katarzyna-Anna-Kubiak-1-1-1536x1026.webp 1536w, https:\/\/nockultury.pl\/wp-content\/uploads\/2025\/05\/fot.-Katarzyna-Anna-Kubiak-1-1.webp 1920w\" data-sizes=\"auto\" data-orig-sizes=\"(max-width: 640px) 100vw, 1200px\" \/><\/span><\/li><li class=\"image\"><span class=\"lazyload fusion-image-hover-element hover-type-none\"><img decoding=\"async\" src=\"https:\/\/nockultury.pl\/wp-content\/uploads\/2025\/05\/magda_boruch-01.webp\" data-orig-src=\"https:\/\/nockultury.pl\/wp-content\/uploads\/2025\/05\/magda_boruch-01.webp\" alt=\"Zesp\u00f3\u0142 taneczno-muzyczny w strojach ludowych.\" width=\"1920\" height=\"1281\" class=\"lazyload wp-image-49112\" srcset=\"data:image\/svg+xml,%3Csvg%20xmlns%3D%27http%3A%2F%2Fwww.w3.org%2F2000%2Fsvg%27%20width%3D%271920%27%20height%3D%271281%27%20viewBox%3D%270%200%201920%201281%27%3E%3Crect%20width%3D%271920%27%20height%3D%271281%27%20fill-opacity%3D%220%22%2F%3E%3C%2Fsvg%3E\" data-srcset=\"https:\/\/nockultury.pl\/wp-content\/uploads\/2025\/05\/magda_boruch-01-200x133.webp 200w, https:\/\/nockultury.pl\/wp-content\/uploads\/2025\/05\/magda_boruch-01-300x200.webp 300w, https:\/\/nockultury.pl\/wp-content\/uploads\/2025\/05\/magda_boruch-01-391x260.webp 391w, https:\/\/nockultury.pl\/wp-content\/uploads\/2025\/05\/magda_boruch-01-400x267.webp 400w, https:\/\/nockultury.pl\/wp-content\/uploads\/2025\/05\/magda_boruch-01-600x400.webp 600w, https:\/\/nockultury.pl\/wp-content\/uploads\/2025\/05\/magda_boruch-01-768x512.webp 768w, https:\/\/nockultury.pl\/wp-content\/uploads\/2025\/05\/magda_boruch-01-800x534.webp 800w, https:\/\/nockultury.pl\/wp-content\/uploads\/2025\/05\/magda_boruch-01-1024x683.webp 1024w, https:\/\/nockultury.pl\/wp-content\/uploads\/2025\/05\/magda_boruch-01-1200x801.webp 1200w, https:\/\/nockultury.pl\/wp-content\/uploads\/2025\/05\/magda_boruch-01-1536x1025.webp 1536w, https:\/\/nockultury.pl\/wp-content\/uploads\/2025\/05\/magda_boruch-01.webp 1920w\" data-sizes=\"auto\" data-orig-sizes=\"(max-width: 640px) 100vw, 1200px\" \/><\/span><\/li><li class=\"image\"><span class=\"lazyload fusion-image-hover-element hover-type-none\"><img decoding=\"async\" src=\"https:\/\/nockultury.pl\/wp-content\/uploads\/2025\/05\/fot.-Michal-Pula-49-1.webp\" data-orig-src=\"https:\/\/nockultury.pl\/wp-content\/uploads\/2025\/05\/fot.-Michal-Pula-49-1.webp\" alt=\"Ludzie ta\u0144cz\u0105 na drewnianym parkiecie.\" width=\"1920\" height=\"1280\" class=\"lazyload wp-image-49110\" srcset=\"data:image\/svg+xml,%3Csvg%20xmlns%3D%27http%3A%2F%2Fwww.w3.org%2F2000%2Fsvg%27%20width%3D%271920%27%20height%3D%271280%27%20viewBox%3D%270%200%201920%201280%27%3E%3Crect%20width%3D%271920%27%20height%3D%271280%27%20fill-opacity%3D%220%22%2F%3E%3C%2Fsvg%3E\" data-srcset=\"https:\/\/nockultury.pl\/wp-content\/uploads\/2025\/05\/fot.-Michal-Pula-49-1-200x133.webp 200w, https:\/\/nockultury.pl\/wp-content\/uploads\/2025\/05\/fot.-Michal-Pula-49-1-300x200.webp 300w, https:\/\/nockultury.pl\/wp-content\/uploads\/2025\/05\/fot.-Michal-Pula-49-1-391x260.webp 391w, https:\/\/nockultury.pl\/wp-content\/uploads\/2025\/05\/fot.-Michal-Pula-49-1-400x267.webp 400w, https:\/\/nockultury.pl\/wp-content\/uploads\/2025\/05\/fot.-Michal-Pula-49-1-600x400.webp 600w, https:\/\/nockultury.pl\/wp-content\/uploads\/2025\/05\/fot.-Michal-Pula-49-1-768x512.webp 768w, https:\/\/nockultury.pl\/wp-content\/uploads\/2025\/05\/fot.-Michal-Pula-49-1-800x533.webp 800w, https:\/\/nockultury.pl\/wp-content\/uploads\/2025\/05\/fot.-Michal-Pula-49-1-1024x683.webp 1024w, https:\/\/nockultury.pl\/wp-content\/uploads\/2025\/05\/fot.-Michal-Pula-49-1-1200x800.webp 1200w, https:\/\/nockultury.pl\/wp-content\/uploads\/2025\/05\/fot.-Michal-Pula-49-1-1536x1024.webp 1536w, https:\/\/nockultury.pl\/wp-content\/uploads\/2025\/05\/fot.-Michal-Pula-49-1.webp 1920w\" data-sizes=\"auto\" data-orig-sizes=\"(max-width: 640px) 100vw, 1200px\" \/><\/span><\/li><\/ul><\/div><\/div><\/div><\/div><\/div><div class=\"fusion-fullwidth fullwidth-box fusion-builder-row-5 fusion-flex-container has-pattern-background has-mask-background nonhundred-percent-fullwidth non-hundred-percent-height-scrolling fusion-no-small-visibility\" style=\"--awb-border-radius-top-left:0px;--awb-border-radius-top-right:0px;--awb-border-radius-bottom-right:0px;--awb-border-radius-bottom-left:0px;--awb-padding-right:4%;--awb-padding-left:4%;--awb-margin-top:2%;--awb-margin-bottom:2%;--awb-background-color:rgba(255,255,255,0);--awb-flex-wrap:wrap;\" ><div class=\"fusion-builder-row fusion-row fusion-flex-align-items-flex-start fusion-flex-content-wrap\" style=\"max-width:1996.8px;margin-left: calc(-4% \/ 2 );margin-right: calc(-4% \/ 2 );\"><div class=\"fusion-layout-column fusion_builder_column fusion-builder-column-8 fusion_builder_column_1_2 1_2 fusion-flex-column\" style=\"--awb-padding-right:62px;--awb-padding-bottom:5%;--awb-padding-left:87px;--awb-overflow:hidden;--awb-bg-color:rgba(0,0,0,0.75);--awb-bg-color-hover:rgba(0,0,0,0.75);--awb-bg-size:cover;--awb-box-shadow:2px 2px 10px 0px rgba(0,0,0,0.88);;--awb-border-radius:10px 10px 10px 10px;--awb-width-large:50%;--awb-margin-top-large:0px;--awb-spacing-right-large:3.84%;--awb-margin-bottom-large:0px;--awb-spacing-left-large:0%;--awb-width-medium:50%;--awb-spacing-right-medium:3.84%;--awb-spacing-left-medium:0%;--awb-width-small:100%;--awb-spacing-right-small:1.92%;--awb-margin-bottom-small:3%;--awb-spacing-left-small:1.92%;\"><div class=\"fusion-column-wrapper fusion-column-has-shadow fusion-flex-justify-content-flex-start fusion-content-layout-block\"><div class=\"fusion-text fusion-text-15\"><h2>Scena na Zamku&nbsp;<\/h2>\n<h3>scena na dziedzi\u0144cu Zamku Lubelskiego<\/h3>\n<p><strong>Tu klasyka spotyka widowisko. Wiecz\u00f3r otworzy gala muzyki filmowej i rozrywkowej w wykonaniu Orkiestry Stra\u017cy Granicznej. P\u00f3\u017aniej dziedziniec zamieni si\u0119 w przestrze\u0144 podniebnych akrobacji \u2013 spektakularne pokazy Strefy Wysokich Lot\u00f3w po\u0142\u0105cz\u0105 taniec, ruch i sztuk\u0119 w powietrzu.<\/strong><\/p>\n<\/div><div class=\"fusion-text fusion-text-16\"><h2>co tu us\u0142yszysz i zobaczysz?<\/h2>\n<p><strong>19.30-21.00&nbsp; |<a href=\"https:\/\/nockultury.pl\/pl\/events\/gala-muzyki-filmowej-i-rozrywkowej-koncert-orkiestry-reprezentacyjnej-strazy-granicznej\/\"> Gala muzyki filmowej i rozrywkowej &#8211; Orkiestra Reprezentacyjna Stra\u017cy Granicznej<\/a><\/strong><br \/>\n<strong>21.30-01.00&nbsp; | <a href=\"https:\/\/nockultury.pl\/pl\/events\/scena-na-zamku-strefa-wysokich-lotow-na-nocy-kultury-w-lublinie\/\">Strefa Wysokich Lot\u00f3w na Nocy Kultury w Lublinie!<\/a><\/strong><\/p>\n<\/div><\/div><\/div><div class=\"fusion-layout-column fusion_builder_column fusion-builder-column-9 fusion_builder_column_1_2 1_2 fusion-flex-column fusion-no-small-visibility fusion-no-medium-visibility\" style=\"--awb-padding-bottom:2%;--awb-overflow:hidden;--awb-bg-color:rgba(0,0,0,0.83);--awb-bg-color-hover:rgba(0,0,0,0.83);--awb-bg-size:cover;--awb-box-shadow:2px 2px 6px 1px rgba(0,0,0,0.36);;--awb-border-radius:10px 10px 10px 10px;--awb-width-large:50%;--awb-margin-top-large:0px;--awb-spacing-right-large:0.576%;--awb-margin-bottom-large:0px;--awb-spacing-left-large:2.56%;--awb-width-medium:50%;--awb-order-medium:0;--awb-spacing-right-medium:0.576%;--awb-spacing-left-medium:2.56%;--awb-width-small:100%;--awb-order-small:0;--awb-spacing-right-small:1.92%;--awb-margin-bottom-small:3%;--awb-spacing-left-small:1.92%;\"><div class=\"fusion-column-wrapper fusion-column-has-shadow fusion-flex-justify-content-flex-start fusion-content-layout-block\"><div class=\"fusion-slider-sc fusion-flexslider-loading flexslider flexslider-hover-type-none\" data-slideshow_autoplay=\"1\" data-slideshow_smooth_height=\"0\" data-slideshow_speed=\"7000\" style=\"max-width:100%;height:100%;\"><ul class=\"slides\"><li class=\"image\"><span class=\"lazyload fusion-image-hover-element hover-type-none\"><img decoding=\"async\" src=\"https:\/\/nockultury.pl\/wp-content\/uploads\/2025\/05\/fot.-Katarzyna-Anna-Kubiak-38-1.webp\" data-orig-src=\"https:\/\/nockultury.pl\/wp-content\/uploads\/2025\/05\/fot.-Katarzyna-Anna-Kubiak-38-1.webp\" alt=\"Dziewczyna ta\u0144czy na szarfie.\" width=\"1920\" height=\"1282\" class=\"lazyload wp-image-49116\" srcset=\"data:image\/svg+xml,%3Csvg%20xmlns%3D%27http%3A%2F%2Fwww.w3.org%2F2000%2Fsvg%27%20width%3D%271920%27%20height%3D%271282%27%20viewBox%3D%270%200%201920%201282%27%3E%3Crect%20width%3D%271920%27%20height%3D%271282%27%20fill-opacity%3D%220%22%2F%3E%3C%2Fsvg%3E\" data-srcset=\"https:\/\/nockultury.pl\/wp-content\/uploads\/2025\/05\/fot.-Katarzyna-Anna-Kubiak-38-1-200x134.webp 200w, https:\/\/nockultury.pl\/wp-content\/uploads\/2025\/05\/fot.-Katarzyna-Anna-Kubiak-38-1-300x200.webp 300w, https:\/\/nockultury.pl\/wp-content\/uploads\/2025\/05\/fot.-Katarzyna-Anna-Kubiak-38-1-391x260.webp 391w, https:\/\/nockultury.pl\/wp-content\/uploads\/2025\/05\/fot.-Katarzyna-Anna-Kubiak-38-1-400x267.webp 400w, https:\/\/nockultury.pl\/wp-content\/uploads\/2025\/05\/fot.-Katarzyna-Anna-Kubiak-38-1-600x401.webp 600w, https:\/\/nockultury.pl\/wp-content\/uploads\/2025\/05\/fot.-Katarzyna-Anna-Kubiak-38-1-768x513.webp 768w, https:\/\/nockultury.pl\/wp-content\/uploads\/2025\/05\/fot.-Katarzyna-Anna-Kubiak-38-1-800x534.webp 800w, https:\/\/nockultury.pl\/wp-content\/uploads\/2025\/05\/fot.-Katarzyna-Anna-Kubiak-38-1-1024x684.webp 1024w, https:\/\/nockultury.pl\/wp-content\/uploads\/2025\/05\/fot.-Katarzyna-Anna-Kubiak-38-1-1200x801.webp 1200w, https:\/\/nockultury.pl\/wp-content\/uploads\/2025\/05\/fot.-Katarzyna-Anna-Kubiak-38-1-1536x1026.webp 1536w, https:\/\/nockultury.pl\/wp-content\/uploads\/2025\/05\/fot.-Katarzyna-Anna-Kubiak-38-1.webp 1920w\" data-sizes=\"auto\" data-orig-sizes=\"(max-width: 640px) 100vw, 1200px\" \/><\/span><\/li><li class=\"image\"><span class=\"lazyload fusion-image-hover-element hover-type-none\"><img decoding=\"async\" src=\"https:\/\/nockultury.pl\/wp-content\/uploads\/2025\/05\/fot.-Katarzyna-Anna-Kubiak-26.webp\" data-orig-src=\"https:\/\/nockultury.pl\/wp-content\/uploads\/2025\/05\/fot.-Katarzyna-Anna-Kubiak-26.webp\" alt=\"Ca\u0142a grupa kobiet ta\u0144czy na szarfach.\" width=\"1920\" height=\"1282\" class=\"lazyload wp-image-49114\" srcset=\"data:image\/svg+xml,%3Csvg%20xmlns%3D%27http%3A%2F%2Fwww.w3.org%2F2000%2Fsvg%27%20width%3D%271920%27%20height%3D%271282%27%20viewBox%3D%270%200%201920%201282%27%3E%3Crect%20width%3D%271920%27%20height%3D%271282%27%20fill-opacity%3D%220%22%2F%3E%3C%2Fsvg%3E\" data-srcset=\"https:\/\/nockultury.pl\/wp-content\/uploads\/2025\/05\/fot.-Katarzyna-Anna-Kubiak-26-200x134.webp 200w, https:\/\/nockultury.pl\/wp-content\/uploads\/2025\/05\/fot.-Katarzyna-Anna-Kubiak-26-300x200.webp 300w, https:\/\/nockultury.pl\/wp-content\/uploads\/2025\/05\/fot.-Katarzyna-Anna-Kubiak-26-391x260.webp 391w, https:\/\/nockultury.pl\/wp-content\/uploads\/2025\/05\/fot.-Katarzyna-Anna-Kubiak-26-400x267.webp 400w, https:\/\/nockultury.pl\/wp-content\/uploads\/2025\/05\/fot.-Katarzyna-Anna-Kubiak-26-600x401.webp 600w, https:\/\/nockultury.pl\/wp-content\/uploads\/2025\/05\/fot.-Katarzyna-Anna-Kubiak-26-768x513.webp 768w, https:\/\/nockultury.pl\/wp-content\/uploads\/2025\/05\/fot.-Katarzyna-Anna-Kubiak-26-800x534.webp 800w, https:\/\/nockultury.pl\/wp-content\/uploads\/2025\/05\/fot.-Katarzyna-Anna-Kubiak-26-1024x684.webp 1024w, https:\/\/nockultury.pl\/wp-content\/uploads\/2025\/05\/fot.-Katarzyna-Anna-Kubiak-26-1200x801.webp 1200w, https:\/\/nockultury.pl\/wp-content\/uploads\/2025\/05\/fot.-Katarzyna-Anna-Kubiak-26-1536x1026.webp 1536w, https:\/\/nockultury.pl\/wp-content\/uploads\/2025\/05\/fot.-Katarzyna-Anna-Kubiak-26.webp 1920w\" data-sizes=\"auto\" data-orig-sizes=\"(max-width: 640px) 100vw, 1200px\" \/><\/span><\/li><li class=\"image\"><span class=\"lazyload fusion-image-hover-element hover-type-none\"><img decoding=\"async\" src=\"https:\/\/nockultury.pl\/wp-content\/uploads\/2025\/05\/Aleksandra-Woch-m31.webp\" data-orig-src=\"https:\/\/nockultury.pl\/wp-content\/uploads\/2025\/05\/Aleksandra-Woch-m31.webp\" alt=\"Dziewczyna ta\u0144czy na szarfach.\" width=\"1920\" height=\"1280\" class=\"lazyload wp-image-49130\" srcset=\"data:image\/svg+xml,%3Csvg%20xmlns%3D%27http%3A%2F%2Fwww.w3.org%2F2000%2Fsvg%27%20width%3D%271920%27%20height%3D%271280%27%20viewBox%3D%270%200%201920%201280%27%3E%3Crect%20width%3D%271920%27%20height%3D%271280%27%20fill-opacity%3D%220%22%2F%3E%3C%2Fsvg%3E\" data-srcset=\"https:\/\/nockultury.pl\/wp-content\/uploads\/2025\/05\/Aleksandra-Woch-m31-200x133.webp 200w, https:\/\/nockultury.pl\/wp-content\/uploads\/2025\/05\/Aleksandra-Woch-m31-300x200.webp 300w, https:\/\/nockultury.pl\/wp-content\/uploads\/2025\/05\/Aleksandra-Woch-m31-391x260.webp 391w, https:\/\/nockultury.pl\/wp-content\/uploads\/2025\/05\/Aleksandra-Woch-m31-400x267.webp 400w, https:\/\/nockultury.pl\/wp-content\/uploads\/2025\/05\/Aleksandra-Woch-m31-600x400.webp 600w, https:\/\/nockultury.pl\/wp-content\/uploads\/2025\/05\/Aleksandra-Woch-m31-768x512.webp 768w, https:\/\/nockultury.pl\/wp-content\/uploads\/2025\/05\/Aleksandra-Woch-m31-800x533.webp 800w, https:\/\/nockultury.pl\/wp-content\/uploads\/2025\/05\/Aleksandra-Woch-m31-1024x683.webp 1024w, https:\/\/nockultury.pl\/wp-content\/uploads\/2025\/05\/Aleksandra-Woch-m31-1200x800.webp 1200w, https:\/\/nockultury.pl\/wp-content\/uploads\/2025\/05\/Aleksandra-Woch-m31-1536x1024.webp 1536w, https:\/\/nockultury.pl\/wp-content\/uploads\/2025\/05\/Aleksandra-Woch-m31.webp 1920w\" data-sizes=\"auto\" data-orig-sizes=\"(max-width: 640px) 100vw, 1200px\" \/><\/span><\/li><\/ul><\/div><\/div><\/div><\/div><\/div><div class=\"fusion-fullwidth fullwidth-box fusion-builder-row-6 fusion-flex-container has-pattern-background has-mask-background nonhundred-percent-fullwidth non-hundred-percent-height-scrolling fusion-no-small-visibility\" style=\"--awb-border-radius-top-left:0px;--awb-border-radius-top-right:0px;--awb-border-radius-bottom-right:0px;--awb-border-radius-bottom-left:0px;--awb-padding-right:4%;--awb-padding-left:4%;--awb-margin-top:2%;--awb-margin-bottom:3%;--awb-background-color:rgba(255,255,255,0);--awb-flex-wrap:wrap;\" ><div class=\"fusion-builder-row fusion-row fusion-flex-align-items-flex-start fusion-flex-content-wrap\" style=\"max-width:1996.8px;margin-left: calc(-4% \/ 2 );margin-right: calc(-4% \/ 2 );\"><div class=\"fusion-layout-column fusion_builder_column fusion-builder-column-10 fusion_builder_column_1_2 1_2 fusion-flex-column\" style=\"--awb-padding-right:62px;--awb-padding-bottom:5%;--awb-padding-left:87px;--awb-overflow:hidden;--awb-bg-color:rgba(0,0,0,0.75);--awb-bg-color-hover:rgba(0,0,0,0.75);--awb-bg-size:cover;--awb-box-shadow:2px 2px 10px 0px rgba(0,0,0,0.88);;--awb-border-radius:10px 10px 10px 10px;--awb-width-large:50%;--awb-margin-top-large:0px;--awb-spacing-right-large:3.84%;--awb-margin-bottom-large:0px;--awb-spacing-left-large:0%;--awb-width-medium:50%;--awb-spacing-right-medium:3.84%;--awb-spacing-left-medium:0%;--awb-width-small:100%;--awb-spacing-right-small:1.92%;--awb-margin-bottom-small:3%;--awb-spacing-left-small:1.92%;\"><div class=\"fusion-column-wrapper fusion-column-has-shadow fusion-flex-justify-content-flex-start fusion-content-layout-block\"><div class=\"fusion-text fusion-text-17\"><h2>Scena Rapu<\/h2>\n<\/div><div class=\"fusion-text fusion-text-18\"><p><strong>ZSE im. A. i J. Vetter\u00f3w w Lublinie, ul. \u017bmigr\u00f3d 10 (boisko)<\/strong><\/p>\n<p>Nieod\u0142\u0105cznym elementem Nocy Kultury sta\u0142a si\u0119 ju\u017c Scena Rapowa. Podobnie jak przed rokiem, stanie ona na boisku za Zespo\u0142em Szk\u00f3\u0142 Ekonomicznych im. A. i J. Vetter\u00f3w przy ul. \u017bmigr\u00f3d 10. Koncertow\u0105 noc otworz\u0105 m\u0142odzi raperzy \u2013 zwyci\u0119zcy konkursu og\u0142oszonego przez Warsztaty Kultury. Ich obecno\u015b\u0107 na Nocy Kultury 2025 mo\u017ce sta\u0107 si\u0119 punktem zwrotnym w ich karierze. Dla wi\u0119kszo\u015bci z nich b\u0119dzie to pierwszy wyst\u0119p przed tak du\u017c\u0105 publiczno\u015bci\u0105.<\/p>\n<p>Wyst\u0105pi\u0105: <strong>Szerry, Julox, Aszur, MZM, Bambus oraz Jan Maci\u0105g z Arturem Kopciowskim<\/strong> \u2013 gitara elektryczna, Jordanem Wilkiem \u2013 bas oraz Jacobem Blanchardem \u2013 perkusja. M\u0142odzi raperzy zaprezentuj\u0105 sw\u00f3j autorski materia\u0142. Go\u015bcinnie pojawi si\u0119 Wlazix, m\u0142oda raperka, finalistka dw\u00f3ch poprzednich edycji konkursu. Podczas koncertu m\u0142odzi arty\u015bci otrzymaj\u0105 te\u017c wyr\u00f3\u017cnienia przyznane przez \u0141on\u0119, Juniora Stressa, Wi\u015bni\u0119 Bakajoko oraz Zeten\u0119. Po nich na scenie zaprezentuj\u0105 si\u0119 r\u00f3wnie\u017c JoBee, Wi\u015bnia Bakajoko oraz gwiazda wieczoru: O.S.T.R. Na fina\u0142 zaplanowano z kolei live act\/set producenta Zeteny oraz beatmakera i DJ-a Cut-aheada, reprezentant\u00f3w SNR Crew. Zaprezentuj\u0105 oni instrumentalne wersje znanych produkcji oraz \u015bwie\u017ce bity okraszone cutami i skreczami. Tego wieczoru mo\u017cna si\u0119 wi\u0119c spodziewa\u0107 t\u0142ustego boom bapu i mi\u0119sistego brzmienia oldschoolowego duetu.<\/p>\n<p><strong>LINE-UP<\/strong><\/p>\n<p>19.30-21.00 &#8211; M\u0142ody Rap<br \/>\n21.00-21.30 &#8211; Jobee Project<br \/>\n21.30-22.30 &#8211; Wi\u015bnia Bakajoko<br \/>\n22.30-23.30 &#8211; O.S.T.R.<br \/>\n23.30-00.30 &#8211; live act\/set producenta Zeteny oraz beatmakera i dj\u2019a Cut-aheada&#8221;<\/p>\n<\/div><\/div><\/div><div class=\"fusion-layout-column fusion_builder_column fusion-builder-column-11 fusion_builder_column_1_2 1_2 fusion-flex-column fusion-no-small-visibility fusion-no-medium-visibility\" style=\"--awb-padding-bottom:2%;--awb-overflow:hidden;--awb-bg-color:rgba(0,0,0,0.83);--awb-bg-color-hover:rgba(0,0,0,0.83);--awb-bg-size:cover;--awb-box-shadow:2px 2px 6px 1px rgba(0,0,0,0.36);;--awb-border-radius:10px 10px 10px 10px;--awb-width-large:50%;--awb-margin-top-large:0px;--awb-spacing-right-large:0.576%;--awb-margin-bottom-large:0px;--awb-spacing-left-large:2.56%;--awb-width-medium:50%;--awb-order-medium:0;--awb-spacing-right-medium:0.576%;--awb-spacing-left-medium:2.56%;--awb-width-small:100%;--awb-order-small:0;--awb-spacing-right-small:1.92%;--awb-margin-bottom-small:3%;--awb-spacing-left-small:1.92%;\"><div class=\"fusion-column-wrapper fusion-column-has-shadow fusion-flex-justify-content-flex-start fusion-content-layout-block\"><div class=\"fusion-slider-sc fusion-flexslider-loading flexslider flexslider-hover-type-none\" data-slideshow_autoplay=\"1\" data-slideshow_smooth_height=\"0\" data-slideshow_speed=\"7000\" style=\"max-width:100%;height:100%;\"><ul class=\"slides\"><li class=\"image\"><span class=\"lazyload fusion-image-hover-element hover-type-none\"><img decoding=\"async\" src=\"https:\/\/nockultury.pl\/wp-content\/uploads\/2025\/05\/Amelia-Nanowska_100dpi-19.webp\" data-orig-src=\"https:\/\/nockultury.pl\/wp-content\/uploads\/2025\/05\/Amelia-Nanowska_100dpi-19.webp\" alt=\"Dw\u00f3ch raper\u00f3w na scenie.\" width=\"1920\" height=\"1280\" class=\"lazyload wp-image-49118\" srcset=\"data:image\/svg+xml,%3Csvg%20xmlns%3D%27http%3A%2F%2Fwww.w3.org%2F2000%2Fsvg%27%20width%3D%271920%27%20height%3D%271280%27%20viewBox%3D%270%200%201920%201280%27%3E%3Crect%20width%3D%271920%27%20height%3D%271280%27%20fill-opacity%3D%220%22%2F%3E%3C%2Fsvg%3E\" data-srcset=\"https:\/\/nockultury.pl\/wp-content\/uploads\/2025\/05\/Amelia-Nanowska_100dpi-19-200x133.webp 200w, https:\/\/nockultury.pl\/wp-content\/uploads\/2025\/05\/Amelia-Nanowska_100dpi-19-300x200.webp 300w, https:\/\/nockultury.pl\/wp-content\/uploads\/2025\/05\/Amelia-Nanowska_100dpi-19-391x260.webp 391w, https:\/\/nockultury.pl\/wp-content\/uploads\/2025\/05\/Amelia-Nanowska_100dpi-19-400x267.webp 400w, https:\/\/nockultury.pl\/wp-content\/uploads\/2025\/05\/Amelia-Nanowska_100dpi-19-600x400.webp 600w, https:\/\/nockultury.pl\/wp-content\/uploads\/2025\/05\/Amelia-Nanowska_100dpi-19-768x512.webp 768w, https:\/\/nockultury.pl\/wp-content\/uploads\/2025\/05\/Amelia-Nanowska_100dpi-19-800x533.webp 800w, https:\/\/nockultury.pl\/wp-content\/uploads\/2025\/05\/Amelia-Nanowska_100dpi-19-1024x683.webp 1024w, https:\/\/nockultury.pl\/wp-content\/uploads\/2025\/05\/Amelia-Nanowska_100dpi-19-1200x800.webp 1200w, https:\/\/nockultury.pl\/wp-content\/uploads\/2025\/05\/Amelia-Nanowska_100dpi-19-1536x1024.webp 1536w, https:\/\/nockultury.pl\/wp-content\/uploads\/2025\/05\/Amelia-Nanowska_100dpi-19.webp 1920w\" data-sizes=\"auto\" data-orig-sizes=\"(max-width: 640px) 100vw, 1200px\" \/><\/span><\/li><li class=\"image\"><span class=\"lazyload fusion-image-hover-element hover-type-none\"><img decoding=\"async\" src=\"https:\/\/nockultury.pl\/wp-content\/uploads\/2025\/05\/Sylwia-Prus-11.webp\" data-orig-src=\"https:\/\/nockultury.pl\/wp-content\/uploads\/2025\/05\/Sylwia-Prus-11.webp\" alt=\"M\u0142ody ch\u0142opak biega po scenie i zabawia publiczno\u015b\u0107.\" width=\"1920\" height=\"1280\" class=\"lazyload wp-image-49085\" srcset=\"data:image\/svg+xml,%3Csvg%20xmlns%3D%27http%3A%2F%2Fwww.w3.org%2F2000%2Fsvg%27%20width%3D%271920%27%20height%3D%271280%27%20viewBox%3D%270%200%201920%201280%27%3E%3Crect%20width%3D%271920%27%20height%3D%271280%27%20fill-opacity%3D%220%22%2F%3E%3C%2Fsvg%3E\" data-srcset=\"https:\/\/nockultury.pl\/wp-content\/uploads\/2025\/05\/Sylwia-Prus-11-200x133.webp 200w, https:\/\/nockultury.pl\/wp-content\/uploads\/2025\/05\/Sylwia-Prus-11-300x200.webp 300w, https:\/\/nockultury.pl\/wp-content\/uploads\/2025\/05\/Sylwia-Prus-11-391x260.webp 391w, https:\/\/nockultury.pl\/wp-content\/uploads\/2025\/05\/Sylwia-Prus-11-400x267.webp 400w, https:\/\/nockultury.pl\/wp-content\/uploads\/2025\/05\/Sylwia-Prus-11-600x400.webp 600w, https:\/\/nockultury.pl\/wp-content\/uploads\/2025\/05\/Sylwia-Prus-11-768x512.webp 768w, https:\/\/nockultury.pl\/wp-content\/uploads\/2025\/05\/Sylwia-Prus-11-800x533.webp 800w, https:\/\/nockultury.pl\/wp-content\/uploads\/2025\/05\/Sylwia-Prus-11-1024x683.webp 1024w, https:\/\/nockultury.pl\/wp-content\/uploads\/2025\/05\/Sylwia-Prus-11-1200x800.webp 1200w, https:\/\/nockultury.pl\/wp-content\/uploads\/2025\/05\/Sylwia-Prus-11-1536x1024.webp 1536w, https:\/\/nockultury.pl\/wp-content\/uploads\/2025\/05\/Sylwia-Prus-11.webp 1920w\" data-sizes=\"auto\" data-orig-sizes=\"(max-width: 640px) 100vw, 1200px\" \/><\/span><\/li><li class=\"image\"><span class=\"lazyload fusion-image-hover-element hover-type-none\"><img decoding=\"async\" src=\"https:\/\/nockultury.pl\/wp-content\/uploads\/2025\/05\/fot.-Mateusz-Hypiak-1.webp\" data-orig-src=\"https:\/\/nockultury.pl\/wp-content\/uploads\/2025\/05\/fot.-Mateusz-Hypiak-1.webp\" alt=\"R\u0119ce uniesione do g\u00f3ry. Ludzie machaj\u0105 i robi\u0105 zdj\u0119cia w czasie koncertu.\" width=\"1920\" height=\"1280\" class=\"lazyload wp-image-49120\" srcset=\"data:image\/svg+xml,%3Csvg%20xmlns%3D%27http%3A%2F%2Fwww.w3.org%2F2000%2Fsvg%27%20width%3D%271920%27%20height%3D%271280%27%20viewBox%3D%270%200%201920%201280%27%3E%3Crect%20width%3D%271920%27%20height%3D%271280%27%20fill-opacity%3D%220%22%2F%3E%3C%2Fsvg%3E\" data-srcset=\"https:\/\/nockultury.pl\/wp-content\/uploads\/2025\/05\/fot.-Mateusz-Hypiak-1-200x133.webp 200w, https:\/\/nockultury.pl\/wp-content\/uploads\/2025\/05\/fot.-Mateusz-Hypiak-1-300x200.webp 300w, https:\/\/nockultury.pl\/wp-content\/uploads\/2025\/05\/fot.-Mateusz-Hypiak-1-391x260.webp 391w, https:\/\/nockultury.pl\/wp-content\/uploads\/2025\/05\/fot.-Mateusz-Hypiak-1-400x267.webp 400w, https:\/\/nockultury.pl\/wp-content\/uploads\/2025\/05\/fot.-Mateusz-Hypiak-1-600x400.webp 600w, https:\/\/nockultury.pl\/wp-content\/uploads\/2025\/05\/fot.-Mateusz-Hypiak-1-768x512.webp 768w, https:\/\/nockultury.pl\/wp-content\/uploads\/2025\/05\/fot.-Mateusz-Hypiak-1-800x533.webp 800w, https:\/\/nockultury.pl\/wp-content\/uploads\/2025\/05\/fot.-Mateusz-Hypiak-1-1024x683.webp 1024w, https:\/\/nockultury.pl\/wp-content\/uploads\/2025\/05\/fot.-Mateusz-Hypiak-1-1200x800.webp 1200w, https:\/\/nockultury.pl\/wp-content\/uploads\/2025\/05\/fot.-Mateusz-Hypiak-1-1536x1024.webp 1536w, https:\/\/nockultury.pl\/wp-content\/uploads\/2025\/05\/fot.-Mateusz-Hypiak-1.webp 1920w\" data-sizes=\"auto\" data-orig-sizes=\"(max-width: 640px) 100vw, 1200px\" \/><\/span><\/li><li class=\"image\"><span class=\"lazyload fusion-image-hover-element hover-type-none\"><img decoding=\"async\" src=\"https:\/\/nockultury.pl\/wp-content\/uploads\/2025\/05\/Sylwia-Prus-1.webp\" data-orig-src=\"https:\/\/nockultury.pl\/wp-content\/uploads\/2025\/05\/Sylwia-Prus-1.webp\" alt=\"Wokalista ma uniesion\u0105 lew\u0105 r\u0119k\u0119 na znak zwyci\u0119stwa.\" width=\"1920\" height=\"1280\" class=\"lazyload wp-image-49122\" srcset=\"data:image\/svg+xml,%3Csvg%20xmlns%3D%27http%3A%2F%2Fwww.w3.org%2F2000%2Fsvg%27%20width%3D%271920%27%20height%3D%271280%27%20viewBox%3D%270%200%201920%201280%27%3E%3Crect%20width%3D%271920%27%20height%3D%271280%27%20fill-opacity%3D%220%22%2F%3E%3C%2Fsvg%3E\" data-srcset=\"https:\/\/nockultury.pl\/wp-content\/uploads\/2025\/05\/Sylwia-Prus-1-200x133.webp 200w, https:\/\/nockultury.pl\/wp-content\/uploads\/2025\/05\/Sylwia-Prus-1-300x200.webp 300w, https:\/\/nockultury.pl\/wp-content\/uploads\/2025\/05\/Sylwia-Prus-1-391x260.webp 391w, https:\/\/nockultury.pl\/wp-content\/uploads\/2025\/05\/Sylwia-Prus-1-400x267.webp 400w, https:\/\/nockultury.pl\/wp-content\/uploads\/2025\/05\/Sylwia-Prus-1-600x400.webp 600w, https:\/\/nockultury.pl\/wp-content\/uploads\/2025\/05\/Sylwia-Prus-1-768x512.webp 768w, https:\/\/nockultury.pl\/wp-content\/uploads\/2025\/05\/Sylwia-Prus-1-800x533.webp 800w, https:\/\/nockultury.pl\/wp-content\/uploads\/2025\/05\/Sylwia-Prus-1-1024x683.webp 1024w, https:\/\/nockultury.pl\/wp-content\/uploads\/2025\/05\/Sylwia-Prus-1-1200x800.webp 1200w, https:\/\/nockultury.pl\/wp-content\/uploads\/2025\/05\/Sylwia-Prus-1-1536x1024.webp 1536w, https:\/\/nockultury.pl\/wp-content\/uploads\/2025\/05\/Sylwia-Prus-1.webp 1920w\" data-sizes=\"auto\" data-orig-sizes=\"(max-width: 640px) 100vw, 1200px\" \/><\/span><\/li><\/ul><\/div><\/div><\/div><\/div><\/div><div class=\"fusion-fullwidth fullwidth-box fusion-builder-row-7 fusion-flex-container has-pattern-background has-mask-background nonhundred-percent-fullwidth non-hundred-percent-height-scrolling fusion-no-medium-visibility fusion-no-large-visibility\" style=\"--awb-border-radius-top-left:0px;--awb-border-radius-top-right:0px;--awb-border-radius-bottom-right:0px;--awb-border-radius-bottom-left:0px;--awb-padding-right:4%;--awb-padding-left:4%;--awb-margin-top:13%;--awb-margin-bottom:3%;--awb-background-color:rgba(255,255,255,0);--awb-flex-wrap:wrap;\" ><div class=\"fusion-builder-row fusion-row fusion-flex-align-items-flex-start fusion-flex-content-wrap\" style=\"max-width:1996.8px;margin-left: calc(-4% \/ 2 );margin-right: calc(-4% \/ 2 );\"><div class=\"fusion-layout-column fusion_builder_column fusion-builder-column-12 fusion_builder_column_1_1 1_1 fusion-flex-column\" style=\"--awb-padding-right:62px;--awb-padding-bottom:5%;--awb-padding-left:87px;--awb-padding-right-small:10px;--awb-padding-bottom-small:0px;--awb-padding-left-small:8px;--awb-overflow:hidden;--awb-bg-color:rgba(0,0,0,0.75);--awb-bg-color-hover:rgba(0,0,0,0.75);--awb-bg-size:cover;--awb-box-shadow:2px 2px 10px 0px rgba(0,0,0,0.88);;--awb-border-radius:10px 10px 10px 10px;--awb-width-large:100%;--awb-margin-top-large:0px;--awb-spacing-right-large:1.92%;--awb-margin-bottom-large:0px;--awb-spacing-left-large:0%;--awb-width-medium:100%;--awb-spacing-right-medium:1.92%;--awb-spacing-left-medium:0%;--awb-width-small:100%;--awb-margin-top-small:213px;--awb-spacing-right-small:1.92%;--awb-margin-bottom-small:0%;--awb-spacing-left-small:1.92%;\"><div class=\"fusion-column-wrapper fusion-column-has-shadow fusion-flex-justify-content-flex-start fusion-content-layout-column\"><div class=\"fusion-text fusion-text-19\"><h1>NASZE SCENY<\/h1>\n<div>&nbsp;<\/div>\n<\/div><div class=\"fusion-builder-row fusion-builder-row-inner fusion-row fusion-flex-align-items-flex-start fusion-flex-content-wrap\" style=\"width:104% !important;max-width:104% !important;margin-left: calc(-4% \/ 2 );margin-right: calc(-4% \/ 2 );\"><div class=\"fusion-layout-column fusion_builder_column_inner fusion-builder-nested-column-11 fusion_builder_column_inner_1_2 1_2 fusion-flex-column\" style=\"--awb-padding-bottom-small:0px;--awb-bg-size:cover;--awb-width-large:50%;--awb-margin-top-large:0px;--awb-spacing-right-large:3.84%;--awb-margin-bottom-large:0px;--awb-spacing-left-large:3.84%;--awb-width-medium:50%;--awb-order-medium:0;--awb-spacing-right-medium:3.84%;--awb-spacing-left-medium:3.84%;--awb-width-small:100%;--awb-order-small:0;--awb-spacing-right-small:1.92%;--awb-margin-bottom-small:0px;--awb-spacing-left-small:1.92%;\"><div class=\"fusion-column-wrapper fusion-column-has-shadow fusion-flex-justify-content-flex-start fusion-content-layout-column\"><div class=\"fusion-text fusion-text-20\"><h2>Scena Nieoczywista<\/h2>\n<h3>przy Wojew\u00f3dzkiej Bibliotece Publicznej im. Hieronima \u0141opaci\u0144skiego w Lublinie<\/h3>\n<p><strong style=\"background-color: rgba(0, 0, 0, 0);\">To miejsce spotka\u0144 r\u00f3\u017cnych muzycznych \u015bwiat\u00f3w \u2013 od filmowych aran\u017cacji, przez dzieci\u0119c\u0105 energi\u0119, po latynoskie rytmy i m\u0142od\u0105 scen\u0119 lokaln\u0105. To przestrze\u0144 pe\u0142na autentyczno\u015bci, eksperyment\u00f3w i zaskocze\u0144 \u2013 bez gatunkowych ogranicze\u0144, dla tych, kt\u00f3rzy chc\u0105 odkrywa\u0107 muzyk\u0119 na nowo.<\/strong><\/p>\n<\/div><\/div><\/div><div class=\"fusion-layout-column fusion_builder_column_inner fusion-builder-nested-column-12 fusion_builder_column_inner_1_2 1_2 fusion-flex-column\" style=\"--awb-padding-right-small:7px;--awb-padding-left-small:11px;--awb-bg-size:cover;--awb-width-large:50%;--awb-margin-top-large:0px;--awb-spacing-right-large:3.84%;--awb-margin-bottom-large:0px;--awb-spacing-left-large:3.84%;--awb-width-medium:50%;--awb-order-medium:0;--awb-spacing-right-medium:3.84%;--awb-spacing-left-medium:3.84%;--awb-width-small:100%;--awb-order-small:0;--awb-spacing-right-small:0.768%;--awb-spacing-left-small:0%;\"><div class=\"fusion-column-wrapper fusion-column-has-shadow fusion-flex-justify-content-flex-start fusion-content-layout-column\"><div class=\"fusion-text fusion-text-21\"><h2 class=\"fusion-responsive-typography-calculated\" style=\"--fontsize: 26; line-height: 1.2;\" data-fontsize=\"26\" data-lineheight=\"31.2px\"><strong style=\"font-size: 14px; background-color: rgba(0, 0, 0, 0);\">19.00-20.00 |<\/strong> <a style=\"font-size: 14px; background-color: rgba(0, 0, 0, 0);\" role=\"link\" href=\"https:\/\/nockultury.pl\/pl\/events\/koncert-mauricio-diaz-alvarez-gitara\/\"><strong>Koncert muzyki filmowej \u2013 Orkiestra Wojskowa w Lublinie pod batut\u0105 kapitana Piotra Ko\u0142odzieja<\/strong><\/a><\/h2>\n<p><strong>20.00-20.30 |<\/strong> <a role=\"link\" href=\"https:\/\/nockultury.pl\/pl\/events\/jam-session-stypendystow-programu-stypendiow-rozwoju-stowarzyszenia-homo-faber\/\"><strong>Jam Session stypendyst\u00f3w Programu Stypendi\u00f3w Rozwoju Stowarzyszenia Homo Faber<\/strong><\/a><br \/>\n<strong><br \/>\n20.30\u201321.00 |<\/strong> <strong>Wyst\u0119p Oliwii Ko\u0142buk<\/strong><br \/>\nOliwia Ko\u0142buk \u2013 p\u00f3\u0142finalistka 6 edycji The Voice Kids z dru\u017cyny Dawida Kwiatkowskiego. Sw\u00f3j wokal kszta\u0142ci w Studio Muzyki Rozrywkowej w Lublinie u Pani Anety D\u0105bskiej. Oliwia jest wielokrotn\u0105 laureatk\u0105 konkurs\u00f3w i festiwali wokalnych na szczeblach wojew\u00f3dzkich, og\u00f3lnopolskich i mi\u0119dzynarodowych. W ostatnim czasie Oliwia zosta\u0142a stypendystk\u0105 Urz\u0119du Marsza\u0142kowskiego w Lublinie z projektu \u201eLubelskie wspiera uzdolnionych 2024-2025.<br \/>\n<strong><br \/>\n<\/strong><\/p>\n<p><strong>21.00 \u2013 21.30<\/strong> <strong>|<\/strong><a role=\"link\" href=\"https:\/\/nockultury.pl\/pl\/events\/koncert-mauricio-diaz-alvarez-gitara\/\"><strong> Koncert \u2013 Mauricio D\u00edaz \u00c1lvarez (gitara)<\/strong><\/a><\/p>\n<p><strong>21.30 \u2013 01.00 | <\/strong><a role=\"link\" href=\"https:\/\/nockultury.pl\/pl\/events\/scena-ad-hoc-ackim-umcs-chatka-zaka\/\"><strong> Scena AD HOC<\/strong><\/a><\/p>\n<\/div><\/div><\/div><\/div><div class=\"fusion-slider-sc\" style=\"margin-bottom:-2%;\"><div class=\"fusion-flexslider-loading flexslider flexslider-hover-type-none\" data-slideshow_autoplay=\"1\" data-slideshow_smooth_height=\"0\" data-slideshow_speed=\"7000\" style=\"max-width:100%;height:100%;\"><ul class=\"slides\"><li class=\"image\"><span class=\"lazyload fusion-image-hover-element hover-type-none\"><img decoding=\"async\" src=\"https:\/\/nockultury.pl\/wp-content\/uploads\/2025\/05\/Katarzyna-Szawloga-22.webp\" data-orig-src=\"https:\/\/nockultury.pl\/wp-content\/uploads\/2025\/05\/Katarzyna-Szawloga-22.webp\" alt=\"M\u0119\u017cczyzna gra na gitarze.\" width=\"1920\" height=\"1280\" class=\"lazyload wp-image-49128\" srcset=\"data:image\/svg+xml,%3Csvg%20xmlns%3D%27http%3A%2F%2Fwww.w3.org%2F2000%2Fsvg%27%20width%3D%271920%27%20height%3D%271280%27%20viewBox%3D%270%200%201920%201280%27%3E%3Crect%20width%3D%271920%27%20height%3D%271280%27%20fill-opacity%3D%220%22%2F%3E%3C%2Fsvg%3E\" data-srcset=\"https:\/\/nockultury.pl\/wp-content\/uploads\/2025\/05\/Katarzyna-Szawloga-22-200x133.webp 200w, https:\/\/nockultury.pl\/wp-content\/uploads\/2025\/05\/Katarzyna-Szawloga-22-300x200.webp 300w, https:\/\/nockultury.pl\/wp-content\/uploads\/2025\/05\/Katarzyna-Szawloga-22-391x260.webp 391w, https:\/\/nockultury.pl\/wp-content\/uploads\/2025\/05\/Katarzyna-Szawloga-22-400x267.webp 400w, https:\/\/nockultury.pl\/wp-content\/uploads\/2025\/05\/Katarzyna-Szawloga-22-600x400.webp 600w, https:\/\/nockultury.pl\/wp-content\/uploads\/2025\/05\/Katarzyna-Szawloga-22-768x512.webp 768w, https:\/\/nockultury.pl\/wp-content\/uploads\/2025\/05\/Katarzyna-Szawloga-22-800x533.webp 800w, https:\/\/nockultury.pl\/wp-content\/uploads\/2025\/05\/Katarzyna-Szawloga-22-1024x683.webp 1024w, https:\/\/nockultury.pl\/wp-content\/uploads\/2025\/05\/Katarzyna-Szawloga-22-1200x800.webp 1200w, https:\/\/nockultury.pl\/wp-content\/uploads\/2025\/05\/Katarzyna-Szawloga-22-1536x1024.webp 1536w, https:\/\/nockultury.pl\/wp-content\/uploads\/2025\/05\/Katarzyna-Szawloga-22.webp 1920w\" data-sizes=\"auto\" data-orig-sizes=\"(max-width: 640px) 100vw, 1920px\" \/><\/span><\/li><li class=\"image\"><span class=\"lazyload fusion-image-hover-element hover-type-none\"><img decoding=\"async\" src=\"https:\/\/nockultury.pl\/wp-content\/uploads\/2025\/05\/hhhhhhhhhhmmmmm.jpg\" data-orig-src=\"https:\/\/nockultury.pl\/wp-content\/uploads\/2025\/05\/hhhhhhhhhhmmmmm.jpg\" alt=\"Koncert. Na scenie wokalistka, a dooko\u0142a t\u0142um ludzi.\" width=\"2000\" height=\"1335\" class=\"lazyload wp-image-49136\" srcset=\"data:image\/svg+xml,%3Csvg%20xmlns%3D%27http%3A%2F%2Fwww.w3.org%2F2000%2Fsvg%27%20width%3D%272000%27%20height%3D%271335%27%20viewBox%3D%270%200%202000%201335%27%3E%3Crect%20width%3D%272000%27%20height%3D%271335%27%20fill-opacity%3D%220%22%2F%3E%3C%2Fsvg%3E\" data-srcset=\"https:\/\/nockultury.pl\/wp-content\/uploads\/2025\/05\/hhhhhhhhhhmmmmm-200x134.jpg 200w, https:\/\/nockultury.pl\/wp-content\/uploads\/2025\/05\/hhhhhhhhhhmmmmm-400x267.jpg 400w, https:\/\/nockultury.pl\/wp-content\/uploads\/2025\/05\/hhhhhhhhhhmmmmm-600x401.jpg 600w, https:\/\/nockultury.pl\/wp-content\/uploads\/2025\/05\/hhhhhhhhhhmmmmm-800x534.jpg 800w, https:\/\/nockultury.pl\/wp-content\/uploads\/2025\/05\/hhhhhhhhhhmmmmm-1200x801.jpg 1200w, https:\/\/nockultury.pl\/wp-content\/uploads\/2025\/05\/hhhhhhhhhhmmmmm.jpg 2000w\" data-sizes=\"auto\" data-orig-sizes=\"(max-width: 640px) 100vw, 2000px\" \/><\/span><\/li><\/ul><\/div><\/div><\/div><\/div><\/div><\/div><div class=\"fusion-fullwidth fullwidth-box fusion-builder-row-8 fusion-flex-container has-pattern-background has-mask-background nonhundred-percent-fullwidth non-hundred-percent-height-scrolling fusion-no-medium-visibility fusion-no-large-visibility\" style=\"--awb-border-radius-top-left:0px;--awb-border-radius-top-right:0px;--awb-border-radius-bottom-right:0px;--awb-border-radius-bottom-left:0px;--awb-padding-right:4%;--awb-padding-left:4%;--awb-padding-bottom-small:0px;--awb-margin-top:3%;--awb-margin-bottom:0%;--awb-margin-bottom-small:0px;--awb-background-color:rgba(255,255,255,0);--awb-flex-wrap:wrap;\" ><div class=\"fusion-builder-row fusion-row fusion-flex-align-items-flex-start fusion-flex-content-wrap\" style=\"max-width:1996.8px;margin-left: calc(-4% \/ 2 );margin-right: calc(-4% \/ 2 );\"><div class=\"fusion-layout-column fusion_builder_column fusion-builder-column-13 fusion_builder_column_1_1 1_1 fusion-flex-column\" style=\"--awb-padding-right:62px;--awb-padding-bottom:5%;--awb-padding-left:87px;--awb-padding-right-small:1px;--awb-padding-left-small:1px;--awb-overflow:hidden;--awb-bg-color:rgba(0,0,0,0.75);--awb-bg-color-hover:rgba(0,0,0,0.75);--awb-bg-size:cover;--awb-box-shadow:2px 2px 10px 0px rgba(0,0,0,0.88);;--awb-border-radius:10px 10px 10px 10px;--awb-width-large:100%;--awb-margin-top-large:0px;--awb-spacing-right-large:1.92%;--awb-margin-bottom-large:0px;--awb-spacing-left-large:0%;--awb-width-medium:100%;--awb-spacing-right-medium:1.92%;--awb-spacing-left-medium:0%;--awb-width-small:100%;--awb-spacing-right-small:1.92%;--awb-margin-bottom-small:3%;--awb-spacing-left-small:1.92%;\"><div class=\"fusion-column-wrapper fusion-column-has-shadow fusion-flex-justify-content-flex-start fusion-content-layout-block\"><div class=\"fusion-text fusion-text-22 fusion-text-no-margin\" style=\"--awb-margin-top:2%;--awb-margin-bottom:2%;\"><h2>Sceny na placu Litewskim<\/h2>\n<\/div><div class=\"fusion-builder-row fusion-builder-row-inner fusion-row fusion-flex-align-items-flex-start fusion-flex-content-wrap\" style=\"width:104% !important;max-width:104% !important;margin-left: calc(-4% \/ 2 );margin-right: calc(-4% \/ 2 );\"><div class=\"fusion-layout-column fusion_builder_column_inner fusion-builder-nested-column-13 fusion_builder_column_inner_1_2 1_2 fusion-flex-column\" style=\"--awb-padding-top-small:10px;--awb-padding-left-small:12px;--awb-bg-size:cover;--awb-width-large:50%;--awb-margin-top-large:0px;--awb-spacing-right-large:3.84%;--awb-margin-bottom-large:0px;--awb-spacing-left-large:3.84%;--awb-width-medium:50%;--awb-order-medium:0;--awb-spacing-right-medium:3.84%;--awb-spacing-left-medium:3.84%;--awb-width-small:100%;--awb-order-small:0;--awb-spacing-right-small:1.92%;--awb-spacing-left-small:1.632%;\"><div class=\"fusion-column-wrapper fusion-column-has-shadow fusion-flex-justify-content-flex-start fusion-content-layout-column\"><div class=\"fusion-text fusion-text-23\"><h2 class=\"fusion-responsive-typography-calculated\" style=\"--fontsize: 26; line-height: 1.2;\" data-fontsize=\"26\" data-lineheight=\"31.2px\">Scena Lekko\u015bci<\/h2>\n<h3 class=\"fusion-responsive-typography-calculated\" style=\"--fontsize: 22; line-height: 1; font-size: 20.194px;\" data-fontsize=\"22\" data-lineheight=\"26.4px\" data-fusion-font=\"true\">obok IloveLublin, w kierunku Bramy Krakowskiej<\/h3>\n<p><strong>Tu delikatno\u015b\u0107 spotyka si\u0142\u0119, to przestrze\u0144 zmys\u0142owego ruchu i subtelnych wzrusze\u0144 na granicy ciszy i powietrza<\/strong><\/p>\n<\/div><\/div><\/div><div class=\"fusion-layout-column fusion_builder_column_inner fusion-builder-nested-column-14 fusion_builder_column_inner_1_2 1_2 fusion-flex-column\" style=\"--awb-padding-right-small:20px;--awb-padding-left-small:27px;--awb-bg-size:cover;--awb-width-large:50%;--awb-margin-top-large:0px;--awb-spacing-right-large:3.84%;--awb-margin-bottom-large:0px;--awb-spacing-left-large:3.84%;--awb-width-medium:50%;--awb-order-medium:0;--awb-spacing-right-medium:3.84%;--awb-spacing-left-medium:3.84%;--awb-width-small:100%;--awb-order-small:0;--awb-spacing-right-small:1.92%;--awb-spacing-left-small:0%;\"><div class=\"fusion-column-wrapper fusion-column-has-shadow fusion-flex-justify-content-flex-start fusion-content-layout-column\"><div class=\"fusion-text fusion-text-24\"><h2 class=\"fusion-responsive-typography-calculated\" style=\"--fontsize: 26; line-height: 1.2; --fontSize: 26;\" data-fontsize=\"26\" data-lineheight=\"31.2px\"> <strong style=\"font-size: 14px; background-color: rgba(0, 0, 0, 0);\">19:00-20:00 | <a role=\"link\" href=\"https:\/\/nockultury.pl\/pl\/events\/cheers-to-the-culture-cheerleaders-lublin\/\">Cheers to the culture &#8211; Cheerleaders Lublin<\/a><\/strong><\/h2>\n<p><strong>20:00-20:15 | <a role=\"link\" href=\"https:\/\/nockultury.pl\/pl\/events\/pamietnik-nadwrazliwca-magdalena-kozik\/\">Magdalena Kozik &#8211; Pami\u0119tnik (nad)wra\u017cliwca<\/a><\/strong><br \/>\n<strong><br \/>\n20:15-20:50 | <a role=\"link\" href=\"https:\/\/nockultury.pl\/pl\/events\/spektakl-taneczny-male-kroki-spektakl-taneczny-weronika-wojtowicz-studio-tanca-balans\/\">Spektakl taneczny &#8222;&#8221;Ma\u0142e kroki&#8221;&#8221; &#8211; Studio<br \/>\nTa\u0144ca Balans<\/a><\/strong><br \/>\n<strong><br \/>\n20:50-21:05 | <a role=\"link\" href=\"https:\/\/nockultury.pl\/pl\/events\/pamietnik-nadwrazliwca-magdalena-kozikdwa\/\">Magdalena Kozik &#8211; Pami\u0119tnik (nad)wra\u017cliwca<\/a><\/strong><br \/>\n<strong><br \/>\n21:10-24:10 | <a role=\"link\" href=\"https:\/\/nockultury.pl\/pl\/events\/scena-lekkosci-obok-ilovelublin-aerial-hoop-na-placu-litewskim-domino-dance-studio-i-motion-studio-z-bilgoraja\/\">AERIAL HOOP NA PLACU LITEWSKIM &#8211; Domino Dance Studio i Motion Studio z Bi\u0142goraja <\/a><\/strong><\/p>\n<\/div><\/div><\/div><\/div><div class=\"fusion-builder-row fusion-builder-row-inner fusion-row fusion-flex-align-items-flex-start fusion-flex-content-wrap\" style=\"width:104% !important;max-width:104% !important;margin-left: calc(-4% \/ 2 );margin-right: calc(-4% \/ 2 );\"><div class=\"fusion-layout-column fusion_builder_column_inner fusion-builder-nested-column-15 fusion_builder_column_inner_1_2 1_2 fusion-flex-column\" style=\"--awb-padding-right-small:0px;--awb-padding-left-small:6px;--awb-bg-size:cover;--awb-width-large:50%;--awb-margin-top-large:0px;--awb-spacing-right-large:3.84%;--awb-margin-bottom-large:0px;--awb-spacing-left-large:3.84%;--awb-width-medium:50%;--awb-order-medium:0;--awb-spacing-right-medium:3.84%;--awb-spacing-left-medium:3.84%;--awb-width-small:100%;--awb-order-small:0;--awb-spacing-right-small:1.92%;--awb-spacing-left-small:1.92%;\"><div class=\"fusion-column-wrapper fusion-column-has-shadow fusion-flex-justify-content-flex-start fusion-content-layout-column\"><div class=\"fusion-text fusion-text-25\" style=\"--awb-margin-left:2%;\"><h2>Scena Wsp\u00f3lnego Rytmu&nbsp;<\/h2>\n<h3>obok pomnika Unii<\/h3>\n<p><strong>Tu ka\u017cdy ruch ma znaczenie \u2014 od najm\u0142odszych po seniorki, od ta\u0144ca ludowego po wsp\u00f3\u0142czesne choreografie. \u015awi\u0119to r\u00f3\u017cnorodno\u015bci, pokole\u0144 i wsp\u00f3lnoty w ruchu i pie\u015bni.<\/strong><\/p>\n<\/div><\/div><\/div><div class=\"fusion-layout-column fusion_builder_column_inner fusion-builder-nested-column-16 fusion_builder_column_inner_1_2 1_2 fusion-flex-column\" style=\"--awb-padding-left-small:14px;--awb-bg-size:cover;--awb-width-large:50%;--awb-margin-top-large:0px;--awb-spacing-right-large:3.84%;--awb-margin-bottom-large:0px;--awb-spacing-left-large:3.84%;--awb-width-medium:50%;--awb-order-medium:0;--awb-spacing-right-medium:3.84%;--awb-spacing-left-medium:3.84%;--awb-width-small:100%;--awb-order-small:0;--awb-spacing-right-small:1.92%;--awb-spacing-left-small:1.92%;\"><div class=\"fusion-column-wrapper fusion-column-has-shadow fusion-flex-justify-content-flex-start fusion-content-layout-column\"><div class=\"fusion-text fusion-text-26\"><h2 class=\"fusion-responsive-typography-calculated\" style=\"--fontsize: 26; line-height: 1.2; --fontSize: 26;\" data-fontsize=\"26\" data-lineheight=\"31.2px\"> <strong style=\"font-size: 14px; background-color: rgba(0, 0, 0, 0);\">19:00-19:15 | <a role=\"link\" href=\"https:\/\/nockultury.pl\/pl\/events\/flow-inspiracje-taneczne-gt-flow\/\">GT FLOW &#8211; FLOW INSPIRACJE TANECZNE<\/a><\/strong><\/h2>\n<p><strong>19:15-20:35<\/strong> | <a role=\"link\" href=\"https:\/\/nockultury.pl\/pl\/events\/oblicza-tanca-leszek-geca\/\"><strong>Oblicza ta\u0144ca &#8211; Leszek G\u0119ca<\/strong><\/a><br \/>\n<strong><br \/>\n20:35-21:20| <a role=\"link\" href=\"https:\/\/nockultury.pl\/pl\/events\/familijne-tancowanie-zespol-piesni-i-tanca-lublin-im-wandy-kaniorowej\/\">Familijne ta\u0144cowanie &#8211; Zesp\u00f3\u0142 Pie\u015bni i Ta\u0144ca &#8222;Lublin&#8221; im. Wandy Kaniorowej<\/a><\/strong><br \/>\n<strong><br \/>\n23:00-23:30| <a role=\"link\" href=\"https:\/\/nockultury.pl\/pl\/events\/miasto-wies-i-salony-w-tancu-splatane-zespol-powianki\/\">Miasto, Wie\u015b i Salony w Ta\u0144cu Spl\u0105tane &#8211; PoWianki w rytmie tradycji i nowoczesno\u015bci. &#8211; Zesp\u00f3\u0142 PoWianki<\/a><\/strong><br \/>\n<strong><br \/>\n23:40-0:40 | <a role=\"link\" href=\"https:\/\/nockultury.pl\/pl\/events\/poczuj-folklor-z-zespolem-lubelacy\/\">Poczuj folklor z Zespo\u0142em &#8222;&#8221;Lubelacy&#8221;&#8221; &#8211; Zesp\u00f3\u0142 Muzyki Folkorystycznej &#8222;Lubelacy&#8221;<\/a><\/strong><\/p>\n<\/div><\/div><\/div><\/div><div class=\"fusion-slider-sc fusion-flexslider-loading flexslider flexslider-hover-type-none\" data-slideshow_autoplay=\"1\" data-slideshow_smooth_height=\"0\" data-slideshow_speed=\"7000\" style=\"max-width:100%;height:100%;margin-bottom:-1%;\"><ul class=\"slides\"><li class=\"image\"><span class=\"lazyload fusion-image-hover-element hover-type-none\"><img decoding=\"async\" src=\"https:\/\/nockultury.pl\/wp-content\/uploads\/2025\/05\/Magdalena-Michalew-taneczna-podroz-zmniejsz.-16.webp\" data-orig-src=\"https:\/\/nockultury.pl\/wp-content\/uploads\/2025\/05\/Magdalena-Michalew-taneczna-podroz-zmniejsz.-16.webp\" alt=\"Dziewczyny ubrane na czarno nios\u0105 kole\u017cank\u0119 ubran\u0105 na bia\u0142o.\" width=\"1920\" height=\"1280\" class=\"lazyload wp-image-49088\" srcset=\"data:image\/svg+xml,%3Csvg%20xmlns%3D%27http%3A%2F%2Fwww.w3.org%2F2000%2Fsvg%27%20width%3D%271920%27%20height%3D%271280%27%20viewBox%3D%270%200%201920%201280%27%3E%3Crect%20width%3D%271920%27%20height%3D%271280%27%20fill-opacity%3D%220%22%2F%3E%3C%2Fsvg%3E\" data-srcset=\"https:\/\/nockultury.pl\/wp-content\/uploads\/2025\/05\/Magdalena-Michalew-taneczna-podroz-zmniejsz.-16-200x133.webp 200w, https:\/\/nockultury.pl\/wp-content\/uploads\/2025\/05\/Magdalena-Michalew-taneczna-podroz-zmniejsz.-16-300x200.webp 300w, https:\/\/nockultury.pl\/wp-content\/uploads\/2025\/05\/Magdalena-Michalew-taneczna-podroz-zmniejsz.-16-391x260.webp 391w, https:\/\/nockultury.pl\/wp-content\/uploads\/2025\/05\/Magdalena-Michalew-taneczna-podroz-zmniejsz.-16-400x267.webp 400w, https:\/\/nockultury.pl\/wp-content\/uploads\/2025\/05\/Magdalena-Michalew-taneczna-podroz-zmniejsz.-16-600x400.webp 600w, https:\/\/nockultury.pl\/wp-content\/uploads\/2025\/05\/Magdalena-Michalew-taneczna-podroz-zmniejsz.-16-768x512.webp 768w, https:\/\/nockultury.pl\/wp-content\/uploads\/2025\/05\/Magdalena-Michalew-taneczna-podroz-zmniejsz.-16-800x533.webp 800w, https:\/\/nockultury.pl\/wp-content\/uploads\/2025\/05\/Magdalena-Michalew-taneczna-podroz-zmniejsz.-16-1024x683.webp 1024w, https:\/\/nockultury.pl\/wp-content\/uploads\/2025\/05\/Magdalena-Michalew-taneczna-podroz-zmniejsz.-16-1200x800.webp 1200w, https:\/\/nockultury.pl\/wp-content\/uploads\/2025\/05\/Magdalena-Michalew-taneczna-podroz-zmniejsz.-16-1536x1024.webp 1536w, https:\/\/nockultury.pl\/wp-content\/uploads\/2025\/05\/Magdalena-Michalew-taneczna-podroz-zmniejsz.-16.webp 1920w\" data-sizes=\"auto\" data-orig-sizes=\"(max-width: 640px) 100vw, 1920px\" \/><\/span><\/li><li class=\"image\"><span class=\"lazyload fusion-image-hover-element hover-type-none\"><img decoding=\"async\" src=\"https:\/\/nockultury.pl\/wp-content\/uploads\/2025\/05\/fot.-Katarzyna-Anna-Kubiak-13.webp\" data-orig-src=\"https:\/\/nockultury.pl\/wp-content\/uploads\/2025\/05\/fot.-Katarzyna-Anna-Kubiak-13.webp\" alt=\"Dziewczyna w sukience robi przewr\u00f3t.\" width=\"1920\" height=\"1282\" class=\"lazyload wp-image-49092\" srcset=\"data:image\/svg+xml,%3Csvg%20xmlns%3D%27http%3A%2F%2Fwww.w3.org%2F2000%2Fsvg%27%20width%3D%271920%27%20height%3D%271282%27%20viewBox%3D%270%200%201920%201282%27%3E%3Crect%20width%3D%271920%27%20height%3D%271282%27%20fill-opacity%3D%220%22%2F%3E%3C%2Fsvg%3E\" data-srcset=\"https:\/\/nockultury.pl\/wp-content\/uploads\/2025\/05\/fot.-Katarzyna-Anna-Kubiak-13-200x134.webp 200w, https:\/\/nockultury.pl\/wp-content\/uploads\/2025\/05\/fot.-Katarzyna-Anna-Kubiak-13-300x200.webp 300w, https:\/\/nockultury.pl\/wp-content\/uploads\/2025\/05\/fot.-Katarzyna-Anna-Kubiak-13-391x260.webp 391w, https:\/\/nockultury.pl\/wp-content\/uploads\/2025\/05\/fot.-Katarzyna-Anna-Kubiak-13-400x267.webp 400w, https:\/\/nockultury.pl\/wp-content\/uploads\/2025\/05\/fot.-Katarzyna-Anna-Kubiak-13-600x401.webp 600w, https:\/\/nockultury.pl\/wp-content\/uploads\/2025\/05\/fot.-Katarzyna-Anna-Kubiak-13-768x513.webp 768w, https:\/\/nockultury.pl\/wp-content\/uploads\/2025\/05\/fot.-Katarzyna-Anna-Kubiak-13-800x534.webp 800w, https:\/\/nockultury.pl\/wp-content\/uploads\/2025\/05\/fot.-Katarzyna-Anna-Kubiak-13-1024x684.webp 1024w, https:\/\/nockultury.pl\/wp-content\/uploads\/2025\/05\/fot.-Katarzyna-Anna-Kubiak-13-1200x801.webp 1200w, https:\/\/nockultury.pl\/wp-content\/uploads\/2025\/05\/fot.-Katarzyna-Anna-Kubiak-13-1536x1026.webp 1536w, https:\/\/nockultury.pl\/wp-content\/uploads\/2025\/05\/fot.-Katarzyna-Anna-Kubiak-13.webp 1920w\" data-sizes=\"auto\" data-orig-sizes=\"(max-width: 640px) 100vw, 1920px\" \/><\/span><\/li><li class=\"image\"><span class=\"lazyload fusion-image-hover-element hover-type-none\"><img decoding=\"async\" src=\"https:\/\/nockultury.pl\/wp-content\/uploads\/2025\/05\/fot.-Katarzyna-Anna-Kubiak-9.webp\" data-orig-src=\"https:\/\/nockultury.pl\/wp-content\/uploads\/2025\/05\/fot.-Katarzyna-Anna-Kubiak-9.webp\" alt=\"Baletnica ta\u0144czy na szarfach.\" width=\"1920\" height=\"1282\" class=\"lazyload wp-image-49096\" srcset=\"data:image\/svg+xml,%3Csvg%20xmlns%3D%27http%3A%2F%2Fwww.w3.org%2F2000%2Fsvg%27%20width%3D%271920%27%20height%3D%271282%27%20viewBox%3D%270%200%201920%201282%27%3E%3Crect%20width%3D%271920%27%20height%3D%271282%27%20fill-opacity%3D%220%22%2F%3E%3C%2Fsvg%3E\" data-srcset=\"https:\/\/nockultury.pl\/wp-content\/uploads\/2025\/05\/fot.-Katarzyna-Anna-Kubiak-9-200x134.webp 200w, https:\/\/nockultury.pl\/wp-content\/uploads\/2025\/05\/fot.-Katarzyna-Anna-Kubiak-9-300x200.webp 300w, https:\/\/nockultury.pl\/wp-content\/uploads\/2025\/05\/fot.-Katarzyna-Anna-Kubiak-9-391x260.webp 391w, https:\/\/nockultury.pl\/wp-content\/uploads\/2025\/05\/fot.-Katarzyna-Anna-Kubiak-9-400x267.webp 400w, https:\/\/nockultury.pl\/wp-content\/uploads\/2025\/05\/fot.-Katarzyna-Anna-Kubiak-9-600x401.webp 600w, https:\/\/nockultury.pl\/wp-content\/uploads\/2025\/05\/fot.-Katarzyna-Anna-Kubiak-9-768x513.webp 768w, https:\/\/nockultury.pl\/wp-content\/uploads\/2025\/05\/fot.-Katarzyna-Anna-Kubiak-9-800x534.webp 800w, https:\/\/nockultury.pl\/wp-content\/uploads\/2025\/05\/fot.-Katarzyna-Anna-Kubiak-9-1024x684.webp 1024w, https:\/\/nockultury.pl\/wp-content\/uploads\/2025\/05\/fot.-Katarzyna-Anna-Kubiak-9-1200x801.webp 1200w, https:\/\/nockultury.pl\/wp-content\/uploads\/2025\/05\/fot.-Katarzyna-Anna-Kubiak-9-1536x1026.webp 1536w, https:\/\/nockultury.pl\/wp-content\/uploads\/2025\/05\/fot.-Katarzyna-Anna-Kubiak-9.webp 1920w\" data-sizes=\"auto\" data-orig-sizes=\"(max-width: 640px) 100vw, 1920px\" \/><\/span><\/li><li class=\"image\"><span class=\"lazyload fusion-image-hover-element hover-type-none\"><img decoding=\"async\" src=\"https:\/\/nockultury.pl\/wp-content\/uploads\/2025\/05\/fot.-Katarzyna-Anna-Kubiak-16.webp\" data-orig-src=\"https:\/\/nockultury.pl\/wp-content\/uploads\/2025\/05\/fot.-Katarzyna-Anna-Kubiak-16.webp\" alt=\"Dziewczyna je\u017adzi na rolkach.\" width=\"1920\" height=\"1282\" class=\"lazyload wp-image-49100\" srcset=\"data:image\/svg+xml,%3Csvg%20xmlns%3D%27http%3A%2F%2Fwww.w3.org%2F2000%2Fsvg%27%20width%3D%271920%27%20height%3D%271282%27%20viewBox%3D%270%200%201920%201282%27%3E%3Crect%20width%3D%271920%27%20height%3D%271282%27%20fill-opacity%3D%220%22%2F%3E%3C%2Fsvg%3E\" data-srcset=\"https:\/\/nockultury.pl\/wp-content\/uploads\/2025\/05\/fot.-Katarzyna-Anna-Kubiak-16-200x134.webp 200w, https:\/\/nockultury.pl\/wp-content\/uploads\/2025\/05\/fot.-Katarzyna-Anna-Kubiak-16-300x200.webp 300w, https:\/\/nockultury.pl\/wp-content\/uploads\/2025\/05\/fot.-Katarzyna-Anna-Kubiak-16-391x260.webp 391w, https:\/\/nockultury.pl\/wp-content\/uploads\/2025\/05\/fot.-Katarzyna-Anna-Kubiak-16-400x267.webp 400w, https:\/\/nockultury.pl\/wp-content\/uploads\/2025\/05\/fot.-Katarzyna-Anna-Kubiak-16-600x401.webp 600w, https:\/\/nockultury.pl\/wp-content\/uploads\/2025\/05\/fot.-Katarzyna-Anna-Kubiak-16-768x513.webp 768w, https:\/\/nockultury.pl\/wp-content\/uploads\/2025\/05\/fot.-Katarzyna-Anna-Kubiak-16-800x534.webp 800w, https:\/\/nockultury.pl\/wp-content\/uploads\/2025\/05\/fot.-Katarzyna-Anna-Kubiak-16-1024x684.webp 1024w, https:\/\/nockultury.pl\/wp-content\/uploads\/2025\/05\/fot.-Katarzyna-Anna-Kubiak-16-1200x801.webp 1200w, https:\/\/nockultury.pl\/wp-content\/uploads\/2025\/05\/fot.-Katarzyna-Anna-Kubiak-16-1536x1026.webp 1536w, https:\/\/nockultury.pl\/wp-content\/uploads\/2025\/05\/fot.-Katarzyna-Anna-Kubiak-16.webp 1920w\" data-sizes=\"auto\" data-orig-sizes=\"(max-width: 640px) 100vw, 1920px\" \/><\/span><\/li><li class=\"image\"><span class=\"lazyload fusion-image-hover-element hover-type-none\"><img decoding=\"async\" src=\"https:\/\/nockultury.pl\/wp-content\/uploads\/2025\/05\/Sylwia-Prus-6.webp\" data-orig-src=\"https:\/\/nockultury.pl\/wp-content\/uploads\/2025\/05\/Sylwia-Prus-6.webp\" alt=\"Dwie dziewczynki rolkarki ta\u0144cz\u0105. Dooko\u0142a jest du\u017cy t\u0142um.\" width=\"1920\" height=\"1280\" class=\"lazyload wp-image-49102\" srcset=\"data:image\/svg+xml,%3Csvg%20xmlns%3D%27http%3A%2F%2Fwww.w3.org%2F2000%2Fsvg%27%20width%3D%271920%27%20height%3D%271280%27%20viewBox%3D%270%200%201920%201280%27%3E%3Crect%20width%3D%271920%27%20height%3D%271280%27%20fill-opacity%3D%220%22%2F%3E%3C%2Fsvg%3E\" data-srcset=\"https:\/\/nockultury.pl\/wp-content\/uploads\/2025\/05\/Sylwia-Prus-6-200x133.webp 200w, https:\/\/nockultury.pl\/wp-content\/uploads\/2025\/05\/Sylwia-Prus-6-300x200.webp 300w, https:\/\/nockultury.pl\/wp-content\/uploads\/2025\/05\/Sylwia-Prus-6-391x260.webp 391w, https:\/\/nockultury.pl\/wp-content\/uploads\/2025\/05\/Sylwia-Prus-6-400x267.webp 400w, https:\/\/nockultury.pl\/wp-content\/uploads\/2025\/05\/Sylwia-Prus-6-600x400.webp 600w, https:\/\/nockultury.pl\/wp-content\/uploads\/2025\/05\/Sylwia-Prus-6-768x512.webp 768w, https:\/\/nockultury.pl\/wp-content\/uploads\/2025\/05\/Sylwia-Prus-6-800x533.webp 800w, https:\/\/nockultury.pl\/wp-content\/uploads\/2025\/05\/Sylwia-Prus-6-1024x683.webp 1024w, https:\/\/nockultury.pl\/wp-content\/uploads\/2025\/05\/Sylwia-Prus-6-1200x800.webp 1200w, https:\/\/nockultury.pl\/wp-content\/uploads\/2025\/05\/Sylwia-Prus-6-1536x1024.webp 1536w, https:\/\/nockultury.pl\/wp-content\/uploads\/2025\/05\/Sylwia-Prus-6.webp 1920w\" data-sizes=\"auto\" data-orig-sizes=\"(max-width: 640px) 100vw, 1920px\" \/><\/span><\/li><li class=\"image\"><span class=\"lazyload fusion-image-hover-element hover-type-none\"><img decoding=\"async\" src=\"https:\/\/nockultury.pl\/wp-content\/uploads\/2025\/05\/fot.-Katarzyna-Anna-Kubiak-1-1.webp\" data-orig-src=\"https:\/\/nockultury.pl\/wp-content\/uploads\/2025\/05\/fot.-Katarzyna-Anna-Kubiak-1-1.webp\" alt=\"Nogi ludzi ta\u0144cz\u0105cych na parkiecie.\" width=\"1920\" height=\"1282\" class=\"lazyload wp-image-49108\" srcset=\"data:image\/svg+xml,%3Csvg%20xmlns%3D%27http%3A%2F%2Fwww.w3.org%2F2000%2Fsvg%27%20width%3D%271920%27%20height%3D%271282%27%20viewBox%3D%270%200%201920%201282%27%3E%3Crect%20width%3D%271920%27%20height%3D%271282%27%20fill-opacity%3D%220%22%2F%3E%3C%2Fsvg%3E\" data-srcset=\"https:\/\/nockultury.pl\/wp-content\/uploads\/2025\/05\/fot.-Katarzyna-Anna-Kubiak-1-1-200x134.webp 200w, https:\/\/nockultury.pl\/wp-content\/uploads\/2025\/05\/fot.-Katarzyna-Anna-Kubiak-1-1-300x200.webp 300w, https:\/\/nockultury.pl\/wp-content\/uploads\/2025\/05\/fot.-Katarzyna-Anna-Kubiak-1-1-391x260.webp 391w, https:\/\/nockultury.pl\/wp-content\/uploads\/2025\/05\/fot.-Katarzyna-Anna-Kubiak-1-1-400x267.webp 400w, https:\/\/nockultury.pl\/wp-content\/uploads\/2025\/05\/fot.-Katarzyna-Anna-Kubiak-1-1-600x401.webp 600w, https:\/\/nockultury.pl\/wp-content\/uploads\/2025\/05\/fot.-Katarzyna-Anna-Kubiak-1-1-768x513.webp 768w, https:\/\/nockultury.pl\/wp-content\/uploads\/2025\/05\/fot.-Katarzyna-Anna-Kubiak-1-1-800x534.webp 800w, https:\/\/nockultury.pl\/wp-content\/uploads\/2025\/05\/fot.-Katarzyna-Anna-Kubiak-1-1-1024x684.webp 1024w, https:\/\/nockultury.pl\/wp-content\/uploads\/2025\/05\/fot.-Katarzyna-Anna-Kubiak-1-1-1200x801.webp 1200w, https:\/\/nockultury.pl\/wp-content\/uploads\/2025\/05\/fot.-Katarzyna-Anna-Kubiak-1-1-1536x1026.webp 1536w, https:\/\/nockultury.pl\/wp-content\/uploads\/2025\/05\/fot.-Katarzyna-Anna-Kubiak-1-1.webp 1920w\" data-sizes=\"auto\" data-orig-sizes=\"(max-width: 640px) 100vw, 1920px\" \/><\/span><\/li><li class=\"image\"><span class=\"lazyload fusion-image-hover-element hover-type-none\"><img decoding=\"async\" src=\"https:\/\/nockultury.pl\/wp-content\/uploads\/2025\/05\/magda_boruch-01.webp\" data-orig-src=\"https:\/\/nockultury.pl\/wp-content\/uploads\/2025\/05\/magda_boruch-01.webp\" alt=\"Zesp\u00f3\u0142 taneczno-muzyczny w strojach ludowych.\" width=\"1920\" height=\"1281\" class=\"lazyload wp-image-49112\" srcset=\"data:image\/svg+xml,%3Csvg%20xmlns%3D%27http%3A%2F%2Fwww.w3.org%2F2000%2Fsvg%27%20width%3D%271920%27%20height%3D%271281%27%20viewBox%3D%270%200%201920%201281%27%3E%3Crect%20width%3D%271920%27%20height%3D%271281%27%20fill-opacity%3D%220%22%2F%3E%3C%2Fsvg%3E\" data-srcset=\"https:\/\/nockultury.pl\/wp-content\/uploads\/2025\/05\/magda_boruch-01-200x133.webp 200w, https:\/\/nockultury.pl\/wp-content\/uploads\/2025\/05\/magda_boruch-01-300x200.webp 300w, https:\/\/nockultury.pl\/wp-content\/uploads\/2025\/05\/magda_boruch-01-391x260.webp 391w, https:\/\/nockultury.pl\/wp-content\/uploads\/2025\/05\/magda_boruch-01-400x267.webp 400w, https:\/\/nockultury.pl\/wp-content\/uploads\/2025\/05\/magda_boruch-01-600x400.webp 600w, https:\/\/nockultury.pl\/wp-content\/uploads\/2025\/05\/magda_boruch-01-768x512.webp 768w, https:\/\/nockultury.pl\/wp-content\/uploads\/2025\/05\/magda_boruch-01-800x534.webp 800w, https:\/\/nockultury.pl\/wp-content\/uploads\/2025\/05\/magda_boruch-01-1024x683.webp 1024w, https:\/\/nockultury.pl\/wp-content\/uploads\/2025\/05\/magda_boruch-01-1200x801.webp 1200w, https:\/\/nockultury.pl\/wp-content\/uploads\/2025\/05\/magda_boruch-01-1536x1025.webp 1536w, https:\/\/nockultury.pl\/wp-content\/uploads\/2025\/05\/magda_boruch-01.webp 1920w\" data-sizes=\"auto\" data-orig-sizes=\"(max-width: 640px) 100vw, 1920px\" \/><\/span><\/li><li class=\"image\"><span class=\"lazyload fusion-image-hover-element hover-type-none\"><img decoding=\"async\" src=\"https:\/\/nockultury.pl\/wp-content\/uploads\/2025\/05\/fot.-Michal-Pula-49-1.webp\" data-orig-src=\"https:\/\/nockultury.pl\/wp-content\/uploads\/2025\/05\/fot.-Michal-Pula-49-1.webp\" alt=\"Ludzie ta\u0144cz\u0105 na drewnianym parkiecie.\" width=\"1920\" height=\"1280\" class=\"lazyload wp-image-49110\" srcset=\"data:image\/svg+xml,%3Csvg%20xmlns%3D%27http%3A%2F%2Fwww.w3.org%2F2000%2Fsvg%27%20width%3D%271920%27%20height%3D%271280%27%20viewBox%3D%270%200%201920%201280%27%3E%3Crect%20width%3D%271920%27%20height%3D%271280%27%20fill-opacity%3D%220%22%2F%3E%3C%2Fsvg%3E\" data-srcset=\"https:\/\/nockultury.pl\/wp-content\/uploads\/2025\/05\/fot.-Michal-Pula-49-1-200x133.webp 200w, https:\/\/nockultury.pl\/wp-content\/uploads\/2025\/05\/fot.-Michal-Pula-49-1-300x200.webp 300w, https:\/\/nockultury.pl\/wp-content\/uploads\/2025\/05\/fot.-Michal-Pula-49-1-391x260.webp 391w, https:\/\/nockultury.pl\/wp-content\/uploads\/2025\/05\/fot.-Michal-Pula-49-1-400x267.webp 400w, https:\/\/nockultury.pl\/wp-content\/uploads\/2025\/05\/fot.-Michal-Pula-49-1-600x400.webp 600w, https:\/\/nockultury.pl\/wp-content\/uploads\/2025\/05\/fot.-Michal-Pula-49-1-768x512.webp 768w, https:\/\/nockultury.pl\/wp-content\/uploads\/2025\/05\/fot.-Michal-Pula-49-1-800x533.webp 800w, https:\/\/nockultury.pl\/wp-content\/uploads\/2025\/05\/fot.-Michal-Pula-49-1-1024x683.webp 1024w, https:\/\/nockultury.pl\/wp-content\/uploads\/2025\/05\/fot.-Michal-Pula-49-1-1200x800.webp 1200w, https:\/\/nockultury.pl\/wp-content\/uploads\/2025\/05\/fot.-Michal-Pula-49-1-1536x1024.webp 1536w, https:\/\/nockultury.pl\/wp-content\/uploads\/2025\/05\/fot.-Michal-Pula-49-1.webp 1920w\" data-sizes=\"auto\" data-orig-sizes=\"(max-width: 640px) 100vw, 1920px\" \/><\/span><\/li><\/ul><\/div><\/div><\/div><\/div><\/div><div class=\"fusion-fullwidth fullwidth-box fusion-builder-row-9 fusion-flex-container has-pattern-background has-mask-background nonhundred-percent-fullwidth non-hundred-percent-height-scrolling fusion-no-medium-visibility fusion-no-large-visibility\" style=\"--awb-border-radius-top-left:0px;--awb-border-radius-top-right:0px;--awb-border-radius-bottom-right:0px;--awb-border-radius-bottom-left:0px;--awb-padding-right:4%;--awb-padding-left:4%;--awb-padding-bottom-small:0px;--awb-margin-top:3%;--awb-margin-bottom:0%;--awb-margin-bottom-small:0px;--awb-background-color:rgba(255,255,255,0);--awb-flex-wrap:wrap;\" ><div class=\"fusion-builder-row fusion-row fusion-flex-align-items-flex-start fusion-flex-content-wrap\" style=\"max-width:1996.8px;margin-left: calc(-4% \/ 2 );margin-right: calc(-4% \/ 2 );\"><div class=\"fusion-layout-column fusion_builder_column fusion-builder-column-14 fusion_builder_column_1_1 1_1 fusion-flex-column\" style=\"--awb-padding-right:62px;--awb-padding-bottom:5%;--awb-padding-left:87px;--awb-padding-right-small:1px;--awb-padding-bottom-small:0px;--awb-padding-left-small:1px;--awb-overflow:hidden;--awb-bg-color:rgba(0,0,0,0.75);--awb-bg-color-hover:rgba(0,0,0,0.75);--awb-bg-size:cover;--awb-box-shadow:2px 2px 10px 0px rgba(0,0,0,0.88);;--awb-border-radius:10px 10px 10px 10px;--awb-width-large:100%;--awb-margin-top-large:0px;--awb-spacing-right-large:1.92%;--awb-margin-bottom-large:0px;--awb-spacing-left-large:0%;--awb-width-medium:100%;--awb-spacing-right-medium:1.92%;--awb-spacing-left-medium:0%;--awb-width-small:100%;--awb-spacing-right-small:1.92%;--awb-margin-bottom-small:0%;--awb-spacing-left-small:1.92%;\"><div class=\"fusion-column-wrapper fusion-column-has-shadow fusion-flex-justify-content-flex-start fusion-content-layout-block\"><div class=\"fusion-text fusion-text-27\"><h2>Scena \u015awietlnego P\u0119du&nbsp;<\/h2>\n<h3>scena przy baobabie<\/h3>\n<p><strong>\u015awiat\u0142o, ruch i p\u0119d! Spektakularny pokaz jazdy na rolkach w rytmie muzyki i \u015bwietlnych efekt\u00f3w, kt\u00f3re pozostan\u0105 w Waszej pami\u0119ci.&nbsp;<\/strong><\/p>\n<p>&nbsp;<\/p>\n<p><strong>21:20-22:00 | <a role=\"link\" href=\"https:\/\/nockultury.pl\/pl\/events\/figurowe\/\">Roz\u015bwietlamy Lublin: &#8211; Uczniowski Klub \u0141y\u017cwiarstwa Figurowego Salchow Lublin<\/a><br \/>\n<\/strong><br \/>\n<strong>22:00-23:00 <\/strong> | <a role=\"link\" href=\"https:\/\/nockultury.pl\/pl\/events\/wyrusz-z-nami-w-podroz-pokazy-rolkarstwa-figurowego-as-lublin\/\"><strong>Wyrusz z nami w podr\u00f3\u017c &#8211; pokazy rolkarstwa figurowego AS Lublin<\/strong><\/a><br \/>\n&nbsp;<\/p>\n<\/div><\/div><\/div><\/div><\/div><div class=\"fusion-fullwidth fullwidth-box fusion-builder-row-10 fusion-flex-container has-pattern-background has-mask-background nonhundred-percent-fullwidth non-hundred-percent-height-scrolling fusion-no-medium-visibility fusion-no-large-visibility\" style=\"--awb-border-radius-top-left:0px;--awb-border-radius-top-right:0px;--awb-border-radius-bottom-right:0px;--awb-border-radius-bottom-left:0px;--awb-padding-right:4%;--awb-padding-left:4%;--awb-padding-top-small:14px;--awb-margin-top-small:0px;--awb-background-color:rgba(255,255,255,0);--awb-flex-wrap:wrap;\" ><div class=\"fusion-builder-row fusion-row fusion-flex-align-items-flex-start fusion-flex-content-wrap\" style=\"max-width:1996.8px;margin-left: calc(-4% \/ 2 );margin-right: calc(-4% \/ 2 );\"><div class=\"fusion-layout-column fusion_builder_column fusion-builder-column-15 fusion_builder_column_1_1 1_1 fusion-flex-column\" style=\"--awb-padding-right:62px;--awb-padding-bottom:5%;--awb-padding-left:87px;--awb-padding-top-small:0px;--awb-padding-right-small:0px;--awb-padding-left-small:8px;--awb-overflow:hidden;--awb-bg-color:rgba(0,0,0,0.75);--awb-bg-color-hover:rgba(0,0,0,0.75);--awb-bg-size:cover;--awb-box-shadow:2px 2px 10px 0px rgba(0,0,0,0.88);;--awb-border-radius:10px 10px 10px 10px;--awb-width-large:100%;--awb-margin-top-large:0px;--awb-spacing-right-large:1.92%;--awb-margin-bottom-large:0px;--awb-spacing-left-large:0%;--awb-width-medium:100%;--awb-spacing-right-medium:1.92%;--awb-spacing-left-medium:0%;--awb-width-small:100%;--awb-margin-top-small:0px;--awb-spacing-right-small:0%;--awb-margin-bottom-small:3%;--awb-spacing-left-small:0%;\"><div class=\"fusion-column-wrapper fusion-column-has-shadow fusion-flex-justify-content-flex-start fusion-content-layout-block\"><div class=\"fusion-builder-row fusion-builder-row-inner fusion-row fusion-flex-align-items-flex-start fusion-flex-content-wrap\" style=\"width:104% !important;max-width:104% !important;margin-left: calc(-4% \/ 2 );margin-right: calc(-4% \/ 2 );\"><div class=\"fusion-layout-column fusion_builder_column_inner fusion-builder-nested-column-17 fusion_builder_column_inner_1_2 1_2 fusion-flex-column\" style=\"--awb-padding-top-small:9px;--awb-padding-left-small:9px;--awb-bg-size:cover;--awb-width-large:50%;--awb-margin-top-large:0px;--awb-spacing-right-large:3.84%;--awb-margin-bottom-large:0px;--awb-spacing-left-large:3.84%;--awb-width-medium:50%;--awb-order-medium:0;--awb-spacing-right-medium:3.84%;--awb-spacing-left-medium:3.84%;--awb-width-small:100%;--awb-order-small:0;--awb-spacing-right-small:1.92%;--awb-spacing-left-small:1.92%;\"><div class=\"fusion-column-wrapper fusion-column-has-shadow fusion-flex-justify-content-flex-start fusion-content-layout-column\"><div class=\"fusion-text fusion-text-28\" style=\"--awb-margin-right:2%;--awb-margin-left:2%;\"><h2>Akustyczny Zak\u0105tek<\/h2>\n<h3>scena na dziedzi\u0144cu Archiwum Pa\u0144stwowego<\/h3>\n<p><strong>kameralna scena pe\u0142na emocji, opowie\u015bci i magii. Us\u0142yszysz tu akustyczne brzmienia, jazzowe improwizacje, poetyckie piosenki i niezwyk\u0142e historie. To wiecz\u00f3r blisko\u015bci \u2013 z muzyk\u0105, s\u0142owem i drugim cz\u0142owiekiem.<\/strong><\/p>\n<\/div><\/div><\/div><div class=\"fusion-layout-column fusion_builder_column_inner fusion-builder-nested-column-18 fusion_builder_column_inner_1_2 1_2 fusion-flex-column\" style=\"--awb-padding-left-small:19px;--awb-bg-size:cover;--awb-width-large:50%;--awb-margin-top-large:0px;--awb-spacing-right-large:3.84%;--awb-margin-bottom-large:0px;--awb-spacing-left-large:3.84%;--awb-width-medium:50%;--awb-order-medium:0;--awb-spacing-right-medium:3.84%;--awb-spacing-left-medium:3.84%;--awb-width-small:100%;--awb-order-small:0;--awb-spacing-right-small:1.92%;--awb-spacing-left-small:1.92%;\"><div class=\"fusion-column-wrapper fusion-column-has-shadow fusion-flex-justify-content-flex-start fusion-content-layout-column\"><div class=\"fusion-text fusion-text-29\"><h2 class=\"fusion-responsive-typography-calculated\" style=\"--fontsize: 26; line-height: 1.2;\" data-fontsize=\"26\" data-lineheight=\"31.2px\"><strong style=\"font-size: 14px; background-color: rgba(0, 0, 0, 0);\">19.00-20.00 | <a role=\"link\" href=\"https:\/\/nockultury.pl\/pl\/events\/tu-twoje-radio-muzyczna-historia-lublina-ale-muzyka-studio\/\">Tu Twoje radio &#8211; muzyczna historia Lublina, kt\u00f3ra \u0142\u0105czy ludzi. &#8211; Ale muzyka! Studio<\/a><\/strong><\/h2>\n<p><strong>20.00-21.00 | <a role=\"link\" href=\"https:\/\/nockultury.pl\/pl\/events\/akustyczny-zakatek-scena-na-dziedzincu-archiwum-panstwowego-cycle-of-culture-koncert\/\">Koncert zespo\u0142u Cycle of Culture<\/a><\/strong><br \/>\n<strong><br \/>\n21.00-22.00 | <a role=\"link\" href=\"https:\/\/nockultury.pl\/pl\/events\/koncert-pt-pamietajcie-o-ogrodach-stowarzyszenie-choralne-continuum\/\">Pami\u0119tajcie o ogrodach &#8211; Stowarzyszenie Ch\u00f3ralne &#8222;CONTINUUM&#8221;<\/a><\/strong><br \/>\n<strong><br \/>\n22.00-23.00 | <a role=\"link\" href=\"https:\/\/nockultury.pl\/pl\/events\/karolina-szatkowska-koncert-piosenek-autorskich\/\"> Koncert piosenek autorskich &#8211; Karolina Szatkowska<\/a><\/strong><br \/>\n<strong><br \/>\n23.00-00.00 | <a role=\"link\" href=\"https:\/\/nockultury.pl\/pl\/events\/milewska-julia-michal-czech-akustyczny-koncert\/\">Julia Milewska &amp; Micha\u0142 Czech &#8211; akustyczny koncert<\/a><\/strong><\/p>\n<p><strong style=\"background-color: rgba(0, 0, 0, 0);\">00.00-01.00 | <a role=\"link\" href=\"https:\/\/nockultury.pl\/pl\/events\/magiczne-i-magiczna-noc-boguslaw-byrski\/\">Magiczne i &#8211; magiczna noc &#8211; Byrski \/ Magiczne i<\/a><\/strong><strong><br \/>\n<\/strong><\/p>\n<\/div><\/div><\/div><\/div><div class=\"fusion-slider-sc fusion-flexslider-loading flexslider flexslider-hover-type-none\" data-slideshow_autoplay=\"1\" data-slideshow_smooth_height=\"0\" data-slideshow_speed=\"7000\" style=\"max-width:100%;height:100%;margin-bottom:-2%;\"><ul class=\"slides\"><li class=\"image\"><span class=\"lazyload fusion-image-hover-element hover-type-none\"><img decoding=\"async\" src=\"https:\/\/nockultury.pl\/wp-content\/uploads\/2025\/05\/Karolina_Pietron_15.webp\" data-orig-src=\"https:\/\/nockultury.pl\/wp-content\/uploads\/2025\/05\/Karolina_Pietron_15.webp\" alt=\"Ludzie stoj\u0105 pod scen\u0105 w czasie koncertu.\" width=\"1920\" height=\"1272\" class=\"lazyload wp-image-49134\" srcset=\"data:image\/svg+xml,%3Csvg%20xmlns%3D%27http%3A%2F%2Fwww.w3.org%2F2000%2Fsvg%27%20width%3D%271920%27%20height%3D%271272%27%20viewBox%3D%270%200%201920%201272%27%3E%3Crect%20width%3D%271920%27%20height%3D%271272%27%20fill-opacity%3D%220%22%2F%3E%3C%2Fsvg%3E\" data-srcset=\"https:\/\/nockultury.pl\/wp-content\/uploads\/2025\/05\/Karolina_Pietron_15-200x133.webp 200w, https:\/\/nockultury.pl\/wp-content\/uploads\/2025\/05\/Karolina_Pietron_15-300x199.webp 300w, https:\/\/nockultury.pl\/wp-content\/uploads\/2025\/05\/Karolina_Pietron_15-391x260.webp 391w, https:\/\/nockultury.pl\/wp-content\/uploads\/2025\/05\/Karolina_Pietron_15-400x265.webp 400w, https:\/\/nockultury.pl\/wp-content\/uploads\/2025\/05\/Karolina_Pietron_15-600x398.webp 600w, https:\/\/nockultury.pl\/wp-content\/uploads\/2025\/05\/Karolina_Pietron_15-768x509.webp 768w, https:\/\/nockultury.pl\/wp-content\/uploads\/2025\/05\/Karolina_Pietron_15-800x530.webp 800w, https:\/\/nockultury.pl\/wp-content\/uploads\/2025\/05\/Karolina_Pietron_15-1024x678.webp 1024w, https:\/\/nockultury.pl\/wp-content\/uploads\/2025\/05\/Karolina_Pietron_15-1200x795.webp 1200w, https:\/\/nockultury.pl\/wp-content\/uploads\/2025\/05\/Karolina_Pietron_15-1536x1018.webp 1536w, https:\/\/nockultury.pl\/wp-content\/uploads\/2025\/05\/Karolina_Pietron_15.webp 1920w\" data-sizes=\"auto\" data-orig-sizes=\"(max-width: 640px) 100vw, 1920px\" \/><\/span><\/li><li class=\"image\"><span class=\"lazyload fusion-image-hover-element hover-type-none\"><img decoding=\"async\" src=\"https:\/\/nockultury.pl\/wp-content\/uploads\/2025\/05\/ghghghghg.webp\" data-orig-src=\"https:\/\/nockultury.pl\/wp-content\/uploads\/2025\/05\/ghghghghg.webp\" alt=\"Od lewej wokalistka, a z prawej strony saksofonista.\" width=\"1920\" height=\"1282\" class=\"lazyload wp-image-49142\" srcset=\"data:image\/svg+xml,%3Csvg%20xmlns%3D%27http%3A%2F%2Fwww.w3.org%2F2000%2Fsvg%27%20width%3D%271920%27%20height%3D%271282%27%20viewBox%3D%270%200%201920%201282%27%3E%3Crect%20width%3D%271920%27%20height%3D%271282%27%20fill-opacity%3D%220%22%2F%3E%3C%2Fsvg%3E\" data-srcset=\"https:\/\/nockultury.pl\/wp-content\/uploads\/2025\/05\/ghghghghg-200x134.webp 200w, https:\/\/nockultury.pl\/wp-content\/uploads\/2025\/05\/ghghghghg-300x200.webp 300w, https:\/\/nockultury.pl\/wp-content\/uploads\/2025\/05\/ghghghghg-391x260.webp 391w, https:\/\/nockultury.pl\/wp-content\/uploads\/2025\/05\/ghghghghg-400x267.webp 400w, https:\/\/nockultury.pl\/wp-content\/uploads\/2025\/05\/ghghghghg-600x401.webp 600w, https:\/\/nockultury.pl\/wp-content\/uploads\/2025\/05\/ghghghghg-768x513.webp 768w, https:\/\/nockultury.pl\/wp-content\/uploads\/2025\/05\/ghghghghg-800x534.webp 800w, https:\/\/nockultury.pl\/wp-content\/uploads\/2025\/05\/ghghghghg-1024x684.webp 1024w, https:\/\/nockultury.pl\/wp-content\/uploads\/2025\/05\/ghghghghg-1200x801.webp 1200w, https:\/\/nockultury.pl\/wp-content\/uploads\/2025\/05\/ghghghghg-1536x1026.webp 1536w, https:\/\/nockultury.pl\/wp-content\/uploads\/2025\/05\/ghghghghg.webp 1920w\" data-sizes=\"auto\" data-orig-sizes=\"(max-width: 640px) 100vw, 1920px\" \/><\/span><\/li><li class=\"image\"><span class=\"lazyload fusion-image-hover-element hover-type-none\"><img decoding=\"async\" src=\"https:\/\/nockultury.pl\/wp-content\/uploads\/2025\/05\/Magdalena-Wojtas-Noc-Kultury-2024-206.webp\" data-orig-src=\"https:\/\/nockultury.pl\/wp-content\/uploads\/2025\/05\/Magdalena-Wojtas-Noc-Kultury-2024-206.webp\" alt=\"Koncert w Zau\u0142ku Hartwig\u00f3w.\" width=\"1920\" height=\"1280\" class=\"lazyload wp-image-49140\" srcset=\"data:image\/svg+xml,%3Csvg%20xmlns%3D%27http%3A%2F%2Fwww.w3.org%2F2000%2Fsvg%27%20width%3D%271920%27%20height%3D%271280%27%20viewBox%3D%270%200%201920%201280%27%3E%3Crect%20width%3D%271920%27%20height%3D%271280%27%20fill-opacity%3D%220%22%2F%3E%3C%2Fsvg%3E\" data-srcset=\"https:\/\/nockultury.pl\/wp-content\/uploads\/2025\/05\/Magdalena-Wojtas-Noc-Kultury-2024-206-200x133.webp 200w, https:\/\/nockultury.pl\/wp-content\/uploads\/2025\/05\/Magdalena-Wojtas-Noc-Kultury-2024-206-300x200.webp 300w, https:\/\/nockultury.pl\/wp-content\/uploads\/2025\/05\/Magdalena-Wojtas-Noc-Kultury-2024-206-391x260.webp 391w, https:\/\/nockultury.pl\/wp-content\/uploads\/2025\/05\/Magdalena-Wojtas-Noc-Kultury-2024-206-400x267.webp 400w, https:\/\/nockultury.pl\/wp-content\/uploads\/2025\/05\/Magdalena-Wojtas-Noc-Kultury-2024-206-600x400.webp 600w, https:\/\/nockultury.pl\/wp-content\/uploads\/2025\/05\/Magdalena-Wojtas-Noc-Kultury-2024-206-768x512.webp 768w, https:\/\/nockultury.pl\/wp-content\/uploads\/2025\/05\/Magdalena-Wojtas-Noc-Kultury-2024-206-800x533.webp 800w, https:\/\/nockultury.pl\/wp-content\/uploads\/2025\/05\/Magdalena-Wojtas-Noc-Kultury-2024-206-1024x683.webp 1024w, https:\/\/nockultury.pl\/wp-content\/uploads\/2025\/05\/Magdalena-Wojtas-Noc-Kultury-2024-206-1200x800.webp 1200w, https:\/\/nockultury.pl\/wp-content\/uploads\/2025\/05\/Magdalena-Wojtas-Noc-Kultury-2024-206-1536x1024.webp 1536w, https:\/\/nockultury.pl\/wp-content\/uploads\/2025\/05\/Magdalena-Wojtas-Noc-Kultury-2024-206.webp 1920w\" data-sizes=\"auto\" data-orig-sizes=\"(max-width: 640px) 100vw, 1920px\" \/><\/span><\/li><\/ul><\/div><\/div><\/div><\/div><\/div><div class=\"fusion-fullwidth fullwidth-box fusion-builder-row-11 fusion-flex-container has-pattern-background has-mask-background nonhundred-percent-fullwidth non-hundred-percent-height-scrolling fusion-no-medium-visibility fusion-no-large-visibility\" style=\"--awb-border-radius-top-left:0px;--awb-border-radius-top-right:0px;--awb-border-radius-bottom-right:0px;--awb-border-radius-bottom-left:0px;--awb-padding-right:4%;--awb-padding-left:4%;--awb-margin-top:0%;--awb-margin-bottom:0%;--awb-background-color:rgba(255,255,255,0);--awb-flex-wrap:wrap;\" ><div class=\"fusion-builder-row fusion-row fusion-flex-align-items-flex-start fusion-flex-content-wrap\" style=\"max-width:1996.8px;margin-left: calc(-4% \/ 2 );margin-right: calc(-4% \/ 2 );\"><div class=\"fusion-layout-column fusion_builder_column fusion-builder-column-16 fusion_builder_column_1_1 1_1 fusion-flex-column\" style=\"--awb-padding-right:62px;--awb-padding-bottom:5%;--awb-padding-left:87px;--awb-padding-top-small:35px;--awb-padding-right-small:17px;--awb-padding-left-small:0px;--awb-overflow:hidden;--awb-bg-color:rgba(0,0,0,0.75);--awb-bg-color-hover:rgba(0,0,0,0.75);--awb-bg-size:cover;--awb-box-shadow:2px 2px 10px 0px rgba(0,0,0,0.88);;--awb-border-radius:10px 10px 10px 10px;--awb-width-large:100%;--awb-margin-top-large:0px;--awb-spacing-right-large:1.92%;--awb-margin-bottom-large:0px;--awb-spacing-left-large:0%;--awb-width-medium:100%;--awb-spacing-right-medium:1.92%;--awb-spacing-left-medium:0%;--awb-width-small:100%;--awb-margin-top-small:0px;--awb-spacing-right-small:1.92%;--awb-margin-bottom-small:3%;--awb-spacing-left-small:0%;\"><div class=\"fusion-column-wrapper fusion-column-has-shadow fusion-flex-justify-content-flex-start fusion-content-layout-block\"><div class=\"fusion-builder-row fusion-builder-row-inner fusion-row fusion-flex-align-items-flex-start fusion-flex-content-wrap\" style=\"width:104% !important;max-width:104% !important;margin-left: calc(-4% \/ 2 );margin-right: calc(-4% \/ 2 );\"><div class=\"fusion-layout-column fusion_builder_column_inner fusion-builder-nested-column-19 fusion_builder_column_inner_1_2 1_2 fusion-flex-column\" style=\"--awb-padding-left-small:16px;--awb-bg-size:cover;--awb-width-large:50%;--awb-margin-top-large:0px;--awb-spacing-right-large:3.84%;--awb-margin-bottom-large:0px;--awb-spacing-left-large:3.84%;--awb-width-medium:50%;--awb-order-medium:0;--awb-spacing-right-medium:3.84%;--awb-spacing-left-medium:3.84%;--awb-width-small:100%;--awb-order-small:0;--awb-spacing-right-small:1.92%;--awb-spacing-left-small:1.92%;\"><div class=\"fusion-column-wrapper fusion-column-has-shadow fusion-flex-justify-content-flex-start fusion-content-layout-column\"><div class=\"fusion-text fusion-text-30\"><h2>Korzenie i Improwizacje<\/h2>\n<h3>scena przy Ratuszu<\/h3>\n<p><strong>Scena, gdzie tradycja spotyka nowoczesno\u015b\u0107. Folk, jazz i alternatywa przeplataj\u0105 si\u0119 w wykonaniach legend, m\u0142odych talent\u00f3w i autorskich projekt\u00f3w. To wiecz\u00f3r pe\u0142en emocji, improwizacji i muzycznej r\u00f3\u017cnorodno\u015bci.<\/strong><\/p>\n<\/div><\/div><\/div><div class=\"fusion-layout-column fusion_builder_column_inner fusion-builder-nested-column-20 fusion_builder_column_inner_1_2 1_2 fusion-flex-column\" style=\"--awb-padding-left-small:24px;--awb-bg-size:cover;--awb-width-large:50%;--awb-margin-top-large:0px;--awb-spacing-right-large:3.84%;--awb-margin-bottom-large:0px;--awb-spacing-left-large:3.84%;--awb-width-medium:50%;--awb-order-medium:0;--awb-spacing-right-medium:3.84%;--awb-spacing-left-medium:3.84%;--awb-width-small:100%;--awb-order-small:0;--awb-spacing-right-small:1.92%;--awb-spacing-left-small:1.92%;\"><div class=\"fusion-column-wrapper fusion-column-has-shadow fusion-flex-justify-content-flex-start fusion-content-layout-column\"><div class=\"fusion-text fusion-text-31\"><h2 class=\"fusion-responsive-typography-calculated\" style=\"--fontsize: 26; line-height: 1.2;\" data-fontsize=\"26\" data-lineheight=\"31.2px\"><strong style=\"font-size: 14px; background-color: rgba(0, 0, 0, 0);\">19.00-20.00 | <a role=\"link\" href=\"https:\/\/nockultury.pl\/pl\/events\/korzenie-i-improwizacje-scena-przy-ratuszu-orkiestra-sw-mikolaja\/\">Orkiestra \u015aw. Miko\u0142aja<\/a><\/strong><\/h2>\n<p><strong>20.00-21.00 | <a role=\"link\" href=\"https:\/\/nockultury.pl\/pl\/events\/jazz-na-starym-miescie-uczniowie-i-uczennice-lubelskiej-szkoly-jazzu-i-muzyki-rozrywkowej-ii-stopnia\/\">Jazz na Starym Mie\u015bcie &#8211; Lubelska Szko\u0142a Jazzu i Muzyki Rozrywkowej II stopnia<\/a><br \/>\n<\/strong><br \/>\n<strong>21.00-22.00 | <a role=\"link\" href=\"https:\/\/nockultury.pl\/pl\/events\/jazz-noca-koncert-mlodych-wokalistow-w-towarzystwie-trio-jazzowego\/\">Jazz noc\u0105 | Koncert m\u0142odych wokalist\u00f3w w towarzystwie trio jazzowego &#8211; Rytm i Melodia Szko\u0142a Muzyczna<\/a><\/strong><\/p>\n<p><strong>22.00-23.00 | <a role=\"link\" href=\"https:\/\/nockultury.pl\/pl\/events\/koncert-jazzowy-anny-banas\/\">Koncert jazzowy Anny Bana\u015b<\/a><\/strong><\/p>\n<p><strong>23.00-00.00 | <a role=\"link\" href=\"https:\/\/nockultury.pl\/pl\/events\/koncert-zespolu-mohipisian\/\">Koncert zespo\u0142u Mohipisian<\/a><\/strong><\/p>\n<p><strong>00.00-01.00 | <a role=\"link\" href=\"https:\/\/nockultury.pl\/pl\/events\/koncert-zespolu-milion-limonow-2025\/\">koncert zespo\u0142u Milion Limon\u00f3w <\/a><\/strong><\/p>\n<\/div><\/div><\/div><\/div><div class=\"fusion-slider-sc fusion-flexslider-loading flexslider flexslider-hover-type-none\" data-slideshow_autoplay=\"1\" data-slideshow_smooth_height=\"0\" data-slideshow_speed=\"7000\" style=\"max-width:100%;height:100%;margin-bottom:-2%;\"><ul class=\"slides\"><li class=\"image\"><span class=\"lazyload fusion-image-hover-element hover-type-none\"><img decoding=\"async\" src=\"https:\/\/nockultury.pl\/wp-content\/uploads\/2025\/05\/fot.-Alicja-Miekina.webp\" data-orig-src=\"https:\/\/nockultury.pl\/wp-content\/uploads\/2025\/05\/fot.-Alicja-Miekina.webp\" alt=\"M\u0119\u017cczyzna gra na wiolonczeli.\" width=\"1920\" height=\"1275\" class=\"lazyload wp-image-49124\" srcset=\"data:image\/svg+xml,%3Csvg%20xmlns%3D%27http%3A%2F%2Fwww.w3.org%2F2000%2Fsvg%27%20width%3D%271920%27%20height%3D%271275%27%20viewBox%3D%270%200%201920%201275%27%3E%3Crect%20width%3D%271920%27%20height%3D%271275%27%20fill-opacity%3D%220%22%2F%3E%3C%2Fsvg%3E\" data-srcset=\"https:\/\/nockultury.pl\/wp-content\/uploads\/2025\/05\/fot.-Alicja-Miekina-200x133.webp 200w, https:\/\/nockultury.pl\/wp-content\/uploads\/2025\/05\/fot.-Alicja-Miekina-300x199.webp 300w, https:\/\/nockultury.pl\/wp-content\/uploads\/2025\/05\/fot.-Alicja-Miekina-391x260.webp 391w, https:\/\/nockultury.pl\/wp-content\/uploads\/2025\/05\/fot.-Alicja-Miekina-400x266.webp 400w, https:\/\/nockultury.pl\/wp-content\/uploads\/2025\/05\/fot.-Alicja-Miekina-600x398.webp 600w, https:\/\/nockultury.pl\/wp-content\/uploads\/2025\/05\/fot.-Alicja-Miekina-768x510.webp 768w, https:\/\/nockultury.pl\/wp-content\/uploads\/2025\/05\/fot.-Alicja-Miekina-800x531.webp 800w, https:\/\/nockultury.pl\/wp-content\/uploads\/2025\/05\/fot.-Alicja-Miekina-1024x680.webp 1024w, https:\/\/nockultury.pl\/wp-content\/uploads\/2025\/05\/fot.-Alicja-Miekina-1200x797.webp 1200w, https:\/\/nockultury.pl\/wp-content\/uploads\/2025\/05\/fot.-Alicja-Miekina-1536x1020.webp 1536w, https:\/\/nockultury.pl\/wp-content\/uploads\/2025\/05\/fot.-Alicja-Miekina.webp 1920w\" data-sizes=\"auto\" data-orig-sizes=\"(max-width: 640px) 100vw, 1920px\" \/><\/span><\/li><li class=\"image\"><span class=\"lazyload fusion-image-hover-element hover-type-none\"><img decoding=\"async\" src=\"https:\/\/nockultury.pl\/wp-content\/uploads\/2025\/05\/fot.-Katarzyna-Anna-Kubiak-2.webp\" data-orig-src=\"https:\/\/nockultury.pl\/wp-content\/uploads\/2025\/05\/fot.-Katarzyna-Anna-Kubiak-2.webp\" alt=\"Na scenie akordeonista i skrzypaczka.\" width=\"1920\" height=\"1282\" class=\"lazyload wp-image-49126\" srcset=\"data:image\/svg+xml,%3Csvg%20xmlns%3D%27http%3A%2F%2Fwww.w3.org%2F2000%2Fsvg%27%20width%3D%271920%27%20height%3D%271282%27%20viewBox%3D%270%200%201920%201282%27%3E%3Crect%20width%3D%271920%27%20height%3D%271282%27%20fill-opacity%3D%220%22%2F%3E%3C%2Fsvg%3E\" data-srcset=\"https:\/\/nockultury.pl\/wp-content\/uploads\/2025\/05\/fot.-Katarzyna-Anna-Kubiak-2-200x134.webp 200w, https:\/\/nockultury.pl\/wp-content\/uploads\/2025\/05\/fot.-Katarzyna-Anna-Kubiak-2-300x200.webp 300w, https:\/\/nockultury.pl\/wp-content\/uploads\/2025\/05\/fot.-Katarzyna-Anna-Kubiak-2-391x260.webp 391w, https:\/\/nockultury.pl\/wp-content\/uploads\/2025\/05\/fot.-Katarzyna-Anna-Kubiak-2-400x267.webp 400w, https:\/\/nockultury.pl\/wp-content\/uploads\/2025\/05\/fot.-Katarzyna-Anna-Kubiak-2-600x401.webp 600w, https:\/\/nockultury.pl\/wp-content\/uploads\/2025\/05\/fot.-Katarzyna-Anna-Kubiak-2-768x513.webp 768w, https:\/\/nockultury.pl\/wp-content\/uploads\/2025\/05\/fot.-Katarzyna-Anna-Kubiak-2-800x534.webp 800w, https:\/\/nockultury.pl\/wp-content\/uploads\/2025\/05\/fot.-Katarzyna-Anna-Kubiak-2-1024x684.webp 1024w, https:\/\/nockultury.pl\/wp-content\/uploads\/2025\/05\/fot.-Katarzyna-Anna-Kubiak-2-1200x801.webp 1200w, https:\/\/nockultury.pl\/wp-content\/uploads\/2025\/05\/fot.-Katarzyna-Anna-Kubiak-2-1536x1026.webp 1536w, https:\/\/nockultury.pl\/wp-content\/uploads\/2025\/05\/fot.-Katarzyna-Anna-Kubiak-2.webp 1920w\" data-sizes=\"auto\" data-orig-sizes=\"(max-width: 640px) 100vw, 1920px\" \/><\/span><\/li><\/ul><\/div><\/div><\/div><\/div><\/div><div class=\"fusion-fullwidth fullwidth-box fusion-builder-row-12 fusion-flex-container has-pattern-background has-mask-background nonhundred-percent-fullwidth non-hundred-percent-height-scrolling fusion-no-medium-visibility fusion-no-large-visibility\" style=\"--awb-border-radius-top-left:0px;--awb-border-radius-top-right:0px;--awb-border-radius-bottom-right:0px;--awb-border-radius-bottom-left:0px;--awb-padding-right:4%;--awb-padding-left:4%;--awb-margin-top:2%;--awb-margin-bottom:2%;--awb-background-color:rgba(255,255,255,0);--awb-flex-wrap:wrap;\" ><div class=\"fusion-builder-row fusion-row fusion-flex-align-items-flex-start fusion-flex-content-wrap\" style=\"max-width:1996.8px;margin-left: calc(-4% \/ 2 );margin-right: calc(-4% \/ 2 );\"><div class=\"fusion-layout-column fusion_builder_column fusion-builder-column-17 fusion_builder_column_1_1 1_1 fusion-flex-column\" style=\"--awb-padding-right:62px;--awb-padding-bottom:5%;--awb-padding-left:87px;--awb-padding-right-small:22px;--awb-padding-left-small:21px;--awb-overflow:hidden;--awb-bg-color:rgba(0,0,0,0.75);--awb-bg-color-hover:rgba(0,0,0,0.75);--awb-bg-size:cover;--awb-box-shadow:2px 2px 10px 0px rgba(0,0,0,0.88);;--awb-border-radius:10px 10px 10px 10px;--awb-width-large:100%;--awb-margin-top-large:0px;--awb-spacing-right-large:1.92%;--awb-margin-bottom-large:0px;--awb-spacing-left-large:0%;--awb-width-medium:100%;--awb-spacing-right-medium:1.92%;--awb-spacing-left-medium:0%;--awb-width-small:100%;--awb-spacing-right-small:1.92%;--awb-margin-bottom-small:3%;--awb-spacing-left-small:1.92%;\"><div class=\"fusion-column-wrapper fusion-column-has-shadow fusion-flex-justify-content-flex-start fusion-content-layout-block\"><div class=\"fusion-text fusion-text-32\"><h2>Scena na Zamku&nbsp;<\/h2>\n<h3>scena na dziedzi\u0144cu Zamku Lubelskiego<\/h3>\n<p><strong>Tu klasyka spotyka widowisko. Wiecz\u00f3r otworzy gala muzyki filmowej i rozrywkowej w wykonaniu Orkiestry Stra\u017cy Granicznej. P\u00f3\u017aniej dziedziniec zamieni si\u0119 w przestrze\u0144 podniebnych akrobacji \u2013 spektakularne pokazy Strefy Wysokich Lot\u00f3w po\u0142\u0105cz\u0105 taniec, ruch i sztuk\u0119 w powietrzu.<\/strong><\/p>\n<\/div><div class=\"fusion-text fusion-text-33\"><p><strong>19.30-21.00&nbsp; |<a href=\"https:\/\/nockultury.pl\/pl\/events\/gala-muzyki-filmowej-i-rozrywkowej-koncert-orkiestry-reprezentacyjnej-strazy-granicznej\/\"> Gala muzyki filmowej i rozrywkowej &#8211; Orkiestra Reprezentacyjna Stra\u017cy Granicznej<\/a><br \/><\/strong><br \/><strong>21.30-01.00&nbsp; | <a href=\"https:\/\/nockultury.pl\/pl\/events\/scena-na-zamku-strefa-wysokich-lotow-na-nocy-kultury-w-lublinie\/\">Strefa Wysokich Lot\u00f3w na Nocy Kultury w Lublinie!<\/a><\/strong><\/p>\n<\/div><div class=\"fusion-slider-sc fusion-flexslider-loading flexslider flexslider-hover-type-none\" data-slideshow_autoplay=\"1\" data-slideshow_smooth_height=\"0\" data-slideshow_speed=\"7000\" style=\"max-width:100%;height:100%;margin-bottom:-2%;\"><ul class=\"slides\"><li class=\"image\"><span class=\"lazyload fusion-image-hover-element hover-type-none\"><img decoding=\"async\" src=\"https:\/\/nockultury.pl\/wp-content\/uploads\/2025\/05\/fot.-Katarzyna-Anna-Kubiak-38-1.webp\" data-orig-src=\"https:\/\/nockultury.pl\/wp-content\/uploads\/2025\/05\/fot.-Katarzyna-Anna-Kubiak-38-1.webp\" alt=\"Dziewczyna ta\u0144czy na szarfie.\" width=\"1920\" height=\"1282\" class=\"lazyload wp-image-49116\" srcset=\"data:image\/svg+xml,%3Csvg%20xmlns%3D%27http%3A%2F%2Fwww.w3.org%2F2000%2Fsvg%27%20width%3D%271920%27%20height%3D%271282%27%20viewBox%3D%270%200%201920%201282%27%3E%3Crect%20width%3D%271920%27%20height%3D%271282%27%20fill-opacity%3D%220%22%2F%3E%3C%2Fsvg%3E\" data-srcset=\"https:\/\/nockultury.pl\/wp-content\/uploads\/2025\/05\/fot.-Katarzyna-Anna-Kubiak-38-1-200x134.webp 200w, https:\/\/nockultury.pl\/wp-content\/uploads\/2025\/05\/fot.-Katarzyna-Anna-Kubiak-38-1-300x200.webp 300w, https:\/\/nockultury.pl\/wp-content\/uploads\/2025\/05\/fot.-Katarzyna-Anna-Kubiak-38-1-391x260.webp 391w, https:\/\/nockultury.pl\/wp-content\/uploads\/2025\/05\/fot.-Katarzyna-Anna-Kubiak-38-1-400x267.webp 400w, https:\/\/nockultury.pl\/wp-content\/uploads\/2025\/05\/fot.-Katarzyna-Anna-Kubiak-38-1-600x401.webp 600w, https:\/\/nockultury.pl\/wp-content\/uploads\/2025\/05\/fot.-Katarzyna-Anna-Kubiak-38-1-768x513.webp 768w, https:\/\/nockultury.pl\/wp-content\/uploads\/2025\/05\/fot.-Katarzyna-Anna-Kubiak-38-1-800x534.webp 800w, https:\/\/nockultury.pl\/wp-content\/uploads\/2025\/05\/fot.-Katarzyna-Anna-Kubiak-38-1-1024x684.webp 1024w, https:\/\/nockultury.pl\/wp-content\/uploads\/2025\/05\/fot.-Katarzyna-Anna-Kubiak-38-1-1200x801.webp 1200w, https:\/\/nockultury.pl\/wp-content\/uploads\/2025\/05\/fot.-Katarzyna-Anna-Kubiak-38-1-1536x1026.webp 1536w, https:\/\/nockultury.pl\/wp-content\/uploads\/2025\/05\/fot.-Katarzyna-Anna-Kubiak-38-1.webp 1920w\" data-sizes=\"auto\" data-orig-sizes=\"(max-width: 640px) 100vw, 1920px\" \/><\/span><\/li><li class=\"image\"><span class=\"lazyload fusion-image-hover-element hover-type-none\"><img decoding=\"async\" src=\"https:\/\/nockultury.pl\/wp-content\/uploads\/2025\/05\/fot.-Katarzyna-Anna-Kubiak-26.webp\" data-orig-src=\"https:\/\/nockultury.pl\/wp-content\/uploads\/2025\/05\/fot.-Katarzyna-Anna-Kubiak-26.webp\" alt=\"Ca\u0142a grupa kobiet ta\u0144czy na szarfach.\" width=\"1920\" height=\"1282\" class=\"lazyload wp-image-49114\" srcset=\"data:image\/svg+xml,%3Csvg%20xmlns%3D%27http%3A%2F%2Fwww.w3.org%2F2000%2Fsvg%27%20width%3D%271920%27%20height%3D%271282%27%20viewBox%3D%270%200%201920%201282%27%3E%3Crect%20width%3D%271920%27%20height%3D%271282%27%20fill-opacity%3D%220%22%2F%3E%3C%2Fsvg%3E\" data-srcset=\"https:\/\/nockultury.pl\/wp-content\/uploads\/2025\/05\/fot.-Katarzyna-Anna-Kubiak-26-200x134.webp 200w, https:\/\/nockultury.pl\/wp-content\/uploads\/2025\/05\/fot.-Katarzyna-Anna-Kubiak-26-300x200.webp 300w, https:\/\/nockultury.pl\/wp-content\/uploads\/2025\/05\/fot.-Katarzyna-Anna-Kubiak-26-391x260.webp 391w, https:\/\/nockultury.pl\/wp-content\/uploads\/2025\/05\/fot.-Katarzyna-Anna-Kubiak-26-400x267.webp 400w, https:\/\/nockultury.pl\/wp-content\/uploads\/2025\/05\/fot.-Katarzyna-Anna-Kubiak-26-600x401.webp 600w, https:\/\/nockultury.pl\/wp-content\/uploads\/2025\/05\/fot.-Katarzyna-Anna-Kubiak-26-768x513.webp 768w, https:\/\/nockultury.pl\/wp-content\/uploads\/2025\/05\/fot.-Katarzyna-Anna-Kubiak-26-800x534.webp 800w, https:\/\/nockultury.pl\/wp-content\/uploads\/2025\/05\/fot.-Katarzyna-Anna-Kubiak-26-1024x684.webp 1024w, https:\/\/nockultury.pl\/wp-content\/uploads\/2025\/05\/fot.-Katarzyna-Anna-Kubiak-26-1200x801.webp 1200w, https:\/\/nockultury.pl\/wp-content\/uploads\/2025\/05\/fot.-Katarzyna-Anna-Kubiak-26-1536x1026.webp 1536w, https:\/\/nockultury.pl\/wp-content\/uploads\/2025\/05\/fot.-Katarzyna-Anna-Kubiak-26.webp 1920w\" data-sizes=\"auto\" data-orig-sizes=\"(max-width: 640px) 100vw, 1920px\" \/><\/span><\/li><li class=\"image\"><span class=\"lazyload fusion-image-hover-element hover-type-none\"><img decoding=\"async\" src=\"https:\/\/nockultury.pl\/wp-content\/uploads\/2025\/05\/Aleksandra-Woch-m31.webp\" data-orig-src=\"https:\/\/nockultury.pl\/wp-content\/uploads\/2025\/05\/Aleksandra-Woch-m31.webp\" alt=\"Dziewczyna ta\u0144czy na szarfach.\" width=\"1920\" height=\"1280\" class=\"lazyload wp-image-49130\" srcset=\"data:image\/svg+xml,%3Csvg%20xmlns%3D%27http%3A%2F%2Fwww.w3.org%2F2000%2Fsvg%27%20width%3D%271920%27%20height%3D%271280%27%20viewBox%3D%270%200%201920%201280%27%3E%3Crect%20width%3D%271920%27%20height%3D%271280%27%20fill-opacity%3D%220%22%2F%3E%3C%2Fsvg%3E\" data-srcset=\"https:\/\/nockultury.pl\/wp-content\/uploads\/2025\/05\/Aleksandra-Woch-m31-200x133.webp 200w, https:\/\/nockultury.pl\/wp-content\/uploads\/2025\/05\/Aleksandra-Woch-m31-300x200.webp 300w, https:\/\/nockultury.pl\/wp-content\/uploads\/2025\/05\/Aleksandra-Woch-m31-391x260.webp 391w, https:\/\/nockultury.pl\/wp-content\/uploads\/2025\/05\/Aleksandra-Woch-m31-400x267.webp 400w, https:\/\/nockultury.pl\/wp-content\/uploads\/2025\/05\/Aleksandra-Woch-m31-600x400.webp 600w, https:\/\/nockultury.pl\/wp-content\/uploads\/2025\/05\/Aleksandra-Woch-m31-768x512.webp 768w, https:\/\/nockultury.pl\/wp-content\/uploads\/2025\/05\/Aleksandra-Woch-m31-800x533.webp 800w, https:\/\/nockultury.pl\/wp-content\/uploads\/2025\/05\/Aleksandra-Woch-m31-1024x683.webp 1024w, https:\/\/nockultury.pl\/wp-content\/uploads\/2025\/05\/Aleksandra-Woch-m31-1200x800.webp 1200w, https:\/\/nockultury.pl\/wp-content\/uploads\/2025\/05\/Aleksandra-Woch-m31-1536x1024.webp 1536w, https:\/\/nockultury.pl\/wp-content\/uploads\/2025\/05\/Aleksandra-Woch-m31.webp 1920w\" data-sizes=\"auto\" data-orig-sizes=\"(max-width: 640px) 100vw, 1920px\" \/><\/span><\/li><\/ul><\/div><\/div><\/div><\/div><\/div><div class=\"fusion-fullwidth fullwidth-box fusion-builder-row-13 fusion-flex-container has-pattern-background has-mask-background nonhundred-percent-fullwidth non-hundred-percent-height-scrolling fusion-no-medium-visibility fusion-no-large-visibility\" style=\"--awb-border-radius-top-left:0px;--awb-border-radius-top-right:0px;--awb-border-radius-bottom-right:0px;--awb-border-radius-bottom-left:0px;--awb-padding-right:4%;--awb-padding-left:4%;--awb-padding-top-small:0px;--awb-margin-top:2%;--awb-margin-bottom:3%;--awb-margin-top-small:0px;--awb-background-color:rgba(255,255,255,0);--awb-flex-wrap:wrap;\" ><div class=\"fusion-builder-row fusion-row fusion-flex-align-items-flex-start fusion-flex-content-wrap\" style=\"max-width:1996.8px;margin-left: calc(-4% \/ 2 );margin-right: calc(-4% \/ 2 );\"><div class=\"fusion-layout-column fusion_builder_column fusion-builder-column-18 fusion_builder_column_1_1 1_1 fusion-flex-column\" style=\"--awb-padding-right:62px;--awb-padding-bottom:5%;--awb-padding-left:87px;--awb-padding-right-small:11px;--awb-padding-bottom-small:0px;--awb-padding-left-small:0px;--awb-overflow:hidden;--awb-bg-color:rgba(0,0,0,0.75);--awb-bg-color-hover:rgba(0,0,0,0.75);--awb-bg-size:cover;--awb-box-shadow:2px 2px 10px 0px rgba(0,0,0,0.88);;--awb-border-radius:10px 10px 10px 10px;--awb-width-large:100%;--awb-margin-top-large:0px;--awb-spacing-right-large:1.92%;--awb-margin-bottom-large:0px;--awb-spacing-left-large:0%;--awb-width-medium:100%;--awb-spacing-right-medium:1.92%;--awb-spacing-left-medium:0%;--awb-width-small:100%;--awb-spacing-right-small:1.92%;--awb-margin-bottom-small:0%;--awb-spacing-left-small:1.92%;\"><div class=\"fusion-column-wrapper fusion-column-has-shadow fusion-flex-justify-content-flex-start fusion-content-layout-block\"><div class=\"fusion-text fusion-text-34\" style=\"--awb-margin-left:2%;\"><h2>Scena Rapu<\/h2>\n<\/div><div class=\"fusion-text fusion-text-35\" style=\"--awb-margin-right:2%;--awb-margin-left:2%;\"><p><strong>ZSE im. A. i J. Vetter\u00f3w w Lublinie, ul. \u017bmigr\u00f3d 10 (boisko)<\/strong><\/p>\n<p>Nieod\u0142\u0105cznym elementem Nocy Kultury sta\u0142a si\u0119 ju\u017c Scena Rapowa. Podobnie jak przed rokiem, stanie ona na boisku za Zespo\u0142em Szk\u00f3\u0142 Ekonomicznych im. A. i J. Vetter\u00f3w przy ul. \u017bmigr\u00f3d 10. Koncertow\u0105 noc otworz\u0105 m\u0142odzi raperzy \u2013 zwyci\u0119zcy konkursu og\u0142oszonego przez Warsztaty Kultury. Ich obecno\u015b\u0107 na Nocy Kultury 2025 mo\u017ce sta\u0107 si\u0119 punktem zwrotnym w ich karierze. Dla wi\u0119kszo\u015bci z nich b\u0119dzie to pierwszy wyst\u0119p przed tak du\u017c\u0105 publiczno\u015bci\u0105.<\/p>\n<p>Wyst\u0105pi\u0105: <strong>Szerry, Julox, Aszur, MZM, Bambus oraz Jan Maci\u0105g z Arturem Kopciowskim<\/strong> \u2013 gitara elektryczna, Jordanem Wilkiem \u2013 bas oraz Jacobem Blanchardem \u2013 perkusja. M\u0142odzi raperzy zaprezentuj\u0105 sw\u00f3j autorski materia\u0142. Go\u015bcinnie pojawi si\u0119 Wlazix, m\u0142oda raperka, finalistka dw\u00f3ch poprzednich edycji konkursu. Podczas koncertu m\u0142odzi arty\u015bci otrzymaj\u0105 te\u017c wyr\u00f3\u017cnienia przyznane przez \u0141on\u0119, Juniora Stressa, Wi\u015bni\u0119 Bakajoko oraz Zeten\u0119. Po nich na scenie zaprezentuj\u0105 si\u0119 r\u00f3wnie\u017c JoBee, Wi\u015bnia Bakajoko oraz gwiazda wieczoru: O.S.T.R. Na fina\u0142 zaplanowano z kolei live act\/set producenta Zeteny oraz beatmakera i DJ-a Cut-aheada, reprezentant\u00f3w SNR Crew. Zaprezentuj\u0105 oni instrumentalne wersje znanych produkcji oraz \u015bwie\u017ce bity okraszone cutami i skreczami. Tego wieczoru mo\u017cna si\u0119 wi\u0119c spodziewa\u0107 t\u0142ustego boom bapu i mi\u0119sistego brzmienia oldschoolowego duetu.<\/p>\n<p><strong>LINE-UP<\/strong><\/p>\n<p>19.30-21.00 &#8211; M\u0142ody Rap<br \/>\n21.00-21.30 &#8211; Jobee Project<br \/>\n21.30-22.30 &#8211; Wi\u015bnia Bakajoko<br \/>\n22.30-23.30 &#8211; O.S.T.R.<br \/>\n23.30-00.30 &#8211; live act\/set producenta Zeteny oraz beatmakera i dj\u2019a Cut-aheada&#8221;<\/p>\n<\/div><div class=\"fusion-slider-sc fusion-flexslider-loading flexslider flexslider-hover-type-none\" data-slideshow_autoplay=\"1\" data-slideshow_smooth_height=\"0\" data-slideshow_speed=\"7000\" style=\"max-width:100%;height:100%;margin-bottom:-2%;\"><ul class=\"slides\"><li class=\"image\"><span class=\"lazyload fusion-image-hover-element hover-type-none\"><img decoding=\"async\" src=\"https:\/\/nockultury.pl\/wp-content\/uploads\/2025\/05\/Amelia-Nanowska_100dpi-19.webp\" data-orig-src=\"https:\/\/nockultury.pl\/wp-content\/uploads\/2025\/05\/Amelia-Nanowska_100dpi-19.webp\" alt=\"Dw\u00f3ch raper\u00f3w na scenie.\" width=\"1920\" height=\"1280\" class=\"lazyload wp-image-49118\" srcset=\"data:image\/svg+xml,%3Csvg%20xmlns%3D%27http%3A%2F%2Fwww.w3.org%2F2000%2Fsvg%27%20width%3D%271920%27%20height%3D%271280%27%20viewBox%3D%270%200%201920%201280%27%3E%3Crect%20width%3D%271920%27%20height%3D%271280%27%20fill-opacity%3D%220%22%2F%3E%3C%2Fsvg%3E\" data-srcset=\"https:\/\/nockultury.pl\/wp-content\/uploads\/2025\/05\/Amelia-Nanowska_100dpi-19-200x133.webp 200w, https:\/\/nockultury.pl\/wp-content\/uploads\/2025\/05\/Amelia-Nanowska_100dpi-19-300x200.webp 300w, https:\/\/nockultury.pl\/wp-content\/uploads\/2025\/05\/Amelia-Nanowska_100dpi-19-391x260.webp 391w, https:\/\/nockultury.pl\/wp-content\/uploads\/2025\/05\/Amelia-Nanowska_100dpi-19-400x267.webp 400w, https:\/\/nockultury.pl\/wp-content\/uploads\/2025\/05\/Amelia-Nanowska_100dpi-19-600x400.webp 600w, https:\/\/nockultury.pl\/wp-content\/uploads\/2025\/05\/Amelia-Nanowska_100dpi-19-768x512.webp 768w, https:\/\/nockultury.pl\/wp-content\/uploads\/2025\/05\/Amelia-Nanowska_100dpi-19-800x533.webp 800w, https:\/\/nockultury.pl\/wp-content\/uploads\/2025\/05\/Amelia-Nanowska_100dpi-19-1024x683.webp 1024w, https:\/\/nockultury.pl\/wp-content\/uploads\/2025\/05\/Amelia-Nanowska_100dpi-19-1200x800.webp 1200w, https:\/\/nockultury.pl\/wp-content\/uploads\/2025\/05\/Amelia-Nanowska_100dpi-19-1536x1024.webp 1536w, https:\/\/nockultury.pl\/wp-content\/uploads\/2025\/05\/Amelia-Nanowska_100dpi-19.webp 1920w\" data-sizes=\"auto\" data-orig-sizes=\"(max-width: 640px) 100vw, 1920px\" \/><\/span><\/li><li class=\"image\"><span class=\"lazyload fusion-image-hover-element hover-type-none\"><img decoding=\"async\" src=\"https:\/\/nockultury.pl\/wp-content\/uploads\/2025\/05\/Sylwia-Prus-11.webp\" data-orig-src=\"https:\/\/nockultury.pl\/wp-content\/uploads\/2025\/05\/Sylwia-Prus-11.webp\" alt=\"M\u0142ody ch\u0142opak biega po scenie i zabawia publiczno\u015b\u0107.\" width=\"1920\" height=\"1280\" class=\"lazyload wp-image-49085\" srcset=\"data:image\/svg+xml,%3Csvg%20xmlns%3D%27http%3A%2F%2Fwww.w3.org%2F2000%2Fsvg%27%20width%3D%271920%27%20height%3D%271280%27%20viewBox%3D%270%200%201920%201280%27%3E%3Crect%20width%3D%271920%27%20height%3D%271280%27%20fill-opacity%3D%220%22%2F%3E%3C%2Fsvg%3E\" data-srcset=\"https:\/\/nockultury.pl\/wp-content\/uploads\/2025\/05\/Sylwia-Prus-11-200x133.webp 200w, https:\/\/nockultury.pl\/wp-content\/uploads\/2025\/05\/Sylwia-Prus-11-300x200.webp 300w, https:\/\/nockultury.pl\/wp-content\/uploads\/2025\/05\/Sylwia-Prus-11-391x260.webp 391w, https:\/\/nockultury.pl\/wp-content\/uploads\/2025\/05\/Sylwia-Prus-11-400x267.webp 400w, https:\/\/nockultury.pl\/wp-content\/uploads\/2025\/05\/Sylwia-Prus-11-600x400.webp 600w, https:\/\/nockultury.pl\/wp-content\/uploads\/2025\/05\/Sylwia-Prus-11-768x512.webp 768w, https:\/\/nockultury.pl\/wp-content\/uploads\/2025\/05\/Sylwia-Prus-11-800x533.webp 800w, https:\/\/nockultury.pl\/wp-content\/uploads\/2025\/05\/Sylwia-Prus-11-1024x683.webp 1024w, https:\/\/nockultury.pl\/wp-content\/uploads\/2025\/05\/Sylwia-Prus-11-1200x800.webp 1200w, https:\/\/nockultury.pl\/wp-content\/uploads\/2025\/05\/Sylwia-Prus-11-1536x1024.webp 1536w, https:\/\/nockultury.pl\/wp-content\/uploads\/2025\/05\/Sylwia-Prus-11.webp 1920w\" data-sizes=\"auto\" data-orig-sizes=\"(max-width: 640px) 100vw, 1920px\" \/><\/span><\/li><li class=\"image\"><span class=\"lazyload fusion-image-hover-element hover-type-none\"><img decoding=\"async\" src=\"https:\/\/nockultury.pl\/wp-content\/uploads\/2025\/05\/fot.-Mateusz-Hypiak-1.webp\" data-orig-src=\"https:\/\/nockultury.pl\/wp-content\/uploads\/2025\/05\/fot.-Mateusz-Hypiak-1.webp\" alt=\"R\u0119ce uniesione do g\u00f3ry. Ludzie machaj\u0105 i robi\u0105 zdj\u0119cia w czasie koncertu.\" width=\"1920\" height=\"1280\" class=\"lazyload wp-image-49120\" srcset=\"data:image\/svg+xml,%3Csvg%20xmlns%3D%27http%3A%2F%2Fwww.w3.org%2F2000%2Fsvg%27%20width%3D%271920%27%20height%3D%271280%27%20viewBox%3D%270%200%201920%201280%27%3E%3Crect%20width%3D%271920%27%20height%3D%271280%27%20fill-opacity%3D%220%22%2F%3E%3C%2Fsvg%3E\" data-srcset=\"https:\/\/nockultury.pl\/wp-content\/uploads\/2025\/05\/fot.-Mateusz-Hypiak-1-200x133.webp 200w, https:\/\/nockultury.pl\/wp-content\/uploads\/2025\/05\/fot.-Mateusz-Hypiak-1-300x200.webp 300w, https:\/\/nockultury.pl\/wp-content\/uploads\/2025\/05\/fot.-Mateusz-Hypiak-1-391x260.webp 391w, https:\/\/nockultury.pl\/wp-content\/uploads\/2025\/05\/fot.-Mateusz-Hypiak-1-400x267.webp 400w, https:\/\/nockultury.pl\/wp-content\/uploads\/2025\/05\/fot.-Mateusz-Hypiak-1-600x400.webp 600w, https:\/\/nockultury.pl\/wp-content\/uploads\/2025\/05\/fot.-Mateusz-Hypiak-1-768x512.webp 768w, https:\/\/nockultury.pl\/wp-content\/uploads\/2025\/05\/fot.-Mateusz-Hypiak-1-800x533.webp 800w, https:\/\/nockultury.pl\/wp-content\/uploads\/2025\/05\/fot.-Mateusz-Hypiak-1-1024x683.webp 1024w, https:\/\/nockultury.pl\/wp-content\/uploads\/2025\/05\/fot.-Mateusz-Hypiak-1-1200x800.webp 1200w, https:\/\/nockultury.pl\/wp-content\/uploads\/2025\/05\/fot.-Mateusz-Hypiak-1-1536x1024.webp 1536w, https:\/\/nockultury.pl\/wp-content\/uploads\/2025\/05\/fot.-Mateusz-Hypiak-1.webp 1920w\" data-sizes=\"auto\" data-orig-sizes=\"(max-width: 640px) 100vw, 1920px\" \/><\/span><\/li><li class=\"image\"><span class=\"lazyload fusion-image-hover-element hover-type-none\"><img decoding=\"async\" src=\"https:\/\/nockultury.pl\/wp-content\/uploads\/2025\/05\/Sylwia-Prus-1.webp\" data-orig-src=\"https:\/\/nockultury.pl\/wp-content\/uploads\/2025\/05\/Sylwia-Prus-1.webp\" alt=\"Wokalista ma uniesion\u0105 lew\u0105 r\u0119k\u0119 na znak zwyci\u0119stwa.\" width=\"1920\" height=\"1280\" class=\"lazyload wp-image-49122\" srcset=\"data:image\/svg+xml,%3Csvg%20xmlns%3D%27http%3A%2F%2Fwww.w3.org%2F2000%2Fsvg%27%20width%3D%271920%27%20height%3D%271280%27%20viewBox%3D%270%200%201920%201280%27%3E%3Crect%20width%3D%271920%27%20height%3D%271280%27%20fill-opacity%3D%220%22%2F%3E%3C%2Fsvg%3E\" data-srcset=\"https:\/\/nockultury.pl\/wp-content\/uploads\/2025\/05\/Sylwia-Prus-1-200x133.webp 200w, https:\/\/nockultury.pl\/wp-content\/uploads\/2025\/05\/Sylwia-Prus-1-300x200.webp 300w, https:\/\/nockultury.pl\/wp-content\/uploads\/2025\/05\/Sylwia-Prus-1-391x260.webp 391w, https:\/\/nockultury.pl\/wp-content\/uploads\/2025\/05\/Sylwia-Prus-1-400x267.webp 400w, https:\/\/nockultury.pl\/wp-content\/uploads\/2025\/05\/Sylwia-Prus-1-600x400.webp 600w, https:\/\/nockultury.pl\/wp-content\/uploads\/2025\/05\/Sylwia-Prus-1-768x512.webp 768w, https:\/\/nockultury.pl\/wp-content\/uploads\/2025\/05\/Sylwia-Prus-1-800x533.webp 800w, https:\/\/nockultury.pl\/wp-content\/uploads\/2025\/05\/Sylwia-Prus-1-1024x683.webp 1024w, https:\/\/nockultury.pl\/wp-content\/uploads\/2025\/05\/Sylwia-Prus-1-1200x800.webp 1200w, https:\/\/nockultury.pl\/wp-content\/uploads\/2025\/05\/Sylwia-Prus-1-1536x1024.webp 1536w, https:\/\/nockultury.pl\/wp-content\/uploads\/2025\/05\/Sylwia-Prus-1.webp 1920w\" data-sizes=\"auto\" data-orig-sizes=\"(max-width: 640px) 100vw, 1920px\" \/><\/span><\/li><\/ul><\/div><\/div><\/div><\/div><\/div><\/p>\n","protected":false},"excerpt":{"rendered":"","protected":false},"author":8,"featured_media":0,"parent":0,"menu_order":0,"comment_status":"closed","ping_status":"closed","template":"","meta":{"_acf_changed":false,"ngg_post_thumbnail":0,"footnotes":""},"class_list":["post-49070","page","type-page","status-publish","hentry"],"acf":[],"yoast_head":"<!-- This site is optimized with the Yoast SEO plugin v26.1.1 - https:\/\/yoast.com\/wordpress\/plugins\/seo\/ -->\n<title>Sceny Nocy Kultury 2025 - Noc Kultury<\/title>\n<meta name=\"robots\" content=\"index, follow, max-snippet:-1, max-image-preview:large, max-video-preview:-1\" \/>\n<link rel=\"canonical\" href=\"https:\/\/nockultury.pl\/pl\/sceny-nocy-kultury-202\/\" \/>\n<meta property=\"og:locale\" content=\"pl_PL\" \/>\n<meta property=\"og:type\" content=\"article\" \/>\n<meta property=\"og:title\" content=\"Sceny Nocy Kultury 2025 - Noc Kultury\" \/>\n<meta property=\"og:url\" content=\"https:\/\/nockultury.pl\/pl\/sceny-nocy-kultury-202\/\" \/>\n<meta property=\"og:site_name\" content=\"Noc Kultury\" \/>\n<meta property=\"article:publisher\" content=\"https:\/\/www.facebook.com\/NocKultury\/\" \/>\n<meta property=\"article:modified_time\" content=\"2025-05-23T18:42:52+00:00\" \/>\n<meta property=\"og:image\" content=\"https:\/\/nockultury.pl\/wp-content\/uploads\/2026\/04\/666909448_952682540483720_5385792266393922546_n-1.jpg\" \/>\n\t<meta property=\"og:image:width\" content=\"2048\" \/>\n\t<meta property=\"og:image:height\" content=\"1072\" \/>\n\t<meta property=\"og:image:type\" content=\"image\/jpeg\" \/>\n<meta name=\"twitter:card\" content=\"summary_large_image\" \/>\n<meta name=\"twitter:label1\" content=\"Szacowany czas czytania\" \/>\n\t<meta name=\"twitter:data1\" content=\"37 minut\" \/>\n<script type=\"application\/ld+json\" class=\"yoast-schema-graph\">{\"@context\":\"https:\/\/schema.org\",\"@graph\":[{\"@type\":\"WebPage\",\"@id\":\"https:\/\/nockultury.pl\/pl\/sceny-nocy-kultury-202\/\",\"url\":\"https:\/\/nockultury.pl\/pl\/sceny-nocy-kultury-202\/\",\"name\":\"Sceny Nocy Kultury 2025 - Noc Kultury\",\"isPartOf\":{\"@id\":\"https:\/\/nockultury.pl\/pl\/#website\"},\"datePublished\":\"2025-05-23T17:13:36+00:00\",\"dateModified\":\"2025-05-23T18:42:52+00:00\",\"breadcrumb\":{\"@id\":\"https:\/\/nockultury.pl\/pl\/sceny-nocy-kultury-202\/#breadcrumb\"},\"inLanguage\":\"pl-PL\",\"potentialAction\":[{\"@type\":\"ReadAction\",\"target\":[\"https:\/\/nockultury.pl\/pl\/sceny-nocy-kultury-202\/\"]}]},{\"@type\":\"BreadcrumbList\",\"@id\":\"https:\/\/nockultury.pl\/pl\/sceny-nocy-kultury-202\/#breadcrumb\",\"itemListElement\":[{\"@type\":\"ListItem\",\"position\":1,\"name\":\"Strona g\u0142\u00f3wna\",\"item\":\"https:\/\/nockultury.pl\/pl\/\"},{\"@type\":\"ListItem\",\"position\":2,\"name\":\"Sceny Nocy Kultury 2025\"}]},{\"@type\":\"WebSite\",\"@id\":\"https:\/\/nockultury.pl\/pl\/#website\",\"url\":\"https:\/\/nockultury.pl\/pl\/\",\"name\":\"Noc Kultury\",\"description\":\"Lublin, Stare Miasto | wst\u0119p wolny\",\"publisher\":{\"@id\":\"https:\/\/nockultury.pl\/pl\/#organization\"},\"potentialAction\":[{\"@type\":\"SearchAction\",\"target\":{\"@type\":\"EntryPoint\",\"urlTemplate\":\"https:\/\/nockultury.pl\/pl\/?s={search_term_string}\"},\"query-input\":{\"@type\":\"PropertyValueSpecification\",\"valueRequired\":true,\"valueName\":\"search_term_string\"}}],\"inLanguage\":\"pl-PL\"},{\"@type\":\"Organization\",\"@id\":\"https:\/\/nockultury.pl\/pl\/#organization\",\"name\":\"Warsztaty Kultury w Lublinie\",\"url\":\"https:\/\/nockultury.pl\/pl\/\",\"logo\":{\"@type\":\"ImageObject\",\"inLanguage\":\"pl-PL\",\"@id\":\"https:\/\/nockultury.pl\/pl\/#\/schema\/logo\/image\/\",\"url\":\"https:\/\/nockultury.pl\/wp-content\/uploads\/2020\/03\/NOC-KULTURY-LOGO-170.jpg\",\"contentUrl\":\"https:\/\/nockultury.pl\/wp-content\/uploads\/2020\/03\/NOC-KULTURY-LOGO-170.jpg\",\"width\":170,\"height\":79,\"caption\":\"Warsztaty Kultury w Lublinie\"},\"image\":{\"@id\":\"https:\/\/nockultury.pl\/pl\/#\/schema\/logo\/image\/\"},\"sameAs\":[\"https:\/\/www.facebook.com\/NocKultury\/\",\"https:\/\/www.instagram.com\/nockultury\/\",\"https:\/\/www.youtube.com\/@videonockultury\"]}]}<\/script>\n<!-- \/ Yoast SEO plugin. -->","yoast_head_json":{"title":"Sceny Nocy Kultury 2025 - Noc Kultury","robots":{"index":"index","follow":"follow","max-snippet":"max-snippet:-1","max-image-preview":"max-image-preview:large","max-video-preview":"max-video-preview:-1"},"canonical":"https:\/\/nockultury.pl\/pl\/sceny-nocy-kultury-202\/","og_locale":"pl_PL","og_type":"article","og_title":"Sceny Nocy Kultury 2025 - Noc Kultury","og_url":"https:\/\/nockultury.pl\/pl\/sceny-nocy-kultury-202\/","og_site_name":"Noc Kultury","article_publisher":"https:\/\/www.facebook.com\/NocKultury\/","article_modified_time":"2025-05-23T18:42:52+00:00","og_image":[{"width":2048,"height":1072,"url":"https:\/\/nockultury.pl\/wp-content\/uploads\/2026\/04\/666909448_952682540483720_5385792266393922546_n-1.jpg","type":"image\/jpeg"}],"twitter_card":"summary_large_image","twitter_misc":{"Szacowany czas czytania":"37 minut"},"schema":{"@context":"https:\/\/schema.org","@graph":[{"@type":"WebPage","@id":"https:\/\/nockultury.pl\/pl\/sceny-nocy-kultury-202\/","url":"https:\/\/nockultury.pl\/pl\/sceny-nocy-kultury-202\/","name":"Sceny Nocy Kultury 2025 - Noc Kultury","isPartOf":{"@id":"https:\/\/nockultury.pl\/pl\/#website"},"datePublished":"2025-05-23T17:13:36+00:00","dateModified":"2025-05-23T18:42:52+00:00","breadcrumb":{"@id":"https:\/\/nockultury.pl\/pl\/sceny-nocy-kultury-202\/#breadcrumb"},"inLanguage":"pl-PL","potentialAction":[{"@type":"ReadAction","target":["https:\/\/nockultury.pl\/pl\/sceny-nocy-kultury-202\/"]}]},{"@type":"BreadcrumbList","@id":"https:\/\/nockultury.pl\/pl\/sceny-nocy-kultury-202\/#breadcrumb","itemListElement":[{"@type":"ListItem","position":1,"name":"Strona g\u0142\u00f3wna","item":"https:\/\/nockultury.pl\/pl\/"},{"@type":"ListItem","position":2,"name":"Sceny Nocy Kultury 2025"}]},{"@type":"WebSite","@id":"https:\/\/nockultury.pl\/pl\/#website","url":"https:\/\/nockultury.pl\/pl\/","name":"Noc Kultury","description":"Lublin, Stare Miasto | wst\u0119p wolny","publisher":{"@id":"https:\/\/nockultury.pl\/pl\/#organization"},"potentialAction":[{"@type":"SearchAction","target":{"@type":"EntryPoint","urlTemplate":"https:\/\/nockultury.pl\/pl\/?s={search_term_string}"},"query-input":{"@type":"PropertyValueSpecification","valueRequired":true,"valueName":"search_term_string"}}],"inLanguage":"pl-PL"},{"@type":"Organization","@id":"https:\/\/nockultury.pl\/pl\/#organization","name":"Warsztaty Kultury w Lublinie","url":"https:\/\/nockultury.pl\/pl\/","logo":{"@type":"ImageObject","inLanguage":"pl-PL","@id":"https:\/\/nockultury.pl\/pl\/#\/schema\/logo\/image\/","url":"https:\/\/nockultury.pl\/wp-content\/uploads\/2020\/03\/NOC-KULTURY-LOGO-170.jpg","contentUrl":"https:\/\/nockultury.pl\/wp-content\/uploads\/2020\/03\/NOC-KULTURY-LOGO-170.jpg","width":170,"height":79,"caption":"Warsztaty Kultury w Lublinie"},"image":{"@id":"https:\/\/nockultury.pl\/pl\/#\/schema\/logo\/image\/"},"sameAs":["https:\/\/www.facebook.com\/NocKultury\/","https:\/\/www.instagram.com\/nockultury\/","https:\/\/www.youtube.com\/@videonockultury"]}]}},"_links":{"self":[{"href":"https:\/\/nockultury.pl\/pl\/wp-json\/wp\/v2\/pages\/49070","targetHints":{"allow":["GET"]}}],"collection":[{"href":"https:\/\/nockultury.pl\/pl\/wp-json\/wp\/v2\/pages"}],"about":[{"href":"https:\/\/nockultury.pl\/pl\/wp-json\/wp\/v2\/types\/page"}],"author":[{"embeddable":true,"href":"https:\/\/nockultury.pl\/pl\/wp-json\/wp\/v2\/users\/8"}],"replies":[{"embeddable":true,"href":"https:\/\/nockultury.pl\/pl\/wp-json\/wp\/v2\/comments?post=49070"}],"version-history":[{"count":0,"href":"https:\/\/nockultury.pl\/pl\/wp-json\/wp\/v2\/pages\/49070\/revisions"}],"wp:attachment":[{"href":"https:\/\/nockultury.pl\/pl\/wp-json\/wp\/v2\/media?parent=49070"}],"curies":[{"name":"wp","href":"https:\/\/api.w.org\/{rel}","templated":true}]}}